{"id":296,"date":"2024-06-21T16:59:31","date_gmt":"2024-06-21T16:59:31","guid":{"rendered":"https:\/\/rehabilitemoscastellon.es\/?page_id=296"},"modified":"2024-07-03T12:52:39","modified_gmt":"2024-07-03T12:52:39","slug":"accessibilitat","status":"publish","type":"page","link":"https:\/\/rehabilitemoscastellon.es\/index.php\/ca\/accessibilitat\/","title":{"rendered":"Accessibilitat"},"content":{"rendered":"\n<p>L&#8217;objectiu de la web d&#8217;UTE Regeneraci\u00f3 Castell\u00f3 \u00e9s que tots ciutadans puguen navegar per les p\u00e0gines d&#8217;aquest portal sense trobar dificultats d&#8217;acc\u00e9s. Totes les persones siguen com siga la seua edat, discapacitat, caracter\u00edstiques del seu equip&nbsp;<\/p>\n\n\n\n<p>UTE Regeneraci\u00f3 Castell\u00f3 s&#8217;ha comprom\u00e9s a fer accessible el seu lloc web, de conformitat amb el Reial decret 1112\/2018, de 7 de setembre, sobre accessibilitat dels llocs web i aplicacions per a dispositius m\u00f2bils del sector p\u00fablic.&nbsp;<\/p>\n\n\n\n<p>La present declaraci\u00f3 d&#8217;accessibilitat s&#8217;aplica al rehabilitemoscastellon.es&nbsp;<\/p>\n\n\n\n<p><strong>SITUACI\u00d3 DE COMPLIMENT<\/strong>&nbsp;<\/p>\n\n\n\n<p>Aquest lloc web \u00e9s parcialment conforme amb el Reial decret 1112\/2018, de 7 de setembre, a causa de les excepcions i falta de conformitat dels aspectes que s&#8217;indiquen a continuaci\u00f3.&nbsp;<\/p>\n\n\n\n<p><strong>CONTINGUT NO ACCESSIBLE<\/strong>&nbsp;<\/p>\n\n\n\n<p>Estem treballant perqu\u00e8 el portal aconseguisca el m\u00e0xim nivell d&#8217;accessibilitat, per\u00f2 alguns continguts no s\u00f3n encara plenament accessibles per les raons que es recullen a continuaci\u00f3.&nbsp;<\/p>\n\n\n\n<p><strong>A. Falta de conformitat amb el Reial decret 1112\/2018<\/strong>&nbsp;<\/p>\n\n\n\n<p>A causa del gestor de continguts emprat en aquest portal poden sorgir errors en l&#8217;etiquetatge d&#8217;enlla\u00e7os i el processament de les fulles CSS.&nbsp;<\/p>\n\n\n\n<p><strong>B. C\u00e0rrega desproporcionada<\/strong>&nbsp;<\/p>\n\n\n\n<p><strong>No aplica.<\/strong>&nbsp;<\/p>\n\n\n\n<p><strong>C. El contingut no entra dins de l&#8217;\u00e0mbit de la legislaci\u00f3 aplicable<\/strong>&nbsp;<\/p>\n\n\n\n<p>Els mapes de barris i de la Oficina la T\u00e8cnica de Gesti\u00f3 de Rehabilitaci\u00f3 de Barris podrien no ser plenament accessibles, per\u00f2 s&#8217;inclou al costat dels mateixos la informaci\u00f3 essencial de manera accessible.&nbsp;<\/p>\n\n\n\n<p><strong>OBSERVACIONS I DADES DE CONTACTE<\/strong>&nbsp;<\/p>\n\n\n\n<p>Pot realitzar comunicacions sobre requisits d&#8217;accessibilitat (article 10.2.a) del Reial decret 1112\/2018, de 7 de setembre) com, per exemple:&nbsp;<\/p>\n\n\n\n<ul class=\"wp-block-list\">\n<li>Informar sobre qualsevol possible incompliment per part d&#8217;aquest lloc web.\u00a0<\/li>\n<\/ul>\n\n\n\n<ul class=\"wp-block-list\">\n<li>Transmetre altres dificultats d&#8217;acc\u00e9s al contingut.\u00a0<\/li>\n<\/ul>\n\n\n\n<ul class=\"wp-block-list\">\n<li>Formular qualsevol altra consulta o suggeriment de millora relativa a l&#8217;accessibilitat del lloc web.\u00a0<\/li>\n<\/ul>\n\n\n\n<p>A trav\u00e9s de la seg\u00fcent via:&nbsp;<\/p>\n\n\n\n<ul class=\"wp-block-list\">\n<li>Correu electr\u00f2nic: hola@rehabilitemoscastellon.es\u00a0<\/li>\n<\/ul>\n\n\n\n<p><strong>PROCEDIMENT D&#8217;APLICACI\u00d3<\/strong>&nbsp;<\/p>\n\n\n\n<p>Si una vegada realitzada una sol\u00b7licitud d&#8217;informaci\u00f3 accessible o queixa, aquesta haguera sigut desestimada, no s&#8217;estiguera d&#8217;acord amb la decisi\u00f3 adoptada, o la resposta no complira els requisits contemplats en l&#8217;article 12.5 del Reial decret 1112\/2018, la persona interessada podr\u00e0 iniciar una reclamaci\u00f3. Igualment es podr\u00e0 iniciar una reclamaci\u00f3 en el cas que haja transcorregut el termini de vint dies h\u00e0bils sense haver obtingut resposta.&nbsp;<\/p>\n\n\n\n<p>La reclamaci\u00f3 pot ser presentada trav\u00e9s d&#8217;aquest email: hola@rehabilitemoscastellon.es&nbsp;<\/p>\n\n\n\n<p>Les reclamacions seran rebudes i tractades pel Servei d&#8217;Informaci\u00f3 i Documentaci\u00f3 Administrativa.&nbsp;<\/p>\n\n\n\n<p><strong>ACCIONS DE MILLORA DE L&#8217;ACCESSIBILITAT<\/strong>&nbsp;<\/p>\n\n\n\n<p>UTE Regeneraci\u00f3 Castell\u00f3 vol millorar l&#8217;accessibilitat del portal m\u00e9s enll\u00e0 del nivell d&#8217;exigit pel Reial decret 1112\/2018, per aix\u00f2 s&#8217;han fet els seg\u00fcents passos:&nbsp;<\/p>\n\n\n\n<p><strong>1. Selecci\u00f3 d&#8217;estils visuals<\/strong>&nbsp;<\/p>\n\n\n\n<p>La programaci\u00f3 del portal s&#8217;ha realitzat utilitzant fulles d&#8217;estil (*CSS). Si el navegador o dispositiu de navegaci\u00f3 no suporta fulles d&#8217;estil, la p\u00e0gina web continua sent llegible gr\u00e0cies a la seua marcaci\u00f3 estructural<strong>.<\/strong>&nbsp;<\/p>\n\n\n\n<p><strong>2. Visualitzaci\u00f3 Responsive<\/strong>&nbsp;<\/p>\n\n\n\n<p>El portal ha sigut dissenyat per a la seua \u00f2ptima visualitzaci\u00f3 en els dispositius tauleta i m\u00f2bil.&nbsp;<\/p>\n","protected":false},"excerpt":{"rendered":"<p>L&#8217;objectiu de la web d&#8217;UTE Regeneraci\u00f3 Castell\u00f3 \u00e9s que tots ciutadans puguen navegar per les p\u00e0gines d&#8217;aquest portal sense trobar dificultats d&#8217;acc\u00e9s. Totes les persones siguen com siga la seua edat, discapacitat, caracter\u00edstiques del seu equip&nbsp; UTE Regeneraci\u00f3 Castell\u00f3 s&#8217;ha comprom\u00e9s a fer accessible el seu lloc web, de conformitat amb el Reial decret 1112\/2018, [&hellip;]<\/p>\n","protected":false},"author":1,"featured_media":0,"parent":0,"menu_order":0,"comment_status":"closed","ping_status":"closed","template":"","meta":{"_et_pb_use_builder":"off","_et_pb_old_content":"","_et_gb_content_width":"1080","footnotes":""},"class_list":["post-296","page","type-page","status-publish","hentry"],"yoast_head":"<!-- This site is optimized with the Yoast SEO plugin v22.7 - https:\/\/yoast.com\/wordpress\/plugins\/seo\/ -->\n<title>Accessibilitat - Rehabilitemos Castell&oacute;n<\/title>\n<meta name=\"robots\" content=\"index, follow, max-snippet:-1, max-image-preview:large, max-video-preview:-1\" \/>\n<link rel=\"canonical\" href=\"https:\/\/rehabilitemoscastellon.es\/index.php\/ca\/accessibilitat\/\" \/>\n<meta property=\"og:locale\" content=\"es_ES\" \/>\n<meta property=\"og:type\" content=\"article\" \/>\n<meta property=\"og:title\" content=\"Accessibilitat - Rehabilitemos Castell&oacute;n\" \/>\n<meta property=\"og:description\" content=\"L&#8217;objectiu de la web d&#8217;UTE Regeneraci\u00f3 Castell\u00f3 \u00e9s que tots ciutadans puguen navegar per les p\u00e0gines d&#8217;aquest portal sense trobar dificultats d&#8217;acc\u00e9s. Totes les persones siguen com siga la seua edat, discapacitat, caracter\u00edstiques del seu equip&nbsp; UTE Regeneraci\u00f3 Castell\u00f3 s&#8217;ha comprom\u00e9s a fer accessible el seu lloc web, de conformitat amb el Reial decret 1112\/2018, [&hellip;]\" \/>\n<meta property=\"og:url\" content=\"https:\/\/rehabilitemoscastellon.es\/index.php\/ca\/accessibilitat\/\" \/>\n<meta property=\"og:site_name\" content=\"Rehabilitemos Castell&oacute;n\" \/>\n<meta property=\"article:modified_time\" content=\"2024-07-03T12:52:39+00:00\" \/>\n<meta name=\"twitter:card\" content=\"summary_large_image\" \/>\n<meta name=\"twitter:label1\" content=\"Tiempo de lectura\" \/>\n\t<meta name=\"twitter:data1\" content=\"3 minutos\" \/>\n<script type=\"application\/ld+json\" class=\"yoast-schema-graph\">{\"@context\":\"https:\/\/schema.org\",\"@graph\":[{\"@type\":\"WebPage\",\"@id\":\"https:\/\/rehabilitemoscastellon.es\/index.php\/ca\/accessibilitat\/\",\"url\":\"https:\/\/rehabilitemoscastellon.es\/index.php\/ca\/accessibilitat\/\",\"name\":\"Accessibilitat - Rehabilitemos Castell&oacute;n\",\"isPartOf\":{\"@id\":\"https:\/\/rehabilitemoscastellon.es\/#website\"},\"datePublished\":\"2024-06-21T16:59:31+00:00\",\"dateModified\":\"2024-07-03T12:52:39+00:00\",\"breadcrumb\":{\"@id\":\"https:\/\/rehabilitemoscastellon.es\/index.php\/ca\/accessibilitat\/#breadcrumb\"},\"inLanguage\":\"es\",\"potentialAction\":[{\"@type\":\"ReadAction\",\"target\":[\"https:\/\/rehabilitemoscastellon.es\/index.php\/ca\/accessibilitat\/\"]}]},{\"@type\":\"BreadcrumbList\",\"@id\":\"https:\/\/rehabilitemoscastellon.es\/index.php\/ca\/accessibilitat\/#breadcrumb\",\"itemListElement\":[{\"@type\":\"ListItem\",\"position\":1,\"name\":\"Portada\",\"item\":\"https:\/\/rehabilitemoscastellon.es\/\"},{\"@type\":\"ListItem\",\"position\":2,\"name\":\"Accessibilitat\"}]},{\"@type\":\"WebSite\",\"@id\":\"https:\/\/rehabilitemoscastellon.es\/#website\",\"url\":\"https:\/\/rehabilitemoscastellon.es\/\",\"name\":\"Rehabilitemos Castell\u00f3n\",\"description\":\"Mejoramos vivienda, edificios y barrios\",\"publisher\":{\"@id\":\"https:\/\/rehabilitemoscastellon.es\/#organization\"},\"potentialAction\":[{\"@type\":\"SearchAction\",\"target\":{\"@type\":\"EntryPoint\",\"urlTemplate\":\"https:\/\/rehabilitemoscastellon.es\/?s={search_term_string}\"},\"query-input\":\"required name=search_term_string\"}],\"inLanguage\":\"es\"},{\"@type\":\"Organization\",\"@id\":\"https:\/\/rehabilitemoscastellon.es\/#organization\",\"name\":\"Rehabilitemos Castell\u00f3n\",\"url\":\"https:\/\/rehabilitemoscastellon.es\/\",\"logo\":{\"@type\":\"ImageObject\",\"inLanguage\":\"es\",\"@id\":\"https:\/\/rehabilitemoscastellon.es\/#\/schema\/logo\/image\/\",\"url\":\"http:\/\/rehabilitemoscastellon.es\/wp-content\/uploads\/2024\/05\/logotipo_color.png\",\"contentUrl\":\"http:\/\/rehabilitemoscastellon.es\/wp-content\/uploads\/2024\/05\/logotipo_color.png\",\"width\":2730,\"height\":1174,\"caption\":\"Rehabilitemos Castell\u00f3n\"},\"image\":{\"@id\":\"https:\/\/rehabilitemoscastellon.es\/#\/schema\/logo\/image\/\"}}]}<\/script>\n<!-- \/ Yoast SEO plugin. -->","yoast_head_json":{"title":"Accessibilitat - Rehabilitemos Castell&oacute;n","robots":{"index":"index","follow":"follow","max-snippet":"max-snippet:-1","max-image-preview":"max-image-preview:large","max-video-preview":"max-video-preview:-1"},"canonical":"https:\/\/rehabilitemoscastellon.es\/index.php\/ca\/accessibilitat\/","og_locale":"es_ES","og_type":"article","og_title":"Accessibilitat - Rehabilitemos Castell&oacute;n","og_description":"L&#8217;objectiu de la web d&#8217;UTE Regeneraci\u00f3 Castell\u00f3 \u00e9s que tots ciutadans puguen navegar per les p\u00e0gines d&#8217;aquest portal sense trobar dificultats d&#8217;acc\u00e9s. Totes les persones siguen com siga la seua edat, discapacitat, caracter\u00edstiques del seu equip&nbsp; UTE Regeneraci\u00f3 Castell\u00f3 s&#8217;ha comprom\u00e9s a fer accessible el seu lloc web, de conformitat amb el Reial decret 1112\/2018, [&hellip;]","og_url":"https:\/\/rehabilitemoscastellon.es\/index.php\/ca\/accessibilitat\/","og_site_name":"Rehabilitemos Castell&oacute;n","article_modified_time":"2024-07-03T12:52:39+00:00","twitter_card":"summary_large_image","twitter_misc":{"Tiempo de lectura":"3 minutos"},"schema":{"@context":"https:\/\/schema.org","@graph":[{"@type":"WebPage","@id":"https:\/\/rehabilitemoscastellon.es\/index.php\/ca\/accessibilitat\/","url":"https:\/\/rehabilitemoscastellon.es\/index.php\/ca\/accessibilitat\/","name":"Accessibilitat - Rehabilitemos Castell&oacute;n","isPartOf":{"@id":"https:\/\/rehabilitemoscastellon.es\/#website"},"datePublished":"2024-06-21T16:59:31+00:00","dateModified":"2024-07-03T12:52:39+00:00","breadcrumb":{"@id":"https:\/\/rehabilitemoscastellon.es\/index.php\/ca\/accessibilitat\/#breadcrumb"},"inLanguage":"es","potentialAction":[{"@type":"ReadAction","target":["https:\/\/rehabilitemoscastellon.es\/index.php\/ca\/accessibilitat\/"]}]},{"@type":"BreadcrumbList","@id":"https:\/\/rehabilitemoscastellon.es\/index.php\/ca\/accessibilitat\/#breadcrumb","itemListElement":[{"@type":"ListItem","position":1,"name":"Portada","item":"https:\/\/rehabilitemoscastellon.es\/"},{"@type":"ListItem","position":2,"name":"Accessibilitat"}]},{"@type":"WebSite","@id":"https:\/\/rehabilitemoscastellon.es\/#website","url":"https:\/\/rehabilitemoscastellon.es\/","name":"Rehabilitemos Castell\u00f3n","description":"Mejoramos vivienda, edificios y barrios","publisher":{"@id":"https:\/\/rehabilitemoscastellon.es\/#organization"},"potentialAction":[{"@type":"SearchAction","target":{"@type":"EntryPoint","urlTemplate":"https:\/\/rehabilitemoscastellon.es\/?s={search_term_string}"},"query-input":"required name=search_term_string"}],"inLanguage":"es"},{"@type":"Organization","@id":"https:\/\/rehabilitemoscastellon.es\/#organization","name":"Rehabilitemos Castell\u00f3n","url":"https:\/\/rehabilitemoscastellon.es\/","logo":{"@type":"ImageObject","inLanguage":"es","@id":"https:\/\/rehabilitemoscastellon.es\/#\/schema\/logo\/image\/","url":"http:\/\/rehabilitemoscastellon.es\/wp-content\/uploads\/2024\/05\/logotipo_color.png","contentUrl":"http:\/\/rehabilitemoscastellon.es\/wp-content\/uploads\/2024\/05\/logotipo_color.png","width":2730,"height":1174,"caption":"Rehabilitemos Castell\u00f3n"},"image":{"@id":"https:\/\/rehabilitemoscastellon.es\/#\/schema\/logo\/image\/"}}]}},"_links":{"self":[{"href":"https:\/\/rehabilitemoscastellon.es\/index.php\/wp-json\/wp\/v2\/pages\/296","targetHints":{"allow":["GET"]}}],"collection":[{"href":"https:\/\/rehabilitemoscastellon.es\/index.php\/wp-json\/wp\/v2\/pages"}],"about":[{"href":"https:\/\/rehabilitemoscastellon.es\/index.php\/wp-json\/wp\/v2\/types\/page"}],"author":[{"embeddable":true,"href":"https:\/\/rehabilitemoscastellon.es\/index.php\/wp-json\/wp\/v2\/users\/1"}],"replies":[{"embeddable":true,"href":"https:\/\/rehabilitemoscastellon.es\/index.php\/wp-json\/wp\/v2\/comments?post=296"}],"version-history":[{"count":2,"href":"https:\/\/rehabilitemoscastellon.es\/index.php\/wp-json\/wp\/v2\/pages\/296\/revisions"}],"predecessor-version":[{"id":320,"href":"https:\/\/rehabilitemoscastellon.es\/index.php\/wp-json\/wp\/v2\/pages\/296\/revisions\/320"}],"wp:attachment":[{"href":"https:\/\/rehabilitemoscastellon.es\/index.php\/wp-json\/wp\/v2\/media?parent=296"}],"curies":[{"name":"wp","href":"https:\/\/api.w.org\/{rel}","templated":true}]}}