{"id":280,"date":"2024-06-21T16:16:10","date_gmt":"2024-06-21T16:16:10","guid":{"rendered":"https:\/\/rehabilitemoscastellon.es\/?page_id=280"},"modified":"2024-07-09T11:31:39","modified_gmt":"2024-07-09T11:31:39","slug":"politica-de-privacitat","status":"publish","type":"page","link":"https:\/\/rehabilitemoscastellon.es\/index.php\/ca\/politica-de-privacitat\/","title":{"rendered":"Pol\u00edtica de privacitat"},"content":{"rendered":"\n<p>L&#8217;Ajuntament de Castell\u00f3 est\u00e0 especialment sensibilitzat amb la protecci\u00f3 de dades de car\u00e0cter personal dels usuaris i usu\u00e0ries dels serveis del lloc web.<\/p>\n\n\n\n<p>Per mitj\u00e0 d\u2019aquest document, l&#8217;Ajuntament us informa que les p\u00e0gines web tenen per objecte facilitar-vos informaci\u00f3 sobre el nostre municipi i els esdeveniments ue s&#8217;hi organitzen, posar a la vostra disposici\u00f3 la informaci\u00f3 establerta en la Llei de transpar\u00e8ncia, acc\u00e9s a la informaci\u00f3 p\u00fablica i bon govern, i la possibilitat d&#8217;efectuar els tr\u00e0mits que estan disponibles a trav\u00e9s de la nostra seu electr\u00f2nica.<\/p>\n\n\n\n<p>Resulta d&#8217;aplicaci\u00f3 la legislaci\u00f3 vigent tant en mat\u00e8ria de seguretat (ENS) com en mat\u00e8ria de protecci\u00f3 de dadess personals (RGPD, LOPDGDD)<\/p>\n\n\n\n<p>L&#8217;Ajuntament us informa, com a USUARIS i USU\u00c0RIES dels llocs web anteriorment esmentats, dels usos a qu\u00e8 se sotmeten les dades de car\u00e0cter personal que es demanen en lloc web, a fi que decidiu, lliurement i volunt\u00e0ria, si desitgeu facilitar la informaci\u00f3 sol\u00b7licitada.<\/p>\n\n\n\n<p>L&#8217;Ajuntament es reserva la facultat de modificar aquesta pol\u00edtica amb l&#8217;objecte d&#8217;adaptar-la a novetats legislatives, criteris jurisprudencials, pr\u00e0ctiques del sector o interessos de l&#8217;entitat. Qualsevol modificaci\u00f3 ser\u00e0 anunciada amb la deguda antelaci\u00f3, a fi que tingueu un perfecte coneixement del seu contingut.<\/p>\n\n\n\n<h4 class=\"wp-block-heading\">RESPONSABLE DEL TRACTAMENT<\/h4>\n\n\n\n<p>El responsable del tractament de les dades de car\u00e0cter personal \u00e9s l&#8217;Ajuntament de Castell\u00f3.<\/p>\n\n\n\n<p>Domicili:&nbsp;<strong>Pla\u00e7a Major 1 , 12001 Castell\u00f3<\/strong><\/p>\n\n\n\n<p>Contacte:&nbsp;<strong>info@castello.es<\/strong><\/p>\n\n\n\n<h4 class=\"wp-block-heading\">Tel\u00e8fon:&nbsp;<strong>010<\/strong>&nbsp;Delegat de protecci\u00f3 de dades:&nbsp;<a href=\"mailto:dpd@castello.es\">dpd@castello.es<\/a><strong><\/strong><\/h4>\n\n\n\n<h4 class=\"wp-block-heading\"><strong>ENCARREGAT DEL TRACTAMENT<\/strong><\/h4>\n\n\n\n<p>Denominaci\u00f3 social: UTE Regeneraci\u00f3n Castell\u00f3<\/p>\n\n\n\n<p>Nom comercial: UTE Regeneraci\u00f3n Castell\u00f3<\/p>\n\n\n\n<p>CIF: U70896816<\/p>\n\n\n\n<p>Domicili: plaza Sierra Espadan,3 \u2013 12006, Castell\u00f3n de la Plana (Castell\u00f3n, Comunidad Valenciana)<\/p>\n\n\n\n<p>e-mail: <a href=\"mailto:hola@rehabilitemoscastellon.es\">hola@rehabilitemoscastellon.es<\/a><\/p>\n\n\n\n<h4 class=\"wp-block-heading\">FINALITAT DEL TRACTAMENT<\/h4>\n\n\n\n<p>Les dades que ens faciliteu per mitj\u00e0 de l&#8217;apartat de Contacte seran tractades amb la finalitat d&#8217;atendre la vostra sol\u00b7licitud. Si ens envieu un correu electr\u00f2nic, igualment tractarem les dades per a donar resposta a la vostra sol\u00b7licitud. La recollida i tractament de les dades personals a trav\u00e9s dels diferents formularis a qu\u00e8 pogu\u00e9reu accedir a trav\u00e9s de la seu electr\u00f2nica\/tr\u00e0mits t\u00e9 diferents finalitats indicades en les cl\u00e0usules recollides en el formulari corresponent. Aquestes finalitats seran atendre la vostra sol\u00b7licitud, reclamaci\u00f3, den\u00fancia i, en general, gestionar el tr\u00e0mit que inicieu a trav\u00e9s de la Seu Electr\u00f2nica.<\/p>\n\n\n\n<h4 class=\"wp-block-heading\">TERMINI DE CONSERVACI\u00d3<\/h4>\n\n\n\n<p>Les dades personals proporcionades es conservaran el temps necessari per a gestionar la vostra consulta, suggeriment, reclamaci\u00f3 o den\u00fancia. Finalitzada aquesta, es conservaran durant el termini corresponent per a complir les obligacions legals o durant el termini que un jutge o tribunal ho puga requerir. Aix\u00ed mateix, podran ser conservades amb fins hist\u00f2rics i d&#8217;arxiu general. br \/&gt;<\/p>\n\n\n\n<p>Aquest termini pot ser menor en alguns casos en qu\u00e8 l&#8217;usuari retire el seu consentiment o exercisca el dret de supressi\u00f3.<\/p>\n\n\n\n<h4 class=\"wp-block-heading\">LEGITIMACI\u00d3<\/h4>\n\n\n\n<p>La legitimaci\u00f3 per al tractament dependr\u00e0 de la vostra petici\u00f3. Aix\u00ed quan estiga relacionada amb les funcions de l&#8217;Ajuntament es basaran en l&#8217;exercici de les funcions p\u00fabliques. Quan ens realitze una petici\u00f3 o se subscriga a algun servei oferit per l&#8217;Ajuntament, es basar\u00e0 en el vostre consentiment.<\/p>\n\n\n\n<p>Quan la sol\u00b7licitud estiga relacionada amb el compliment d&#8217;una obligaci\u00f3 legal, la normativa aplicable ser\u00e0 la base de legitimaci\u00f3. Quan existisca un contracte entre vosaltres i l&#8217;Ajuntament, la base de legitimaci\u00f3 ser\u00e0 la relaci\u00f3 contractual existent. Quan la legitimaci\u00f3 vinga donada pel seu consentiment, aquest es donar\u00e0 mitjan\u00e7ant un acte afirmatiu clar que reflectisca una manifestaci\u00f3 de la seua voluntat lliure, espec\u00edfica, informada, i inequ\u00edvoca d&#8217;acceptar el tractament de dades personals.<\/p>\n\n\n\n<h4 class=\"wp-block-heading\">DESTINATARIS I DESTINAT\u00c0RIES<\/h4>\n\n\n\n<p>Les dades podran ser cedides a altres organismes p\u00fablics competents en la mat\u00e8ria en compliment de la normativa vigent. Aix\u00ed mateix, podran ser publicades en el Portal de Transpar\u00e8ncia de l&#8217;Ajuntament, en compliment de la Llei 19\/2013 de transpar\u00e8ncia, acc\u00e9s a la informaci\u00f3 p\u00fablica i bon govern.<\/p>\n\n\n\n<h4 class=\"wp-block-heading\">DRETS DELS USUARIS I USU\u00c0RIES<\/h4>\n\n\n\n<p>Podreu posar-vos en contacte amb el nostre delegat de protecci\u00f3 de dades per a qualsevol dubte que tingueu sobre el tractament de les vostres dades de car\u00e0cter personal en l\u2019adre\u00e7a seg\u00fcent: dpd@castello.es<\/p>\n\n\n\n<p>Vost\u00e9 podr\u00e0 exercitar els drets de: Acc\u00e9s, Rectificaci\u00f3 i Supressi\u00f3 o si escau Oposici\u00f3 aix\u00ed com els de Portabilitat, Oblit i Limitaci\u00f3.<\/p>\n\n\n\n<p>Per a aix\u00f2, podreu dirigir-vos a l&#8217;Ajuntament a trav\u00e9s de l\u2019adre\u00e7a seg\u00fcent&nbsp;<strong>Pla\u00e7a Major 1 , 12001 Castell\u00f3<\/strong>, especificant el dret que sol\u00b7liciteu, amb un document identificatiu (DNI, passaport..). En el cas que actu\u00e0reu per mitj\u00e0 de representant, legal o voluntari, haureu d&#8217;aportar tamb\u00e9 el document que acredite la representaci\u00f3 i document identificatiu d\u2019aquest.<\/p>\n\n\n\n<p>Tamb\u00e9 pot exercir els seus drets accedint a la Seu Electr\u00f2nica (seuelectronica.castello.es) al tr\u00e0mit&nbsp;<strong>Exercici de Drets sobre Dades Personals<\/strong>.<\/p>\n\n\n\n<p>Aix\u00ed mateix, en cas de considerar vulnerat el vostre dret a la protecci\u00f3 de dades personals, podreu dirigir-vos a l&#8217;Ag\u00e8ncia Espanyola de Protecci\u00f3 de Dades (www.aepd.es).\u201d<\/p>\n\n\n\n<h4 class=\"wp-block-heading\">MESURES DE SEGURETAT<\/h4>\n\n\n\n<p>S&#8217;aplicaran les mesures de seguretat establertes en la normativa corresponent (Esquema Nacional de Seguretat).<\/p>\n","protected":false},"excerpt":{"rendered":"<p>L&#8217;Ajuntament de Castell\u00f3 est\u00e0 especialment sensibilitzat amb la protecci\u00f3 de dades de car\u00e0cter personal dels usuaris i usu\u00e0ries dels serveis del lloc web. Per mitj\u00e0 d\u2019aquest document, l&#8217;Ajuntament us informa que les p\u00e0gines web tenen per objecte facilitar-vos informaci\u00f3 sobre el nostre municipi i els esdeveniments ue s&#8217;hi organitzen, posar a la vostra disposici\u00f3 la [&hellip;]<\/p>\n","protected":false},"author":1,"featured_media":0,"parent":0,"menu_order":0,"comment_status":"closed","ping_status":"closed","template":"","meta":{"_et_pb_use_builder":"off","_et_pb_old_content":"","_et_gb_content_width":"1080","footnotes":""},"class_list":["post-280","page","type-page","status-publish","hentry"],"yoast_head":"<!-- This site is optimized with the Yoast SEO plugin v22.7 - https:\/\/yoast.com\/wordpress\/plugins\/seo\/ -->\n<title>Pol\u00edtica de privacitat - Rehabilitemos Castell&oacute;n<\/title>\n<meta name=\"robots\" content=\"index, follow, max-snippet:-1, max-image-preview:large, max-video-preview:-1\" \/>\n<link rel=\"canonical\" href=\"https:\/\/rehabilitemoscastellon.es\/index.php\/ca\/politica-de-privacitat\/\" \/>\n<meta property=\"og:locale\" content=\"es_ES\" \/>\n<meta property=\"og:type\" content=\"article\" \/>\n<meta property=\"og:title\" content=\"Pol\u00edtica de privacitat - Rehabilitemos Castell&oacute;n\" \/>\n<meta property=\"og:description\" content=\"L&#8217;Ajuntament de Castell\u00f3 est\u00e0 especialment sensibilitzat amb la protecci\u00f3 de dades de car\u00e0cter personal dels usuaris i usu\u00e0ries dels serveis del lloc web. Per mitj\u00e0 d\u2019aquest document, l&#8217;Ajuntament us informa que les p\u00e0gines web tenen per objecte facilitar-vos informaci\u00f3 sobre el nostre municipi i els esdeveniments ue s&#8217;hi organitzen, posar a la vostra disposici\u00f3 la [&hellip;]\" \/>\n<meta property=\"og:url\" content=\"https:\/\/rehabilitemoscastellon.es\/index.php\/ca\/politica-de-privacitat\/\" \/>\n<meta property=\"og:site_name\" content=\"Rehabilitemos Castell&oacute;n\" \/>\n<meta property=\"article:modified_time\" content=\"2024-07-09T11:31:39+00:00\" \/>\n<meta name=\"twitter:card\" content=\"summary_large_image\" \/>\n<meta name=\"twitter:label1\" content=\"Tiempo de lectura\" \/>\n\t<meta name=\"twitter:data1\" content=\"4 minutos\" \/>\n<script type=\"application\/ld+json\" class=\"yoast-schema-graph\">{\"@context\":\"https:\/\/schema.org\",\"@graph\":[{\"@type\":\"WebPage\",\"@id\":\"https:\/\/rehabilitemoscastellon.es\/index.php\/ca\/politica-de-privacitat\/\",\"url\":\"https:\/\/rehabilitemoscastellon.es\/index.php\/ca\/politica-de-privacitat\/\",\"name\":\"Pol\u00edtica de privacitat - Rehabilitemos Castell&oacute;n\",\"isPartOf\":{\"@id\":\"https:\/\/rehabilitemoscastellon.es\/#website\"},\"datePublished\":\"2024-06-21T16:16:10+00:00\",\"dateModified\":\"2024-07-09T11:31:39+00:00\",\"breadcrumb\":{\"@id\":\"https:\/\/rehabilitemoscastellon.es\/index.php\/ca\/politica-de-privacitat\/#breadcrumb\"},\"inLanguage\":\"es\",\"potentialAction\":[{\"@type\":\"ReadAction\",\"target\":[\"https:\/\/rehabilitemoscastellon.es\/index.php\/ca\/politica-de-privacitat\/\"]}]},{\"@type\":\"BreadcrumbList\",\"@id\":\"https:\/\/rehabilitemoscastellon.es\/index.php\/ca\/politica-de-privacitat\/#breadcrumb\",\"itemListElement\":[{\"@type\":\"ListItem\",\"position\":1,\"name\":\"Portada\",\"item\":\"https:\/\/rehabilitemoscastellon.es\/\"},{\"@type\":\"ListItem\",\"position\":2,\"name\":\"Pol\u00edtica de privacitat\"}]},{\"@type\":\"WebSite\",\"@id\":\"https:\/\/rehabilitemoscastellon.es\/#website\",\"url\":\"https:\/\/rehabilitemoscastellon.es\/\",\"name\":\"Rehabilitemos Castell\u00f3n\",\"description\":\"Mejoramos vivienda, edificios y barrios\",\"publisher\":{\"@id\":\"https:\/\/rehabilitemoscastellon.es\/#organization\"},\"potentialAction\":[{\"@type\":\"SearchAction\",\"target\":{\"@type\":\"EntryPoint\",\"urlTemplate\":\"https:\/\/rehabilitemoscastellon.es\/?s={search_term_string}\"},\"query-input\":\"required name=search_term_string\"}],\"inLanguage\":\"es\"},{\"@type\":\"Organization\",\"@id\":\"https:\/\/rehabilitemoscastellon.es\/#organization\",\"name\":\"Rehabilitemos Castell\u00f3n\",\"url\":\"https:\/\/rehabilitemoscastellon.es\/\",\"logo\":{\"@type\":\"ImageObject\",\"inLanguage\":\"es\",\"@id\":\"https:\/\/rehabilitemoscastellon.es\/#\/schema\/logo\/image\/\",\"url\":\"http:\/\/rehabilitemoscastellon.es\/wp-content\/uploads\/2024\/05\/logotipo_color.png\",\"contentUrl\":\"http:\/\/rehabilitemoscastellon.es\/wp-content\/uploads\/2024\/05\/logotipo_color.png\",\"width\":2730,\"height\":1174,\"caption\":\"Rehabilitemos Castell\u00f3n\"},\"image\":{\"@id\":\"https:\/\/rehabilitemoscastellon.es\/#\/schema\/logo\/image\/\"}}]}<\/script>\n<!-- \/ Yoast SEO plugin. -->","yoast_head_json":{"title":"Pol\u00edtica de privacitat - Rehabilitemos Castell&oacute;n","robots":{"index":"index","follow":"follow","max-snippet":"max-snippet:-1","max-image-preview":"max-image-preview:large","max-video-preview":"max-video-preview:-1"},"canonical":"https:\/\/rehabilitemoscastellon.es\/index.php\/ca\/politica-de-privacitat\/","og_locale":"es_ES","og_type":"article","og_title":"Pol\u00edtica de privacitat - Rehabilitemos Castell&oacute;n","og_description":"L&#8217;Ajuntament de Castell\u00f3 est\u00e0 especialment sensibilitzat amb la protecci\u00f3 de dades de car\u00e0cter personal dels usuaris i usu\u00e0ries dels serveis del lloc web. Per mitj\u00e0 d\u2019aquest document, l&#8217;Ajuntament us informa que les p\u00e0gines web tenen per objecte facilitar-vos informaci\u00f3 sobre el nostre municipi i els esdeveniments ue s&#8217;hi organitzen, posar a la vostra disposici\u00f3 la [&hellip;]","og_url":"https:\/\/rehabilitemoscastellon.es\/index.php\/ca\/politica-de-privacitat\/","og_site_name":"Rehabilitemos Castell&oacute;n","article_modified_time":"2024-07-09T11:31:39+00:00","twitter_card":"summary_large_image","twitter_misc":{"Tiempo de lectura":"4 minutos"},"schema":{"@context":"https:\/\/schema.org","@graph":[{"@type":"WebPage","@id":"https:\/\/rehabilitemoscastellon.es\/index.php\/ca\/politica-de-privacitat\/","url":"https:\/\/rehabilitemoscastellon.es\/index.php\/ca\/politica-de-privacitat\/","name":"Pol\u00edtica de privacitat - Rehabilitemos Castell&oacute;n","isPartOf":{"@id":"https:\/\/rehabilitemoscastellon.es\/#website"},"datePublished":"2024-06-21T16:16:10+00:00","dateModified":"2024-07-09T11:31:39+00:00","breadcrumb":{"@id":"https:\/\/rehabilitemoscastellon.es\/index.php\/ca\/politica-de-privacitat\/#breadcrumb"},"inLanguage":"es","potentialAction":[{"@type":"ReadAction","target":["https:\/\/rehabilitemoscastellon.es\/index.php\/ca\/politica-de-privacitat\/"]}]},{"@type":"BreadcrumbList","@id":"https:\/\/rehabilitemoscastellon.es\/index.php\/ca\/politica-de-privacitat\/#breadcrumb","itemListElement":[{"@type":"ListItem","position":1,"name":"Portada","item":"https:\/\/rehabilitemoscastellon.es\/"},{"@type":"ListItem","position":2,"name":"Pol\u00edtica de privacitat"}]},{"@type":"WebSite","@id":"https:\/\/rehabilitemoscastellon.es\/#website","url":"https:\/\/rehabilitemoscastellon.es\/","name":"Rehabilitemos Castell\u00f3n","description":"Mejoramos vivienda, edificios y barrios","publisher":{"@id":"https:\/\/rehabilitemoscastellon.es\/#organization"},"potentialAction":[{"@type":"SearchAction","target":{"@type":"EntryPoint","urlTemplate":"https:\/\/rehabilitemoscastellon.es\/?s={search_term_string}"},"query-input":"required name=search_term_string"}],"inLanguage":"es"},{"@type":"Organization","@id":"https:\/\/rehabilitemoscastellon.es\/#organization","name":"Rehabilitemos Castell\u00f3n","url":"https:\/\/rehabilitemoscastellon.es\/","logo":{"@type":"ImageObject","inLanguage":"es","@id":"https:\/\/rehabilitemoscastellon.es\/#\/schema\/logo\/image\/","url":"http:\/\/rehabilitemoscastellon.es\/wp-content\/uploads\/2024\/05\/logotipo_color.png","contentUrl":"http:\/\/rehabilitemoscastellon.es\/wp-content\/uploads\/2024\/05\/logotipo_color.png","width":2730,"height":1174,"caption":"Rehabilitemos Castell\u00f3n"},"image":{"@id":"https:\/\/rehabilitemoscastellon.es\/#\/schema\/logo\/image\/"}}]}},"_links":{"self":[{"href":"https:\/\/rehabilitemoscastellon.es\/index.php\/wp-json\/wp\/v2\/pages\/280","targetHints":{"allow":["GET"]}}],"collection":[{"href":"https:\/\/rehabilitemoscastellon.es\/index.php\/wp-json\/wp\/v2\/pages"}],"about":[{"href":"https:\/\/rehabilitemoscastellon.es\/index.php\/wp-json\/wp\/v2\/types\/page"}],"author":[{"embeddable":true,"href":"https:\/\/rehabilitemoscastellon.es\/index.php\/wp-json\/wp\/v2\/users\/1"}],"replies":[{"embeddable":true,"href":"https:\/\/rehabilitemoscastellon.es\/index.php\/wp-json\/wp\/v2\/comments?post=280"}],"version-history":[{"count":2,"href":"https:\/\/rehabilitemoscastellon.es\/index.php\/wp-json\/wp\/v2\/pages\/280\/revisions"}],"predecessor-version":[{"id":345,"href":"https:\/\/rehabilitemoscastellon.es\/index.php\/wp-json\/wp\/v2\/pages\/280\/revisions\/345"}],"wp:attachment":[{"href":"https:\/\/rehabilitemoscastellon.es\/index.php\/wp-json\/wp\/v2\/media?parent=280"}],"curies":[{"name":"wp","href":"https:\/\/api.w.org\/{rel}","templated":true}]}}