{"id":278,"date":"2024-06-21T16:15:26","date_gmt":"2024-06-21T16:15:26","guid":{"rendered":"https:\/\/rehabilitemoscastellon.es\/?page_id=278"},"modified":"2024-07-09T11:43:01","modified_gmt":"2024-07-09T11:43:01","slug":"politica-de-privacidad","status":"publish","type":"page","link":"https:\/\/rehabilitemoscastellon.es\/index.php\/politica-de-privacidad\/","title":{"rendered":"Pol\u00edtica de privacidad"},"content":{"rendered":"\n<p>El Ayuntamiento de Castell\u00f3n est\u00e1 especialmente sensibilizado con la protecci\u00f3n de datos de car\u00e1cter personal de los Usuarios de los servicios del sitio Web.<\/p>\n\n\n\n<p>Mediante la presente, el Ayuntamiento le informa que las p\u00e1ginas web tienen por objeto facilitarle informaci\u00f3n sobre nuestro municipio, los eventos que se organizan, poner a su disposici\u00f3n la informaci\u00f3n establecida en la Ley de Transparencia, acceso a la informaci\u00f3n p\u00fablica y buen gobierno y la posibilidad de efectuar los tr\u00e1mites que est\u00e1n disponibles a trav\u00e9s de nuestra sede electr\u00f3nica.<\/p>\n\n\n\n<p>Resulta de aplicaci\u00f3n la legislaci\u00f3n vigente tanto en materia de seguridad (ENS) como en materia de protecci\u00f3n de datos personales (RGPD, LOPDGDD).<\/p>\n\n\n\n<p>Ayuntamiento informa a los USUARIOS y USUARIAS de los sitios web anteriormente mencionados de los usos a los que se someten los datos de car\u00e1cter personal que se recaban en sitio Web, con el fin de que decidan, libre y voluntariamente, si desean facilitar la informaci\u00f3n solicitada.<\/p>\n\n\n\n<p>El Ayuntamiento se reserva la facultad de modificar esta Pol\u00edtica con el objeto de adaptarla a novedades legislativas, criterios jurisprudenciales, pr\u00e1cticas del sector, o intereses de la entidad.<\/p>\n\n\n\n<p>Cualquier modificaci\u00f3n en la misma ser\u00e1 anunciada con la debida antelaci\u00f3n, a fin de que tenga perfecto conocimiento de su contenido.<\/p>\n\n\n\n<h4 class=\"wp-block-heading\"><strong>RESPONSABLE DEL TRATAMIENTO<\/strong><\/h4>\n\n\n\n<p>El Responsable del Tratamiento de los datos de car\u00e1cter personal es el Ayuntamiento de Castell\u00f3n.<\/p>\n\n\n\n<p><strong>Plaza Mayor 1 , 12001 Castell\u00f3n<\/strong><\/p>\n\n\n\n<p>Contacto: <a href=\"mailto:info@castello.es\"><strong>info@castello.es<\/strong><\/a><\/p>\n\n\n\n<p>Tel\u00e9fono: <strong>010<\/strong><\/p>\n\n\n\n<p>Delegado de Protecci\u00f3n de Datos: <a href=\"mailto:dpd@castello.es\"><strong>dpd@castello.es<\/strong><\/a><\/p>\n\n\n\n<h4 class=\"wp-block-heading\"><strong>ENCARGADO DEL TRATAMIENTO<\/strong><\/h4>\n\n\n\n<p>Denominaci\u00f3 social: UTE Regeneraci\u00f3n Castell\u00f3<\/p>\n\n\n\n<p>Nom comercial: UTE Regeneraci\u00f3n Castell\u00f3<\/p>\n\n\n\n<p>CIF: U70896816<\/p>\n\n\n\n<p>Domicili: plaza Sierra Espadan,3 \u2013 12006, Castell\u00f3n de la Plana (Castell\u00f3n, Comunidad Valenciana)<\/p>\n\n\n\n<p>e-mail: <a href=\"mailto:hola@rehabilitemoscastellon.es\">hola@rehabilitemoscastellon.es<\/a><\/p>\n\n\n\n<h4 class=\"wp-block-heading\"><strong>FINALIDAD DEL TRATAMIENTO<\/strong><\/h4>\n\n\n\n<p>Los datos que nos facilite mediante el apartado de Contacto ser\u00e1n tratados con la finalidad de atender su solicitud. Si nos env\u00eda un correo electr\u00f3nico, igualmente, trataremos los datos para dar respuesta a su solicitud. La recogida y tratamiento de los datos personales a trav\u00e9s de los diferentes formularios a los que pudiera acceder a trav\u00e9s de la sede electr\u00f3nica\/Tr\u00e1mites tiene diferentes finalidades indicadas en las cl\u00e1usulas recogidas en el formulario correspondiente. Estas finalidades ser\u00e1n atender su solicitud, reclamaci\u00f3n, denuncia y, en general, gestionar el tr\u00e1mite que inicie a trav\u00e9s de la Sede Electr\u00f3nica.&nbsp;<\/p>\n\n\n\n<h4 class=\"wp-block-heading\"><strong>PLAZO DE CONSERVACI\u00d3N<\/strong><\/h4>\n\n\n\n<p>Los datos personales proporcionados se conservar\u00e1n el plazo necesario para gestionar su tr\u00e1mite, consulta, sugerencia, reclamaci\u00f3n, denuncia. Finalizada la misma, se conservar\u00e1n durante el plazo correspondiente para cumplir con las obligaciones legales o durante el plazo que un juez\/a o tribunal lo pueda requerir. Asimismo, podr\u00e1n ser conservados con fines hist\u00f3ricos y de archivo general. Dicho plazo puede ser menor en algunos casos en que el usuario retire su consentimiento o ejerza el derecho de supresi\u00f3n.&nbsp;<\/p>\n\n\n\n<h4 class=\"wp-block-heading\"><strong>LEGITIMACI\u00d3N<\/strong><\/h4>\n\n\n\n<p>La legitimaci\u00f3n para el tratamiento depender\u00e1 de su petici\u00f3n. As\u00ed cuando est\u00e9 relacionada con las funciones del Ayuntamiento se basar\u00e1n en el ejercicio de las funciones p\u00fablicas. Cuando nos realice una petici\u00f3n o se suscriba a alg\u00fan servicio ofrecido por el Ayuntamiento se basar\u00e1 en su consentimiento.<\/p>\n\n\n\n<p>Cuando la solicitud est\u00e9 relacionada con el cumplimiento de una obligaci\u00f3n legal, la normativa aplicable ser\u00e1 la base de legitimaci\u00f3n. Cuando exista un contrato entre usted y el Ayuntamiento, la base de legitimaci\u00f3n ser\u00e1 la relaci\u00f3n contractual existente. Cuando la legitimaci\u00f3n venga dada por su consentimiento, este se dar\u00e1 mediante un acto afirmativo claro que refleje una manifestaci\u00f3n de su voluntad libre, espec\u00edfica, informada, e inequ\u00edvoca de aceptar el tratamiento de datos personales.&nbsp;<\/p>\n\n\n\n<h4 class=\"wp-block-heading\"><strong>DESTINATARIOS<\/strong><\/h4>\n\n\n\n<p>Los datos podr\u00e1n ser cedidos a otros organismos p\u00fablicos competentes en la materia en cumplimiento de la normativa vigente. Asimismo, podr\u00e1n ser publicados en el Portal de Transparencia del Ayuntamiento en cumplimiento de la Ley 19\/2013 de Transparencia, Acceso a la informaci\u00f3n P\u00fablica y Buen Gobierno.&nbsp;<\/p>\n\n\n\n<h4 class=\"wp-block-heading\"><strong>DERECHOS DE LOS USUARIOS Y USUARIAS<\/strong><\/h4>\n\n\n\n<p>Podr\u00e1 ponerse en contacto con nuestro Delegado de Protecci\u00f3n de Datos para cualquier duda que tenga referida al tratamiento de sus datos de car\u00e1cter personal en la siguiente direcci\u00f3n <a href=\"mailto:dpd@castello.es\">dpd@castello.es<\/a><\/p>\n\n\n\n<p>Ud. podr\u00e1 ejercitar los derechos de: Acceso, Rectificaci\u00f3n y Supresi\u00f3n, o, en su caso, Oposici\u00f3n, as\u00ed como los de Portabilidad, Olvido y Limitaci\u00f3n.<\/p>\n\n\n\n<p>Para ello, podr\u00e1 dirigirse al Ayuntamiento en la siguiente direcci\u00f3n <strong>Plaza Mayor 1 , 12001 Castell\u00f3n<\/strong>, especificando el derecho que solicita, acompa\u00f1ando de documento identificativo (DNI, Pasaporte &#8230;) En caso de que actuara mediante representante, legal o voluntario, deber\u00e1 aportar tambi\u00e9n documento que acredite la representaci\u00f3n y documento identificativo del mismo.<\/p>\n\n\n\n<p>Tambi\u00e9n puede ejercer sus derechos accediendo a la Sede Electr\u00f3nica (seuelectronica.castello.es) en el tr\u00e1mite <strong>Ejercicio de Derechos sobre Datos Personales<\/strong>.<\/p>\n\n\n\n<p>Asimismo, en caso de considerar vulnerado su derecho a la protecci\u00f3n de datos personales, podr\u00e1 dirigirse a la Agencia Espa\u00f1ola de Protecci\u00f3n de Datos (www.aepd.es).&nbsp;<\/p>\n\n\n\n<h4 class=\"wp-block-heading\"><strong>MEDIDAS DE SEGURIDAD<\/strong><\/h4>\n\n\n\n<p>Se aplicar\u00e1n las medidas de seguridad establecidas en la normativa correspondiente (Esquema Nacional de Seguridad)<\/p>\n","protected":false},"excerpt":{"rendered":"<p>El Ayuntamiento de Castell\u00f3n est\u00e1 especialmente sensibilizado con la protecci\u00f3n de datos de car\u00e1cter personal de los Usuarios de los servicios del sitio Web. Mediante la presente, el Ayuntamiento le informa que las p\u00e1ginas web tienen por objeto facilitarle informaci\u00f3n sobre nuestro municipio, los eventos que se organizan, poner a su disposici\u00f3n la informaci\u00f3n establecida [&hellip;]<\/p>\n","protected":false},"author":1,"featured_media":0,"parent":0,"menu_order":0,"comment_status":"closed","ping_status":"closed","template":"","meta":{"_et_pb_use_builder":"off","_et_pb_old_content":"","_et_gb_content_width":"1080","footnotes":""},"class_list":["post-278","page","type-page","status-publish","hentry"],"yoast_head":"<!-- This site is optimized with the Yoast SEO plugin v22.7 - https:\/\/yoast.com\/wordpress\/plugins\/seo\/ -->\n<title>Pol\u00edtica de privacidad - Rehabilitemos Castell&oacute;n<\/title>\n<meta name=\"robots\" content=\"index, follow, max-snippet:-1, max-image-preview:large, max-video-preview:-1\" \/>\n<link rel=\"canonical\" href=\"https:\/\/rehabilitemoscastellon.es\/index.php\/politica-de-privacidad\/\" \/>\n<meta property=\"og:locale\" content=\"es_ES\" \/>\n<meta property=\"og:type\" content=\"article\" \/>\n<meta property=\"og:title\" content=\"Pol\u00edtica de privacidad - Rehabilitemos Castell&oacute;n\" \/>\n<meta property=\"og:description\" content=\"El Ayuntamiento de Castell\u00f3n est\u00e1 especialmente sensibilizado con la protecci\u00f3n de datos de car\u00e1cter personal de los Usuarios de los servicios del sitio Web. Mediante la presente, el Ayuntamiento le informa que las p\u00e1ginas web tienen por objeto facilitarle informaci\u00f3n sobre nuestro municipio, los eventos que se organizan, poner a su disposici\u00f3n la informaci\u00f3n establecida [&hellip;]\" \/>\n<meta property=\"og:url\" content=\"https:\/\/rehabilitemoscastellon.es\/index.php\/politica-de-privacidad\/\" \/>\n<meta property=\"og:site_name\" content=\"Rehabilitemos Castell&oacute;n\" \/>\n<meta property=\"article:modified_time\" content=\"2024-07-09T11:43:01+00:00\" \/>\n<meta name=\"twitter:card\" content=\"summary_large_image\" \/>\n<meta name=\"twitter:label1\" content=\"Tiempo de lectura\" \/>\n\t<meta name=\"twitter:data1\" content=\"4 minutos\" \/>\n<script type=\"application\/ld+json\" class=\"yoast-schema-graph\">{\"@context\":\"https:\/\/schema.org\",\"@graph\":[{\"@type\":\"WebPage\",\"@id\":\"https:\/\/rehabilitemoscastellon.es\/index.php\/politica-de-privacidad\/\",\"url\":\"https:\/\/rehabilitemoscastellon.es\/index.php\/politica-de-privacidad\/\",\"name\":\"Pol\u00edtica de privacidad - Rehabilitemos Castell&oacute;n\",\"isPartOf\":{\"@id\":\"https:\/\/rehabilitemoscastellon.es\/#website\"},\"datePublished\":\"2024-06-21T16:15:26+00:00\",\"dateModified\":\"2024-07-09T11:43:01+00:00\",\"breadcrumb\":{\"@id\":\"https:\/\/rehabilitemoscastellon.es\/index.php\/politica-de-privacidad\/#breadcrumb\"},\"inLanguage\":\"es\",\"potentialAction\":[{\"@type\":\"ReadAction\",\"target\":[\"https:\/\/rehabilitemoscastellon.es\/index.php\/politica-de-privacidad\/\"]}]},{\"@type\":\"BreadcrumbList\",\"@id\":\"https:\/\/rehabilitemoscastellon.es\/index.php\/politica-de-privacidad\/#breadcrumb\",\"itemListElement\":[{\"@type\":\"ListItem\",\"position\":1,\"name\":\"Portada\",\"item\":\"https:\/\/rehabilitemoscastellon.es\/\"},{\"@type\":\"ListItem\",\"position\":2,\"name\":\"Pol\u00edtica de privacidad\"}]},{\"@type\":\"WebSite\",\"@id\":\"https:\/\/rehabilitemoscastellon.es\/#website\",\"url\":\"https:\/\/rehabilitemoscastellon.es\/\",\"name\":\"Rehabilitemos Castell\u00f3n\",\"description\":\"Mejoramos vivienda, edificios y barrios\",\"publisher\":{\"@id\":\"https:\/\/rehabilitemoscastellon.es\/#organization\"},\"potentialAction\":[{\"@type\":\"SearchAction\",\"target\":{\"@type\":\"EntryPoint\",\"urlTemplate\":\"https:\/\/rehabilitemoscastellon.es\/?s={search_term_string}\"},\"query-input\":\"required name=search_term_string\"}],\"inLanguage\":\"es\"},{\"@type\":\"Organization\",\"@id\":\"https:\/\/rehabilitemoscastellon.es\/#organization\",\"name\":\"Rehabilitemos Castell\u00f3n\",\"url\":\"https:\/\/rehabilitemoscastellon.es\/\",\"logo\":{\"@type\":\"ImageObject\",\"inLanguage\":\"es\",\"@id\":\"https:\/\/rehabilitemoscastellon.es\/#\/schema\/logo\/image\/\",\"url\":\"http:\/\/rehabilitemoscastellon.es\/wp-content\/uploads\/2024\/05\/logotipo_color.png\",\"contentUrl\":\"http:\/\/rehabilitemoscastellon.es\/wp-content\/uploads\/2024\/05\/logotipo_color.png\",\"width\":2730,\"height\":1174,\"caption\":\"Rehabilitemos Castell\u00f3n\"},\"image\":{\"@id\":\"https:\/\/rehabilitemoscastellon.es\/#\/schema\/logo\/image\/\"}}]}<\/script>\n<!-- \/ Yoast SEO plugin. -->","yoast_head_json":{"title":"Pol\u00edtica de privacidad - Rehabilitemos Castell&oacute;n","robots":{"index":"index","follow":"follow","max-snippet":"max-snippet:-1","max-image-preview":"max-image-preview:large","max-video-preview":"max-video-preview:-1"},"canonical":"https:\/\/rehabilitemoscastellon.es\/index.php\/politica-de-privacidad\/","og_locale":"es_ES","og_type":"article","og_title":"Pol\u00edtica de privacidad - Rehabilitemos Castell&oacute;n","og_description":"El Ayuntamiento de Castell\u00f3n est\u00e1 especialmente sensibilizado con la protecci\u00f3n de datos de car\u00e1cter personal de los Usuarios de los servicios del sitio Web. Mediante la presente, el Ayuntamiento le informa que las p\u00e1ginas web tienen por objeto facilitarle informaci\u00f3n sobre nuestro municipio, los eventos que se organizan, poner a su disposici\u00f3n la informaci\u00f3n establecida [&hellip;]","og_url":"https:\/\/rehabilitemoscastellon.es\/index.php\/politica-de-privacidad\/","og_site_name":"Rehabilitemos Castell&oacute;n","article_modified_time":"2024-07-09T11:43:01+00:00","twitter_card":"summary_large_image","twitter_misc":{"Tiempo de lectura":"4 minutos"},"schema":{"@context":"https:\/\/schema.org","@graph":[{"@type":"WebPage","@id":"https:\/\/rehabilitemoscastellon.es\/index.php\/politica-de-privacidad\/","url":"https:\/\/rehabilitemoscastellon.es\/index.php\/politica-de-privacidad\/","name":"Pol\u00edtica de privacidad - Rehabilitemos Castell&oacute;n","isPartOf":{"@id":"https:\/\/rehabilitemoscastellon.es\/#website"},"datePublished":"2024-06-21T16:15:26+00:00","dateModified":"2024-07-09T11:43:01+00:00","breadcrumb":{"@id":"https:\/\/rehabilitemoscastellon.es\/index.php\/politica-de-privacidad\/#breadcrumb"},"inLanguage":"es","potentialAction":[{"@type":"ReadAction","target":["https:\/\/rehabilitemoscastellon.es\/index.php\/politica-de-privacidad\/"]}]},{"@type":"BreadcrumbList","@id":"https:\/\/rehabilitemoscastellon.es\/index.php\/politica-de-privacidad\/#breadcrumb","itemListElement":[{"@type":"ListItem","position":1,"name":"Portada","item":"https:\/\/rehabilitemoscastellon.es\/"},{"@type":"ListItem","position":2,"name":"Pol\u00edtica de privacidad"}]},{"@type":"WebSite","@id":"https:\/\/rehabilitemoscastellon.es\/#website","url":"https:\/\/rehabilitemoscastellon.es\/","name":"Rehabilitemos Castell\u00f3n","description":"Mejoramos vivienda, edificios y barrios","publisher":{"@id":"https:\/\/rehabilitemoscastellon.es\/#organization"},"potentialAction":[{"@type":"SearchAction","target":{"@type":"EntryPoint","urlTemplate":"https:\/\/rehabilitemoscastellon.es\/?s={search_term_string}"},"query-input":"required name=search_term_string"}],"inLanguage":"es"},{"@type":"Organization","@id":"https:\/\/rehabilitemoscastellon.es\/#organization","name":"Rehabilitemos Castell\u00f3n","url":"https:\/\/rehabilitemoscastellon.es\/","logo":{"@type":"ImageObject","inLanguage":"es","@id":"https:\/\/rehabilitemoscastellon.es\/#\/schema\/logo\/image\/","url":"http:\/\/rehabilitemoscastellon.es\/wp-content\/uploads\/2024\/05\/logotipo_color.png","contentUrl":"http:\/\/rehabilitemoscastellon.es\/wp-content\/uploads\/2024\/05\/logotipo_color.png","width":2730,"height":1174,"caption":"Rehabilitemos Castell\u00f3n"},"image":{"@id":"https:\/\/rehabilitemoscastellon.es\/#\/schema\/logo\/image\/"}}]}},"_links":{"self":[{"href":"https:\/\/rehabilitemoscastellon.es\/index.php\/wp-json\/wp\/v2\/pages\/278","targetHints":{"allow":["GET"]}}],"collection":[{"href":"https:\/\/rehabilitemoscastellon.es\/index.php\/wp-json\/wp\/v2\/pages"}],"about":[{"href":"https:\/\/rehabilitemoscastellon.es\/index.php\/wp-json\/wp\/v2\/types\/page"}],"author":[{"embeddable":true,"href":"https:\/\/rehabilitemoscastellon.es\/index.php\/wp-json\/wp\/v2\/users\/1"}],"replies":[{"embeddable":true,"href":"https:\/\/rehabilitemoscastellon.es\/index.php\/wp-json\/wp\/v2\/comments?post=278"}],"version-history":[{"count":2,"href":"https:\/\/rehabilitemoscastellon.es\/index.php\/wp-json\/wp\/v2\/pages\/278\/revisions"}],"predecessor-version":[{"id":346,"href":"https:\/\/rehabilitemoscastellon.es\/index.php\/wp-json\/wp\/v2\/pages\/278\/revisions\/346"}],"wp:attachment":[{"href":"https:\/\/rehabilitemoscastellon.es\/index.php\/wp-json\/wp\/v2\/media?parent=278"}],"curies":[{"name":"wp","href":"https:\/\/api.w.org\/{rel}","templated":true}]}}