{"id":275,"date":"2024-06-21T16:07:22","date_gmt":"2024-06-21T16:07:22","guid":{"rendered":"https:\/\/rehabilitemoscastellon.es\/?page_id=275"},"modified":"2024-07-03T12:39:53","modified_gmt":"2024-07-03T12:39:53","slug":"avis-legal","status":"publish","type":"page","link":"https:\/\/rehabilitemoscastellon.es\/index.php\/ca\/avis-legal\/","title":{"rendered":"Av\u00eds legal"},"content":{"rendered":"\n<p><strong>LLEI DELS SERVEIS DE LA SOCIETAT DE LA INFORMACI\u00d3 (LSSI)&nbsp;<\/strong>&nbsp;<\/p>\n\n\n\n<p>UTE Regeneraci\u00f3 Castell\u00f3, responsable del lloc web, posa a la disposici\u00f3 dels usuaris el present document, amb el qual pret\u00e9n donar compliment a les obligacions disposades en la Llei 34\/2002, d&#8217;11 de juliol, de Serveis de la Societat de la Informaci\u00f3 i del Comer\u00e7 Electr\u00f2nic (LSSICE), aix\u00ed com informar a tots els usuaris del lloc web respecte a quins s\u00f3n les condicions d&#8217;\u00fas.&nbsp;&nbsp;<\/p>\n\n\n\n<p>Tota persona que accedisca a aquest lloc web assumeix el paper d&#8217;usuari, comprometent-se a l&#8217;observan\u00e7a i compliment rigor\u00f3s de les disposicions ac\u00ed disposades, aix\u00ed com a qualsevol altra disposici\u00f3 legal que fora aplicable.&nbsp;&nbsp;<\/p>\n\n\n\n<p>UTE Regeneraci\u00f3 Castell\u00f3 es reserva el dret de modificar qualsevol tipus d&#8217;informaci\u00f3 que poguera apar\u00e9ixer en el lloc web, sense que existisca obligaci\u00f3 de preavisar o posar en coneixement dels usuaris aquestes obligacions, entenent-se com a suficient amb la publicaci\u00f3 en el lloc web d&#8217;UTE Regeneraci\u00f3 Castell\u00f3&nbsp;<\/p>\n\n\n\n<ol class=\"wp-block-list\" start=\"1\">\n<li><strong>DADES IDENTIFICATIVES\u00a0<\/strong>\u00a0<\/li>\n<\/ol>\n\n\n\n<p>Denominaci\u00f3 social: UTE Regeneraci\u00f3 Castell\u00f3&nbsp;<\/p>\n\n\n\n<p>Nom comercial: UTE Regeneraci\u00f3 Castell\u00f3&nbsp;<\/p>\n\n\n\n<p>CIF: U70896816&nbsp;<\/p>\n\n\n\n<p>Domicili: pla\u00e7a Sierra Espadan,3 \u2013 12006, Castell\u00f3 de la Plana (Castell\u00f3, Comunitat Valenciana)&nbsp;&nbsp;<\/p>\n\n\n\n<p>e-mail: <a href=\"mailto:hola@rehabilitemoscastellon.es\" target=\"_blank\" rel=\"noreferrer noopener\">hola@rehabilitemoscastellon.es<\/a>&nbsp;<\/p>\n\n\n\n<ol class=\"wp-block-list\" start=\"2\">\n<li><strong>OBJECTE<\/strong>\u00a0<\/li>\n<\/ol>\n\n\n\n<p>A trav\u00e9s del Lloc web, els oferim als Usuaris la possibilitat d&#8217;accedir a la informaci\u00f3 sobre els nostres serveis.&nbsp;<\/p>\n\n\n\n<ol class=\"wp-block-list\" start=\"3\">\n<li><strong>PRIVACITAT I TRACTAMENT DE DADES\u00a0<\/strong>\u00a0<\/li>\n<\/ol>\n\n\n\n<p>Quan per a l&#8217;acc\u00e9s a determinats continguts o servei siga necessari facilitar dades de car\u00e0cter personal, els Usuaris garantiran la seua veracitat, exactitud, autenticitat i vig\u00e8ncia. L&#8217;empresa donar\u00e0 a aquestes dades el tractament automatitzat que corresponga en funci\u00f3 de la seua naturalesa o finalitat, en els termes indicats en la secci\u00f3 de Pol\u00edtica de Privacitat.&nbsp;<\/p>\n\n\n\n<ol class=\"wp-block-list\" start=\"4\">\n<li><strong>PROPIETAT INDUSTRIAL I INTEL\u00b7LECTUAL\u00a0<\/strong>\u00a0<\/li>\n<\/ol>\n\n\n\n<p>L&#8217;Usuari reconeix i accepta que tots els continguts que es mostren en l&#8217;Espai&nbsp; Web i especialment, dissenys, textos, imatges, logos, icones, botons, programari, noms comercials, marques, o qualssevol altres signes susceptibles d&#8217;utilitzaci\u00f3&nbsp; industrial i\/o comercial estan subjectes a drets de Propietat Intel\u00b7lectual i totes les marques, noms comercials o signes distintius, tots els drets de propietat industrial i intel\u00b7lectual, sobre els continguts i\/o qualssevol altres elements inserits en el p\u00e0gina, que s\u00f3n propietat exclusiva de l&#8217;empresa i\/o de tercers, els qui tenen el dret exclusiu d&#8217;utilitzar-los en el tr\u00e0fic econ\u00f2mic . Per tot aix\u00f2 l&#8217;Usuari es compromet a no reproduir, copiar, distribuir, posar a disposici\u00f3 o de qualsevol altra forma comunicar p\u00fablicament, transformar o modificar tals continguts mantenint indemne a l&#8217;empresa de qualsevol reclamaci\u00f3 que es derive de l&#8217;incompliment de tals obligacions. En cap cas l&#8217;acc\u00e9s a l&#8217;Espai Web implica cap mena de ren\u00fancia, transmissi\u00f3, llic\u00e8ncia o cessi\u00f3 total ni parcial d&#8217;aquests drets, llevat que s&#8217;establisca expressament el contrari. Les presents Condicions Generals d&#8217;\u00das de l&#8217;Espai Web no confereixen als Usuaris cap altre dret d&#8217;utilitzaci\u00f3, RH, alteraci\u00f3, explotaci\u00f3, reproducci\u00f3, distribuci\u00f3 o comunicaci\u00f3 p\u00fablica de l&#8217;Espai Web i\/o dels seus Continguts diferents dels ac\u00ed expressament previstos. Qualsevol altre \u00fas o explotaci\u00f3 de qualssevol drets estar\u00e0 subjecte a la pr\u00e8via i expressa autoritzaci\u00f3 espec\u00edficament atorgada a aquest efecte per l&#8217;empresa o el tercer titular dels drets afectats.&nbsp;&nbsp;<\/p>\n\n\n\n<p>Els continguts, textos, fotografies, dissenys, logotips, imatges, programes d&#8217;ordinador, codis font i, en general, qualsevol creaci\u00f3 intel\u00b7lectual existent en aquest Espai, aix\u00ed com el propi Espai en el seu conjunt, com a obra art\u00edstica multim\u00e8dia, estan protegits com a drets d&#8217;autor per la legislaci\u00f3 en mat\u00e8ria de propietat intel\u00b7lectual. L&#8217;empresa \u00e9s titular dels elements que integren el disseny gr\u00e0fic de l&#8217;Espai Web, el men\u00fas, botons de navegaci\u00f3, el codi HTML, els textos, imatges, textures, gr\u00e0fics i qualsevol altre contingut de l&#8217;Espai Web o, en qualsevol cas, disposa de la corresponent autoritzaci\u00f3 per a la utilitzaci\u00f3 d&#8217;aquests elements. El contingut disposat en l&#8217;Espai Web no podr\u00e0 ser reprodu\u00eft ni en tot ni en part, ni transm\u00e9s, ni registrat per cap sistema de recuperaci\u00f3 d&#8217;informaci\u00f3, en cap forma ni en cap mitj\u00e0, llevat que es compte amb l&#8217;autoritzaci\u00f3 pr\u00e8via, per escrit, de la citada Entitat.&nbsp;&nbsp;<\/p>\n\n\n\n<p>Aix\u00ed mateix, queda prohibit suprimir, eludir i\/o manipular el \u00abcopyright\u00bb aix\u00ed com els dispositius t\u00e8cnics de protecci\u00f3, o qualssevol mecanismes d&#8217;informaci\u00f3 que pogueren contindre els continguts. L&#8217;Usuari d&#8217;aquest Espai Web es compromet a respectar els drets enunciats i a evitar qualsevol actuaci\u00f3 que poguera perjudicar-los, reservant-se en tot cas l&#8217;empresa l&#8217;exercici de quants mitjans o accions legals li corresponguen en defensa dels seus leg\u00edtims drets de propietat intel\u00b7lectual i industrial.&nbsp;<\/p>\n\n\n\n<ol class=\"wp-block-list\" start=\"5\">\n<li><strong>OBLIGACIONS I RESPONSABILITATS DE L&#8217;USUARI DE L&#8217;ESPAI WEB<\/strong>\u00a0\u00a0<\/li>\n<\/ol>\n\n\n\n<p>L&#8217;Usuari es compromet a:&nbsp;&nbsp;<\/p>\n\n\n\n<p>Fer un \u00fas adequat i l\u00edcit de l&#8217;Espai Web aix\u00ed com dels continguts i serveis, de conformitat amb: (i) la legislaci\u00f3 aplicable a cada moment; (*ii) les Condicions Generals d&#8217;\u00das de l&#8217;Espai Web; (*iii) la moral i bons costums generalment acceptades i (*iv) l&#8217;ordre p\u00fablic.&nbsp;&nbsp;<\/p>\n\n\n\n<p>Proveir-se de tots els mitjans i requeriments t\u00e8cnics que es precisen per a accedir a l&#8217;Espai Web.&nbsp;&nbsp;<\/p>\n\n\n\n<p>Facilitar informaci\u00f3 vera\u00e7 en emplenar amb les seues dades de car\u00e0cter personal els formularis continguts en l&#8217;Espai Web i a mantindre&#8217;ls actualitzats en tot moment de manera que responga, a cada moment, a la situaci\u00f3 real de l&#8217;Usuari. L&#8217;Usuari ser\u00e0 l&#8217;\u00fanic responsable de les manifestacions falses o inexactes que realitze i dels perjudicis que cause a l&#8217;empresa o a tercers per la informaci\u00f3 que facilite.&nbsp;&nbsp;<\/p>\n\n\n\n<p>No obstant aix\u00f2, el que s&#8217;estableix en l&#8217;apartat anterior l&#8217;Usuari deur\u00e0 aix\u00ed mateix abstindre&#8217;s de:&nbsp;&nbsp;<\/p>\n\n\n\n<p>Fer un \u00fas no autoritzat o fraudulent de l&#8217;Espai Web i\/o dels continguts amb finalitats&nbsp; o efectes il\u00b7l\u00edcits, prohibits en les presents Condicions Generals d&#8217;\u00das, lesius dels drets i interessos de tercers, o que de qualsevol forma puguen danyar, inutilitzar, sobrecarregar, deteriorar o impedir la normal utilitzaci\u00f3 dels serveis o els documents, arxius i tota classe de continguts emmagatzemats en qualsevol equip inform\u00e0tic.&nbsp;&nbsp;<\/p>\n\n\n\n<p>Accedir o intentar accedir a recursos o \u00e0rees restringides de l&#8217;Espai Web, sense complir les condicions exigides per a aquest acc\u00e9s.&nbsp;&nbsp;<\/p>\n\n\n\n<p>Provocar danys en els sistemes f\u00edsics o l\u00f2gics de l&#8217;Espai Web, dels seus prove\u00efdors o de tercers.&nbsp;&nbsp;<\/p>\n\n\n\n<p>Introduir o difondre en la xarxa virus inform\u00e0tics o qualssevol altres sistemes f\u00edsics o l\u00f2gics que siguen susceptibles de provocar danys en els sistemes f\u00edsics o l\u00f2gics de l&#8217;empresa, prove\u00efdors o de tercers.&nbsp;&nbsp;<\/p>\n\n\n\n<p>Intentar accedir, utilitzar i\/o manipular les dades de l&#8217;empresa, tercers prove\u00efdors i altres Usuaris.&nbsp;&nbsp;<\/p>\n\n\n\n<p>Reproduir o copiar, distribuir, permetre l&#8217;acc\u00e9s del p\u00fablic a trav\u00e9s de qualsevol modalitat de comunicaci\u00f3 p\u00fablica, transformar o modificar els continguts, llevat que&nbsp; es compte amb l&#8217;autoritzaci\u00f3 del titular dels corresponents drets o aix\u00f2 resulte legalment perm\u00e9s.&nbsp;&nbsp;<\/p>\n\n\n\n<p>Suprimir, ocultar o manipular les notes sobre drets de propietat intel\u00b7lectual o industrial i altres dades identificatives dels drets de l&#8217;empresa o de tercers incorporats als continguts, aix\u00ed com els dispositius t\u00e8cnics de protecci\u00f3 o qualssevol mecanismes d&#8217;informaci\u00f3 que puguen inserir-se en els continguts.&nbsp;&nbsp;<\/p>\n\n\n\n<p>Obtindre i intentar obtindre els continguts emprant per a aix\u00f2 mitjans o procediments diferents dels que, segons els casos, s&#8217;hagen posat a la seua disposici\u00f3 a aquest efecte o s&#8217;hagen indicat expressament en les p\u00e0gines web on es troben els continguts o, en general, dels que s&#8217;empren habitualment en Internet per no comportar un risc de mal o inutilitzaci\u00f3 de l&#8217;Espai&nbsp; web i\/o dels continguts.&nbsp;&nbsp;<\/p>\n\n\n\n<p>En particular, i a t\u00edtol merament indicatiu i no exhaustiu, l&#8217;Usuari es compromet a no transmetre, difondre o posar a la disposici\u00f3 de tercers informacions, dades, continguts, missatges, gr\u00e0fics, dibuixos, arxius de so i\/o imatge, fotografies, gravacions, programari i, en general, qualsevol classe de material que:&nbsp;<\/p>\n\n\n\n<ul class=\"wp-block-list\">\n<li>De qualsevol forma siga contrari, menyspree o atempte contra els drets fonamentals i les llibertats p\u00fabliques reconegudes constitucionalment, en els Tractats Internacionals i en la resta de la legislaci\u00f3 vigent.\u00a0<\/li>\n<\/ul>\n\n\n\n<ul class=\"wp-block-list\">\n<li>Indu\u00efsca, incite o promoga actuacions delictives, denigrat\u00f2ries, difamat\u00f2ries, violentes o, en general, contr\u00e0ries a la llei, a la moral, als bons costums generalment acceptades o a l&#8217;ordre p\u00fablic.\u00a0<\/li>\n<\/ul>\n\n\n\n<ul class=\"wp-block-list\">\n<li>Indu\u00efsca, incite o promoga actuacions, actituds o pensaments discriminatoris per ra\u00f3 de sexe, ra\u00e7a, religi\u00f3, creences, edat o condici\u00f3.\u00a0<\/li>\n<\/ul>\n\n\n\n<ul class=\"wp-block-list\">\n<li>Incorpore, pose a disposici\u00f3 o permeta accedir a productes, elements, missatges i\/o serveis delictius, violents, ofensius, nocius, degradants o, en general , contraris a la llei, a la moral i als bons costums generalment acceptades o a l&#8217;ordre p\u00fablic. Indu\u00efsca o puga induir a un estat inacceptable d&#8217;ansietat\u00a0 o temor.\u00a0<\/li>\n<\/ul>\n\n\n\n<ul class=\"wp-block-list\">\n<li>Indu\u00efsca o incite a involucrar-se en pr\u00e0ctiques perilloses, de risc o nocives per a la salut i l&#8217;equilibri ps\u00edquic.\u00a0<\/li>\n<\/ul>\n\n\n\n<ul class=\"wp-block-list\">\n<li>Es troba protegit per la legislaci\u00f3 en mat\u00e8ria de protecci\u00f3 intel\u00b7lectual o industrial pertanyent a la societat o a tercers sense que haja sigut autoritzat l&#8217;\u00fas\u00a0 que es pretenga realitzar.\u00a0<\/li>\n<\/ul>\n\n\n\n<ul class=\"wp-block-list\">\n<li>Siga contrari a l&#8217;honor, a la intimitat personal i familiar o a la pr\u00f2pia imatge de les persones.\u00a0<\/li>\n<\/ul>\n\n\n\n<ul class=\"wp-block-list\">\n<li>Constitu\u00efsca qualsevol tipus de publicitat.\u00a0<\/li>\n<\/ul>\n\n\n\n<ul class=\"wp-block-list\">\n<li>Incloga qualsevol tipus de virus o programa que impedisca el normal funcionament de l&#8217;Espai Web.\u00a0<\/li>\n<\/ul>\n\n\n\n<p>Si per a accedir a alguns dels serveis i\/o continguts de l&#8217;Espai Web, se li proporcionara una contrasenya, s&#8217;obliga a usar-la de manera diligent, mantenint-la en tot moment en secret. En conseq\u00fc\u00e8ncia, ser\u00e0 responsable de la seua adequada cust\u00f2dia i confidencialitat, comprometent-se a no cedir-la a tercers, de manera temporal o permanent, ni a permetre l&#8217;acc\u00e9s als esmentats serveis i\/o continguts per part de persones alienes. Igualment, s&#8217;obliga a notificar a la societat qualsevol fet que puga suposar un \u00fas indegut de la seua contrasenya, com, a t\u00edtol enunciatiu, el seu robatori, extraviament o l&#8217;acc\u00e9s no autoritzat, amb la finalitat de procedir a la seua immediata cancel\u00b7laci\u00f3. En conseq\u00fc\u00e8ncia, mentre no efectue la notificaci\u00f3 anterior, l&#8217;empresa quedar\u00e0 eximida de qualsevol responsabilitat que poguera derivar-se de l&#8217;\u00fas indegut de la seua contrasenya, sent de la seua responsabilitat qualsevol utilitzaci\u00f3 il\u00b7l\u00edcita dels continguts i\/o serveis de l&#8217;Espai Web per qualsevol tercer il\u00b7leg\u00edtim. Si de manera negligent o dolosa incomplira qualsevol de les obligacions establides en les presents Condicions Generals d&#8217;\u00das, respondr\u00e0 per tots els danys i perjudicis que d&#8217;aquest incompliment pogueren derivar-se per a l&#8217;empresa.&nbsp;<\/p>\n\n\n\n<ol class=\"wp-block-list\" start=\"6\">\n<li><strong>RESPONSABILITATS<\/strong>\u00a0<\/li>\n<\/ol>\n\n\n\n<p>No es garanteix l&#8217;acc\u00e9s continuat, ni la correcta visualitzaci\u00f3, desc\u00e0rrega o utilitat dels elements i informacions contingudes en la web que puguen veure&#8217;s impedits, dificultats o interromputs per factors o circumst\u00e0ncies que estan fora del seu control. No es fa responsable de les decisions que pogueren adoptar-se a conseq\u00fc\u00e8ncia de l&#8217;acc\u00e9s als continguts o informacions oferides.&nbsp;&nbsp;<\/p>\n\n\n\n<p>Es podr\u00e0 interrompre el servei, o resoldre de mode immediat la relaci\u00f3 amb l&#8217;Usuari,&nbsp; si es detecta que un \u00fas del seu Espai Web, o de qualsevol dels serveis oferits en aquest, \u00e9s contrari a les presents Condicions Generals d&#8217;\u00das. No ens fem responsables per danys, perjudicis, p\u00e8rdues, reclamacions o despeses derivades de l&#8217;\u00fas de l&#8217;Espai Web.&nbsp;&nbsp;<\/p>\n\n\n\n<p>\u00danicament ser\u00e0 responsable d&#8217;eliminar, al m\u00e9s prompte possible, els continguts que puguen generar tals perjudicis, sempre que aix\u00ed es notifique. Especialment no serem responsables dels perjudicis que es pogueren derivar, entre altres, de:&nbsp;&nbsp;<\/p>\n\n\n\n<p>Interfer\u00e8ncies, interrupcions, fallades, omissions, avaries telef\u00f2niques, retards, bloquejos o desconnexions en el funcionament del sistema electr\u00f2nic, motivades per defici\u00e8ncies, sobrec\u00e0rregues i errors en les l\u00ednies i xarxes de telecomunicacions, o per qualsevol altra causa aliena al control de l&#8217;empresa.&nbsp;&nbsp;<\/p>\n\n\n\n<p>Intromissions il\u00b7leg\u00edtimes mitjan\u00e7ant l&#8217;\u00fas de programes malignes de qualsevol tipus i a trav\u00e9s de qualsevol mitj\u00e0 de comunicaci\u00f3, com ara virus inform\u00e0tics o qualssevol altres.&nbsp;&nbsp;<\/p>\n\n\n\n<p>Ab\u00fas indegut o inadequat de l&#8217;Espai Web.&nbsp;<\/p>\n\n\n\n<p>Errors de seguretat o navegaci\u00f3 produ\u00efts per un mal funcionament del navegador&nbsp; o per l&#8217;\u00fas de versions no actualitzades d&#8217;aquest. L&#8217;administrador de l&#8217;espai&nbsp; web es reserven el dret de retirar, totalment o parcialment, qualsevol contingut o informaci\u00f3 present en l&#8217;Espai Web.&nbsp;&nbsp;<\/p>\n\n\n\n<p>L&#8217;empresa exclou qualsevol responsabilitat pels danys i perjudicis de tota naturalesa que pogueren deure&#8217;s a la mala utilitzaci\u00f3 dels serveis de lliure disposici\u00f3 i \u00fas per part dels Usuaris d&#8217;Espai Web. Aix\u00ed mateix, queda exonerat de qualsevol responsabilitat pel contingut i informacions que puguen ser rebudes a conseq\u00fc\u00e8ncia dels formularis de recollida de dades, estant els mateixos \u00fanicament per a la prestaci\u00f3 dels serveis de consultes i dubtes. D&#8217;altra banda, en cas de causar danys i perjudicis per un \u00fas il\u00b7l\u00edcit o incorrecte d&#8217;aquests serveis, podr\u00e0 ser l&#8217;Usuari reclamat pels danys o perjudicis causats.&nbsp;&nbsp;<\/p>\n\n\n\n<p>Vost\u00e9 mantindr\u00e0 a l&#8217;empresa indemne enfront de qualssevol danys i perjudicis que es deriven de reclamacions, accions o demandes de tercers a conseq\u00fc\u00e8ncia del seu acc\u00e9s o \u00fas de l&#8217;Espai Web. Aix\u00ed mateix, vost\u00e9 s&#8217;obliga a indemnitzar enfront de&nbsp; qualssevol danys i perjudicis, que es deriven de l&#8217;\u00fas per la seua part de \u201crobots\u201d, \u201cspiders\u201d, \u201ccrawlers\u201d o eines similars empleades amb la finalitat de recaptar o extraure dades o de qualsevol altra actuaci\u00f3 per la seua part que impose una c\u00e0rrega desraonada sobre el funcionament de l&#8217;Espai Web.&nbsp;<\/p>\n\n\n\n<ol class=\"wp-block-list\" start=\"7\">\n<li><strong>ENLLA\u00c7OS<\/strong>\u00a0<\/li>\n<\/ol>\n\n\n\n<p>L&#8217;Usuari s&#8217;obliga a no reproduir de cap mode, ni tan sols mitjan\u00e7ant un enlla\u00e7 o enlla\u00e7, l&#8217;Espai Web, aix\u00ed com cap dels seus continguts, excepte autoritzaci\u00f3 expressa i per escrit del responsable del fitxer.&nbsp;<\/p>\n\n\n\n<p>L&#8217;Espai Web pot incloure enlla\u00e7os a altres espais web, gestionats per tercers, a fi de facilitar l&#8217;acc\u00e9s de l&#8217;Usuari a la informaci\u00f3 d&#8217;empreses col\u00b7laboradores i\/o patrocinadores. Conforme amb aix\u00f2, la societat no es responsabilitza del contingut d&#8217;aquests Espais web, ni se situa en una posici\u00f3 de garant ni\/o de part oferent dels serveis i\/o informaci\u00f3 que es puguen oferir a tercers a trav\u00e9s dels enlla\u00e7os de tercers.&nbsp;&nbsp;<\/p>\n\n\n\n<p>Es concedeix a l&#8217;Usuari un dret limitat, revocable i no exclusiu a crear enlla\u00e7os a la p\u00e0gina principal de l&#8217;Espai Web exclusivament per a \u00fas privat i no comercial. Els Espais web que incloguen enlla\u00e7 al nostre Espai Web (i) no podran falsejar la seua relaci\u00f3 ni afirmar que s&#8217;ha autoritzat tal enlla\u00e7, ni incloure marques, denominacions, noms comercials, logotips o altres signes distintius de la nostra societat; (ii) no podran incloure continguts que puguen considerar-se de mal gust, obscens, ofensius, controvertits, que inciten a la viol\u00e8ncia o la discriminaci\u00f3 per ra\u00f3 de sexe, ra\u00e7a o religi\u00f3, contraris a l&#8217;ordre p\u00fablic o il\u00b7l\u00edcits; (iii) no podran enlla\u00e7ar a cap p\u00e0gina de l&#8217;Espai Web diferent de la p\u00e0gina principal; (iv) haur\u00e0 d&#8217;enlla\u00e7ar amb la pr\u00f2pia adre\u00e7a de l&#8217;Espai Web, sense permetre que l&#8217;Espai web que realitze l&#8217;enlla\u00e7 reprodu\u00efsca l&#8217;Espai Web com a part del seu web o dins d&#8217;un dels seus \u201cframes\u201d o crear un \u201cbrowser\u201d sobre qualsevol de les p\u00e0gines de l&#8217;Espai Web. L&#8217;empresa podr\u00e0 sol\u00b7licitar, en qualsevol moment, que elimine qualsevol enlla\u00e7 a l&#8217;Espai Web, despr\u00e9s de la qual cosa haur\u00e0 de procedir immediatament a la seua eliminaci\u00f3.&nbsp;&nbsp;<\/p>\n\n\n\n<p>L&#8217;empresa no pot controlar la informaci\u00f3, continguts, productes o serveis facilitats per altres Espais web que tinguen establits enlla\u00e7os amb destinaci\u00f3 a l&#8217;Espai&nbsp; Web.&nbsp;<\/p>\n\n\n\n<ol class=\"wp-block-list\" start=\"8\">\n<li><strong>PROTECCI\u00d3 DE DADES\u00a0<\/strong>\u00a0<\/li>\n<\/ol>\n\n\n\n<p>Per a utilitzar alguns dels Serveis, l&#8217;Usuari ha de proporcionar pr\u00e8viament unes certes dades de car\u00e0cter personal. L&#8217;empresa tractar\u00e0 automatitzadament aquestes dades i aplicar\u00e0 les corresponents mesures de seguretat, tot aix\u00f2 en compliment del RGPD, LOPDGDD i LSSI. L&#8217;Usuari pot accedir a la pol\u00edtica seguida en el tractament de les dades personals, aix\u00ed com l&#8217;establiment de les finalitats pr\u00e8viament establides, en les condicions definides en la Pol\u00edtica de Privacitat.&nbsp;<\/p>\n\n\n\n<ol class=\"wp-block-list\" start=\"9\">\n<li><strong>COOKIES<\/strong>\u00a0<\/li>\n<\/ol>\n\n\n\n<p>L&#8217;empresa es reserva el dret d&#8217;utilitzar la tecnologia \u201ccookie\u201d en l&#8217;Espai Web, a fi de recon\u00e9ixer-lo com a Usuari freq\u00fcent i personalitzar l&#8217;\u00fas que realitze de l&#8217;Espai Web mitjan\u00e7ant la preselecci\u00f3 del seu idioma, o continguts m\u00e9s desitjats o espec\u00edfics.&nbsp;&nbsp;<\/p>\n\n\n\n<p>Les cookies recopilen l&#8217;adre\u00e7a IP de l&#8217;usuari sent Google el responsable del tractament&nbsp; d&#8217;aquesta informaci\u00f3.&nbsp;&nbsp;<\/p>\n\n\n\n<p>Les cookies s\u00f3n fitxers enviats a un navegador, per mitj\u00e0 d&#8217;un servidor Web, per a registrar la navegaci\u00f3 de l&#8217;Usuari en l&#8217;Espai Web, quan l&#8217;Usuari permeta la seua recepci\u00f3. Si vost\u00e9 ho desitja pot configurar el seu navegador per a ser avisat en pantalla de la recepci\u00f3 de cookies i per a impedir la instal\u00b7laci\u00f3 de cookies en el seu disc dur. Per favor consulte les instruccions i manuals del seu navegador per a ampliar aquesta informaci\u00f3.&nbsp;&nbsp;<\/p>\n\n\n\n<p>Gr\u00e0cies a les cookies, resulta possible que es puga recon\u00e9ixer el navegador de l&#8217;ordinador&nbsp; utilitzat per l&#8217;Usuari amb la finalitat de facilitar continguts i oferir les prefer\u00e8ncies de navegaci\u00f3 o publicit\u00e0ries que l&#8217;Usuari, als perfils demogr\u00e0fics dels Usuaris aix\u00ed com per a mesurar les visites i par\u00e0metres del tr\u00e0nsit,&nbsp; controlar el progr\u00e9s i nombre d&#8217;entrades.&nbsp;<\/p>\n\n\n\n<ol class=\"wp-block-list\" start=\"10\">\n<li><strong>DECLARACIONS I GARANTIES<\/strong>\u00a0<\/li>\n<\/ol>\n\n\n\n<p>En general, els continguts i serveis oferits en l&#8217;Espai Web tenen car\u00e0cter merament informatiu. Per conseg\u00fcent, en oferir-los, no s&#8217;atorga garantia ni cap declaraci\u00f3 en relaci\u00f3 amb els continguts i serveis oferits en l&#8217;Espai web, incloent, a t\u00edtol enunciatiu, garanties de licitud, fiabilitat, utilitat, veracitat, exactitud, o comerciabilitat, excepte en la mesura en qu\u00e8 per llei no puguen excloure&#8217;s tals declaracions i garanties.&nbsp;<\/p>\n\n\n\n<ol class=\"wp-block-list\" start=\"11\">\n<li><strong>FOR\u00c7A MAJOR\u00a0<\/strong>\u00a0<\/li>\n<\/ol>\n\n\n\n<p>L&#8217;empresa no ser\u00e0 responsable en tot en cas d&#8217;impossibilitat de prestar servei, si aquesta es deu a interrupcions prolongades del subministrament el\u00e8ctric, l\u00ednies de telecomunicacions, conflictes socials, vagues, rebel\u00b7li\u00f3, explosions, inundacions, actes i omissions del Govern, i en general tots els sup\u00f2sits de for\u00e7a major o de cas fortu\u00eft.&nbsp;<\/p>\n\n\n\n<ol class=\"wp-block-list\" start=\"12\">\n<li><strong>RESOLUCI\u00d3 DE CONTROV\u00c8RSIES. LLEI APLICABLE I JURISDICCI\u00d3\u00a0<\/strong>\u00a0<\/li>\n<\/ol>\n\n\n\n<p>Les presents Condicions Generals d&#8217;\u00das, aix\u00ed com l&#8217;\u00fas de l&#8217;Espai Web, es regiran per la legislaci\u00f3 espanyola. Per a la resoluci\u00f3 de qualsevol controv\u00e8rsia les parts se sotmetran als Jutjats i Tribunals del domicili social del Responsable del lloc web.&nbsp;&nbsp;<\/p>\n\n\n\n<p>En el cas que qualsevol estipulaci\u00f3 de les presents Condicions Generals d&#8217;\u00das resultara inexigible o nul\u00b7la en virtut de la legislaci\u00f3 aplicable o a conseq\u00fc\u00e8ncia d&#8217;una resoluci\u00f3 judicial o administrativa, aquesta inexigibilitat o nul\u00b7litat no far\u00e0 que les presents Condicions Generals d&#8217;\u00das resulten *inexigibles o nul\u00b7les en el seu conjunt. En aquests casos, l&#8217;empresa procedir\u00e0 a la modificaci\u00f3 o substituci\u00f3 d&#8217;aquesta estipulaci\u00f3 per una altra que siga v\u00e0lida i exigible i que, en la mesura que siga possible&nbsp; , aconseguisca l&#8217;objectiu i pretensi\u00f3 reflectits en l&#8217;estipulaci\u00f3 original.&nbsp;<\/p>\n","protected":false},"excerpt":{"rendered":"<p>LLEI DELS SERVEIS DE LA SOCIETAT DE LA INFORMACI\u00d3 (LSSI)&nbsp;&nbsp; UTE Regeneraci\u00f3 Castell\u00f3, responsable del lloc web, posa a la disposici\u00f3 dels usuaris el present document, amb el qual pret\u00e9n donar compliment a les obligacions disposades en la Llei 34\/2002, d&#8217;11 de juliol, de Serveis de la Societat de la Informaci\u00f3 i del Comer\u00e7 Electr\u00f2nic [&hellip;]<\/p>\n","protected":false},"author":1,"featured_media":0,"parent":0,"menu_order":0,"comment_status":"closed","ping_status":"closed","template":"","meta":{"_et_pb_use_builder":"off","_et_pb_old_content":"","_et_gb_content_width":"1080","footnotes":""},"class_list":["post-275","page","type-page","status-publish","hentry"],"yoast_head":"<!-- This site is optimized with the Yoast SEO plugin v22.7 - https:\/\/yoast.com\/wordpress\/plugins\/seo\/ -->\n<title>Av\u00eds legal - Rehabilitemos Castell&oacute;n<\/title>\n<meta name=\"robots\" content=\"index, follow, max-snippet:-1, max-image-preview:large, max-video-preview:-1\" \/>\n<link rel=\"canonical\" href=\"https:\/\/rehabilitemoscastellon.es\/index.php\/ca\/avis-legal\/\" \/>\n<meta property=\"og:locale\" content=\"es_ES\" \/>\n<meta property=\"og:type\" content=\"article\" \/>\n<meta property=\"og:title\" content=\"Av\u00eds legal - Rehabilitemos Castell&oacute;n\" \/>\n<meta property=\"og:description\" content=\"LLEI DELS SERVEIS DE LA SOCIETAT DE LA INFORMACI\u00d3 (LSSI)&nbsp;&nbsp; UTE Regeneraci\u00f3 Castell\u00f3, responsable del lloc web, posa a la disposici\u00f3 dels usuaris el present document, amb el qual pret\u00e9n donar compliment a les obligacions disposades en la Llei 34\/2002, d&#8217;11 de juliol, de Serveis de la Societat de la Informaci\u00f3 i del Comer\u00e7 Electr\u00f2nic [&hellip;]\" \/>\n<meta property=\"og:url\" content=\"https:\/\/rehabilitemoscastellon.es\/index.php\/ca\/avis-legal\/\" \/>\n<meta property=\"og:site_name\" content=\"Rehabilitemos Castell&oacute;n\" \/>\n<meta property=\"article:modified_time\" content=\"2024-07-03T12:39:53+00:00\" \/>\n<meta name=\"twitter:card\" content=\"summary_large_image\" \/>\n<meta name=\"twitter:label1\" content=\"Tiempo de lectura\" \/>\n\t<meta name=\"twitter:data1\" content=\"14 minutos\" \/>\n<script type=\"application\/ld+json\" class=\"yoast-schema-graph\">{\"@context\":\"https:\/\/schema.org\",\"@graph\":[{\"@type\":\"WebPage\",\"@id\":\"https:\/\/rehabilitemoscastellon.es\/index.php\/ca\/avis-legal\/\",\"url\":\"https:\/\/rehabilitemoscastellon.es\/index.php\/ca\/avis-legal\/\",\"name\":\"Av\u00eds legal - Rehabilitemos Castell&oacute;n\",\"isPartOf\":{\"@id\":\"https:\/\/rehabilitemoscastellon.es\/#website\"},\"datePublished\":\"2024-06-21T16:07:22+00:00\",\"dateModified\":\"2024-07-03T12:39:53+00:00\",\"breadcrumb\":{\"@id\":\"https:\/\/rehabilitemoscastellon.es\/index.php\/ca\/avis-legal\/#breadcrumb\"},\"inLanguage\":\"es\",\"potentialAction\":[{\"@type\":\"ReadAction\",\"target\":[\"https:\/\/rehabilitemoscastellon.es\/index.php\/ca\/avis-legal\/\"]}]},{\"@type\":\"BreadcrumbList\",\"@id\":\"https:\/\/rehabilitemoscastellon.es\/index.php\/ca\/avis-legal\/#breadcrumb\",\"itemListElement\":[{\"@type\":\"ListItem\",\"position\":1,\"name\":\"Portada\",\"item\":\"https:\/\/rehabilitemoscastellon.es\/\"},{\"@type\":\"ListItem\",\"position\":2,\"name\":\"Av\u00eds legal\"}]},{\"@type\":\"WebSite\",\"@id\":\"https:\/\/rehabilitemoscastellon.es\/#website\",\"url\":\"https:\/\/rehabilitemoscastellon.es\/\",\"name\":\"Rehabilitemos Castell\u00f3n\",\"description\":\"Mejoramos vivienda, edificios y barrios\",\"publisher\":{\"@id\":\"https:\/\/rehabilitemoscastellon.es\/#organization\"},\"potentialAction\":[{\"@type\":\"SearchAction\",\"target\":{\"@type\":\"EntryPoint\",\"urlTemplate\":\"https:\/\/rehabilitemoscastellon.es\/?s={search_term_string}\"},\"query-input\":\"required name=search_term_string\"}],\"inLanguage\":\"es\"},{\"@type\":\"Organization\",\"@id\":\"https:\/\/rehabilitemoscastellon.es\/#organization\",\"name\":\"Rehabilitemos Castell\u00f3n\",\"url\":\"https:\/\/rehabilitemoscastellon.es\/\",\"logo\":{\"@type\":\"ImageObject\",\"inLanguage\":\"es\",\"@id\":\"https:\/\/rehabilitemoscastellon.es\/#\/schema\/logo\/image\/\",\"url\":\"http:\/\/rehabilitemoscastellon.es\/wp-content\/uploads\/2024\/05\/logotipo_color.png\",\"contentUrl\":\"http:\/\/rehabilitemoscastellon.es\/wp-content\/uploads\/2024\/05\/logotipo_color.png\",\"width\":2730,\"height\":1174,\"caption\":\"Rehabilitemos Castell\u00f3n\"},\"image\":{\"@id\":\"https:\/\/rehabilitemoscastellon.es\/#\/schema\/logo\/image\/\"}}]}<\/script>\n<!-- \/ Yoast SEO plugin. -->","yoast_head_json":{"title":"Av\u00eds legal - Rehabilitemos Castell&oacute;n","robots":{"index":"index","follow":"follow","max-snippet":"max-snippet:-1","max-image-preview":"max-image-preview:large","max-video-preview":"max-video-preview:-1"},"canonical":"https:\/\/rehabilitemoscastellon.es\/index.php\/ca\/avis-legal\/","og_locale":"es_ES","og_type":"article","og_title":"Av\u00eds legal - Rehabilitemos Castell&oacute;n","og_description":"LLEI DELS SERVEIS DE LA SOCIETAT DE LA INFORMACI\u00d3 (LSSI)&nbsp;&nbsp; UTE Regeneraci\u00f3 Castell\u00f3, responsable del lloc web, posa a la disposici\u00f3 dels usuaris el present document, amb el qual pret\u00e9n donar compliment a les obligacions disposades en la Llei 34\/2002, d&#8217;11 de juliol, de Serveis de la Societat de la Informaci\u00f3 i del Comer\u00e7 Electr\u00f2nic [&hellip;]","og_url":"https:\/\/rehabilitemoscastellon.es\/index.php\/ca\/avis-legal\/","og_site_name":"Rehabilitemos Castell&oacute;n","article_modified_time":"2024-07-03T12:39:53+00:00","twitter_card":"summary_large_image","twitter_misc":{"Tiempo de lectura":"14 minutos"},"schema":{"@context":"https:\/\/schema.org","@graph":[{"@type":"WebPage","@id":"https:\/\/rehabilitemoscastellon.es\/index.php\/ca\/avis-legal\/","url":"https:\/\/rehabilitemoscastellon.es\/index.php\/ca\/avis-legal\/","name":"Av\u00eds legal - Rehabilitemos Castell&oacute;n","isPartOf":{"@id":"https:\/\/rehabilitemoscastellon.es\/#website"},"datePublished":"2024-06-21T16:07:22+00:00","dateModified":"2024-07-03T12:39:53+00:00","breadcrumb":{"@id":"https:\/\/rehabilitemoscastellon.es\/index.php\/ca\/avis-legal\/#breadcrumb"},"inLanguage":"es","potentialAction":[{"@type":"ReadAction","target":["https:\/\/rehabilitemoscastellon.es\/index.php\/ca\/avis-legal\/"]}]},{"@type":"BreadcrumbList","@id":"https:\/\/rehabilitemoscastellon.es\/index.php\/ca\/avis-legal\/#breadcrumb","itemListElement":[{"@type":"ListItem","position":1,"name":"Portada","item":"https:\/\/rehabilitemoscastellon.es\/"},{"@type":"ListItem","position":2,"name":"Av\u00eds legal"}]},{"@type":"WebSite","@id":"https:\/\/rehabilitemoscastellon.es\/#website","url":"https:\/\/rehabilitemoscastellon.es\/","name":"Rehabilitemos Castell\u00f3n","description":"Mejoramos vivienda, edificios y barrios","publisher":{"@id":"https:\/\/rehabilitemoscastellon.es\/#organization"},"potentialAction":[{"@type":"SearchAction","target":{"@type":"EntryPoint","urlTemplate":"https:\/\/rehabilitemoscastellon.es\/?s={search_term_string}"},"query-input":"required name=search_term_string"}],"inLanguage":"es"},{"@type":"Organization","@id":"https:\/\/rehabilitemoscastellon.es\/#organization","name":"Rehabilitemos Castell\u00f3n","url":"https:\/\/rehabilitemoscastellon.es\/","logo":{"@type":"ImageObject","inLanguage":"es","@id":"https:\/\/rehabilitemoscastellon.es\/#\/schema\/logo\/image\/","url":"http:\/\/rehabilitemoscastellon.es\/wp-content\/uploads\/2024\/05\/logotipo_color.png","contentUrl":"http:\/\/rehabilitemoscastellon.es\/wp-content\/uploads\/2024\/05\/logotipo_color.png","width":2730,"height":1174,"caption":"Rehabilitemos Castell\u00f3n"},"image":{"@id":"https:\/\/rehabilitemoscastellon.es\/#\/schema\/logo\/image\/"}}]}},"_links":{"self":[{"href":"https:\/\/rehabilitemoscastellon.es\/index.php\/wp-json\/wp\/v2\/pages\/275","targetHints":{"allow":["GET"]}}],"collection":[{"href":"https:\/\/rehabilitemoscastellon.es\/index.php\/wp-json\/wp\/v2\/pages"}],"about":[{"href":"https:\/\/rehabilitemoscastellon.es\/index.php\/wp-json\/wp\/v2\/types\/page"}],"author":[{"embeddable":true,"href":"https:\/\/rehabilitemoscastellon.es\/index.php\/wp-json\/wp\/v2\/users\/1"}],"replies":[{"embeddable":true,"href":"https:\/\/rehabilitemoscastellon.es\/index.php\/wp-json\/wp\/v2\/comments?post=275"}],"version-history":[{"count":2,"href":"https:\/\/rehabilitemoscastellon.es\/index.php\/wp-json\/wp\/v2\/pages\/275\/revisions"}],"predecessor-version":[{"id":314,"href":"https:\/\/rehabilitemoscastellon.es\/index.php\/wp-json\/wp\/v2\/pages\/275\/revisions\/314"}],"wp:attachment":[{"href":"https:\/\/rehabilitemoscastellon.es\/index.php\/wp-json\/wp\/v2\/media?parent=275"}],"curies":[{"name":"wp","href":"https:\/\/api.w.org\/{rel}","templated":true}]}}