{"id":260,"date":"2024-06-21T16:02:22","date_gmt":"2024-06-21T16:02:22","guid":{"rendered":"https:\/\/rehabilitemoscastellon.es\/?page_id=260"},"modified":"2024-07-03T12:38:11","modified_gmt":"2024-07-03T12:38:11","slug":"aviso-legal","status":"publish","type":"page","link":"https:\/\/rehabilitemoscastellon.es\/index.php\/aviso-legal\/","title":{"rendered":"Aviso legal"},"content":{"rendered":"\n<p><strong>LEY DE LOS SERVICIOS DE LA SOCIEDAD DE LA INFORMACI\u00d3N (LSSI)\u202f<\/strong>&nbsp;<\/p>\n\n\n\n<p>UTE Regeneraci\u00f3n Castell\u00f3, responsable del sitio web, pone a disposici\u00f3n de los usuarios el presente documento, con el que pretende dar cumplimiento a las obligaciones dispuestas en la Ley 34\/2002, de 11 de julio, de Servicios de la Sociedad de la Informaci\u00f3n y del Comercio Electr\u00f3nico (LSSICE), as\u00ed como informar a todos los usuarios del sitio web respecto a cu\u00e1les son las condiciones de uso.\u202f&nbsp;<\/p>\n\n\n\n<p>Toda persona que acceda a este sitio web asume el papel de usuario, comprometi\u00e9ndose a la observancia y cumplimiento riguroso de las disposiciones aqu\u00ed dispuestas, as\u00ed como a cualquier otra disposici\u00f3n legal que fuera de aplicaci\u00f3n.\u202f\u202f&nbsp;<\/p>\n\n\n\n<p>UTE Regeneraci\u00f3n Castell\u00f3 se reserva el derecho de modificar cualquier tipo de informaci\u00f3n que pudiera aparecer en el sitio web, sin que exista obligaci\u00f3n de preavisar o poner en conocimiento de los usuarios dichas obligaciones, entendi\u00e9ndose como suficiente con la publicaci\u00f3n en el sitio web de UTE Regeneraci\u00f3n Castell\u00f3&nbsp;<\/p>\n\n\n\n<ol class=\"wp-block-list\" start=\"1\">\n<li><strong>DATOS IDENTIFICATIVOS\u202f<\/strong>\u00a0<\/li>\n<\/ol>\n\n\n\n<p>Denominaci\u00f3n social: UTE Regeneraci\u00f3n Castell\u00f3&nbsp;<\/p>\n\n\n\n<p>Nombre comercial: UTE Regeneraci\u00f3n Castell\u00f3&nbsp;<\/p>\n\n\n\n<p>CIF: U70896816&nbsp;<\/p>\n\n\n\n<p>Domicilio: plaza Sierra Espadan,3 \u2013 12006, Castell\u00f3n de la Plana (Castell\u00f3n, Comunidad Valenciana)&nbsp;&nbsp;<\/p>\n\n\n\n<p>e-mail: <a href=\"mailto:hola@rehabilitemoscastellon.es\" target=\"_blank\" rel=\"noreferrer noopener\">hola@rehabilitemoscastellon.es<\/a>&nbsp;&nbsp;<\/p>\n\n\n\n<ol class=\"wp-block-list\" start=\"2\">\n<li><strong>OBJETO<\/strong>\u00a0<\/li>\n<\/ol>\n\n\n\n<p>A trav\u00e9s del Sitio Web, les ofrecemos a los Usuarios la posibilidad de acceder a la informaci\u00f3n sobre nuestros servicios.&nbsp;<\/p>\n\n\n\n<ol class=\"wp-block-list\" start=\"3\">\n<li><strong>PRIVACIDAD Y TRATAMIENTO DE DATOS\u202f<\/strong>\u00a0<\/li>\n<\/ol>\n\n\n\n<p>Cuando para el acceso a determinados contenidos o servicio sea necesario facilitar datos de car\u00e1cter personal, los Usuarios garantizar\u00e1n su veracidad, exactitud, autenticidad y vigencia. La empresa dar\u00e1 a dichos datos el tratamiento automatizado que corresponda en funci\u00f3n de su naturaleza o finalidad, en los t\u00e9rminos indicados en la secci\u00f3n de Pol\u00edtica de Privacidad.&nbsp;<\/p>\n\n\n\n<ol class=\"wp-block-list\" start=\"4\">\n<li><strong>PROPIEDAD INDUSTRIAL E INTELECTUAL\u202f<\/strong>\u00a0<\/li>\n<\/ol>\n\n\n\n<p>El Usuario reconoce y acepta que todos los contenidos que se muestran en el\u202f Espacio Web y en especial, dise\u00f1os, textos, im\u00e1genes, logos, iconos, botones,\u202f software, nombres comerciales, marcas, o cualesquiera otros signos susceptibles de\u202f utilizaci\u00f3n industrial y\/o comercial est\u00e1n sujetos a derechos de Propiedad Intelectual\u202f y todas las marcas, nombres comerciales o signos distintivos, todos los derechos de\u202f propiedad industrial e intelectual, sobre los contenidos y\/o cualesquiera otros\u202f elementos insertados en el p\u00e1gina, que son propiedad exclusiva de la empresa y\/o\u202f de terceros, quienes tienen el derecho exclusivo de utilizarlos en el tr\u00e1fico\u202f econ\u00f3mico. Por todo ello el Usuario se compromete a no reproducir, copiar, distribuir, poner a disposici\u00f3n o de cualquier otra forma comunicar p\u00fablicamente, transformar o modificar tales contenidos manteniendo indemne a la empresa de cualquier reclamaci\u00f3n que se derive del incumplimiento de tales obligaciones. En ning\u00fan caso el acceso al Espacio Web implica ning\u00fan tipo de renuncia, transmisi\u00f3n, licencia o cesi\u00f3n total ni parcial de dichos derechos, salvo que se establezca expresamente lo contrario. Las presentes Condiciones Generales de Uso del Espacio Web no confieren a los Usuarios ning\u00fan otro derecho de utilizaci\u00f3n, RRHH, alteraci\u00f3n, explotaci\u00f3n, reproducci\u00f3n, distribuci\u00f3n o comunicaci\u00f3n p\u00fablica del Espacio Web y\/o de sus Contenidos distintos de los aqu\u00ed expresamente previstos.\u202f Cualquier otro uso o explotaci\u00f3n de cualesquiera derechos estar\u00e1 sujeto a la previa y\u202fexpresa autorizaci\u00f3n espec\u00edficamente otorgada a tal efecto por la empresa o el tercero titular de los derechos afectados.\u202f&nbsp;<\/p>\n\n\n\n<p>Los contenidos, textos, fotograf\u00edas, dise\u00f1os, logotipos, im\u00e1genes, programas de ordenador, c\u00f3digos fuente y, en general, cualquier creaci\u00f3n intelectual existente en este Espacio, as\u00ed como el propio Espacio en su conjunto, como obra art\u00edstica multimedia, est\u00e1n protegidos como derechos de autor por la legislaci\u00f3n en materia de propiedad intelectual. La empresa es titular de los elementos que integran el dise\u00f1o gr\u00e1fico del Espacio Web, lo men\u00fas, botones de navegaci\u00f3n, el c\u00f3digo HTML, los textos, im\u00e1genes, texturas, gr\u00e1ficos y cualquier otro contenido del Espacio Web o, en cualquier caso, dispone de la correspondiente autorizaci\u00f3n para la utilizaci\u00f3n\u202f de dichos elementos. El contenido dispuesto en el Espacio Web no podr\u00e1 ser reproducido ni en todo ni en parte, ni transmitido, ni registrado por ning\u00fan sistema de recuperaci\u00f3n de informaci\u00f3n, en ninguna forma ni en ning\u00fan medio, a menos que se cuente con la autorizaci\u00f3n previa, por escrito, de la citada Entidad.\u202f&nbsp;<\/p>\n\n\n\n<p>Asimismo, queda prohibido suprimir, eludir y\/o manipular el \u00abcopyright\u00bb as\u00ed como los dispositivos t\u00e9cnicos de protecci\u00f3n, o cualesquiera mecanismos de informaci\u00f3n que pudieren contener los contenidos. El Usuario de este Espacio Web se compromete a respetar los derechos enunciados y a evitar cualquier actuaci\u00f3n que pudiera perjudicarlos, reserv\u00e1ndose en todo caso la empresa el ejercicio de cuantos medios o acciones legales le correspondan en defensa de sus leg\u00edtimos derechos de propiedad intelectual e industrial.&nbsp;<\/p>\n\n\n\n<ol class=\"wp-block-list\" start=\"5\">\n<li><strong>OBLIGACIONES Y RESPONSABILIDADES DEL USUARIO DEL ESPACIO WEB<\/strong>\u00a0<\/li>\n<\/ol>\n\n\n\n<p>&nbsp;El Usuario se compromete a:\u202f&nbsp;<\/p>\n\n\n\n<p>Hacer un uso adecuado y l\u00edcito del Espacio Web as\u00ed como de los contenidos y servicios, de conformidad con: (i) la legislaci\u00f3n aplicable en cada momento; (ii) las\u202fCondiciones Generales de Uso del Espacio Web; (iii) la moral y buenas costumbres\u202f generalmente aceptadas y (iv) el orden p\u00fablico.\u202f&nbsp;<\/p>\n\n\n\n<p>Proveerse de todos los medios y requerimientos t\u00e9cnicos que se precisen para\u202f acceder al Espacio Web.\u202f&nbsp;<\/p>\n\n\n\n<p>Facilitar informaci\u00f3n veraz al cumplimentar con sus datos de car\u00e1cter personal los\u202f formularios contenidos en el Espacio Web y a mantenerlos actualizados en todo\u202f momento de forma que responda, en cada momento, a la situaci\u00f3n real del Usuario.\u202f El Usuario ser\u00e1 el \u00fanico responsable de las manifestaciones falsas o inexactas que\u202f realice y de los perjuicios que cause a la empresa o a terceros por la informaci\u00f3n\u202f que facilite.\u202f&nbsp;<\/p>\n\n\n\n<p>No obstante, lo establecido en el apartado anterior el Usuario deber\u00e1 asimismo\u202f abstenerse de:\u202f&nbsp;<\/p>\n\n\n\n<p>Hacer un uso no autorizado o fraudulento del Espacio Web y\/o de los contenidos con\u202f fines o efectos il\u00edcitos, prohibidos en las presentes Condiciones Generales de Uso,\u202f lesivos de los derechos e intereses de terceros, o que de cualquier forma puedan\u202f da\u00f1ar, inutilizar, sobrecargar, deteriorar o impedir la normal utilizaci\u00f3n de los\u202f servicios o los documentos, archivos y toda clase de contenidos almacenados en\u202f cualquier equipo inform\u00e1tico.\u202f&nbsp;<\/p>\n\n\n\n<p>Acceder o intentar acceder a recursos o \u00e1reas restringidas del Espacio Web, sin\u202f cumplir las condiciones exigidas para dicho acceso.\u202f&nbsp;<\/p>\n\n\n\n<p>Provocar da\u00f1os en los sistemas f\u00edsicos o l\u00f3gicos del Espacio Web, de sus\u202f proveedores o de terceros.\u202f&nbsp;<\/p>\n\n\n\n<p>Introducir o difundir en la red virus inform\u00e1ticos o cualesquiera otros sistemas f\u00edsicos\u202f o l\u00f3gicos que sean susceptibles de provocar da\u00f1os en los sistemas f\u00edsicos o l\u00f3gicos\u202f de la empresa, proveedores o de terceros.\u202f&nbsp;<\/p>\n\n\n\n<p>Intentar acceder, utilizar y\/o manipular los datos de la empresa, terceros\u202f proveedores y otros Usuarios.\u202f&nbsp;<\/p>\n\n\n\n<p>Reproducir o copiar, distribuir, permitir el acceso del p\u00fablico a trav\u00e9s de cualquier\u202f modalidad de comunicaci\u00f3n p\u00fablica, transformar o modificar los contenidos, a\u202f menos que se cuente con la autorizaci\u00f3n del titular de los correspondientes derechos\u202f o ello resulte legalmente permitido.\u202f&nbsp;<\/p>\n\n\n\n<p>Suprimir, ocultar o manipular las notas sobre derechos de propiedad intelectual o\u202f industrial y dem\u00e1s datos identificativos de los derechos de la empresa o de terceros\u202f incorporados a los contenidos, as\u00ed como los dispositivos t\u00e9cnicos de protecci\u00f3n o\u202f cualesquiera mecanismos de informaci\u00f3n que puedan insertarse en los contenidos.\u202f&nbsp;<\/p>\n\n\n\n<p>Obtener e intentar obtener los contenidos empleando para ello medios o\u202f procedimientos distintos de los que, seg\u00fan los casos, se hayan puesto a su\u202f disposici\u00f3n a este efecto o se hayan indicado expresamente en las p\u00e1ginas web\u202f donde se encuentren los contenidos o, en general, de los que se empleen\u202f habitualmente en Internet por no entra\u00f1ar un riesgo de da\u00f1o o inutilizaci\u00f3n del\u202f Espacio web y\/o de los contenidos.\u202f&nbsp;<\/p>\n\n\n\n<p>En particular, y a t\u00edtulo meramente indicativo y no exhaustivo, el Usuario se\u202f compromete a no transmitir, difundir o poner a disposici\u00f3n de terceros\u202f informaciones, datos, contenidos, mensajes, gr\u00e1ficos, dibujos, archivos de sonido\u202f y\/o imagen, fotograf\u00edas, grabaciones, software y, en general, cualquier clase de\u202f material que:&nbsp;<\/p>\n\n\n\n<ul class=\"wp-block-list\">\n<li>De cualquier forma sea contrario, menosprecie o atente contra los derechos\u202f fundamentales y las libertades p\u00fablicas reconocidas constitucionalmente, en los\u202f Tratados Internacionales y en el resto de la legislaci\u00f3n vigente.\u00a0<\/li>\n<\/ul>\n\n\n\n<ul class=\"wp-block-list\">\n<li>Induzca, incite o promueva actuaciones delictivas, denigratorias, difamatorias,\u202f violentas o, en general, contrarias a la ley, a la moral, a las buenas costumbres\u202f generalmente aceptadas o al orden p\u00fablico.\u00a0<\/li>\n<\/ul>\n\n\n\n<ul class=\"wp-block-list\">\n<li>Induzca, incite o promueva actuaciones, actitudes o pensamientos discriminatorios\u202f por raz\u00f3n de sexo, raza, religi\u00f3n, creencias, edad o condici\u00f3n.\u00a0<\/li>\n<\/ul>\n\n\n\n<ul class=\"wp-block-list\">\n<li>Incorpore, ponga a disposici\u00f3n o permita acceder a productos, elementos,\u202f mensajes y\/o servicios delictivos, violentos, ofensivos, nocivos, degradantes o, en\u202f general, contrarios a la ley, a la moral y a las buenas costumbres generalmente\u202f aceptadas o al orden p\u00fablico. Induzca o pueda inducir a un estado inaceptable de\u202f ansiedad o temor.\u00a0<\/li>\n<\/ul>\n\n\n\n<ul class=\"wp-block-list\">\n<li>Induzca o incite a involucrarse en pr\u00e1cticas peligrosas, de riesgo o nocivas para la\u202f salud y el equilibrio ps\u00edquico.\u00a0<\/li>\n<\/ul>\n\n\n\n<ul class=\"wp-block-list\">\n<li>Se encuentra protegido por la legislaci\u00f3n en materia de protecci\u00f3n intelectual o\u202f industrial perteneciente a la sociedad o a terceros sin que haya sido autorizado el\u202f uso que se pretenda realizar.\u00a0<\/li>\n<\/ul>\n\n\n\n<ul class=\"wp-block-list\">\n<li>Sea contrario al honor, a la intimidad personal y familiar o a la propia imagen de\u202f las personas.\u00a0<\/li>\n<\/ul>\n\n\n\n<ul class=\"wp-block-list\">\n<li>Constituya cualquier tipo de publicidad.\u00a0<\/li>\n<\/ul>\n\n\n\n<ul class=\"wp-block-list\">\n<li>Incluya cualquier tipo de virus o programa que impida el normal funcionamiento\u202f del Espacio Web.\u00a0<\/li>\n<\/ul>\n\n\n\n<p>Si para acceder a algunos de los servicios y\/o contenidos del Espacio Web, se le\u202f proporcionara una contrase\u00f1a, se obliga a usarla de manera diligente,\u202f manteni\u00e9ndola en todo momento en secreto. En consecuencia, ser\u00e1 responsable de\u202f su adecuada custodia y confidencialidad, comprometi\u00e9ndose a no cederla a terceros,\u202f de manera temporal o permanente, ni a permitir el acceso a los mencionados\u202f servicios y\/o contenidos por parte de personas ajenas. Igualmente, se obliga a\u202f notificar a la sociedad cualquier hecho que pueda suponer un uso indebido de su\u202f contrase\u00f1a, como, a t\u00edtulo enunciativo, su robo, extrav\u00edo o el acceso no autorizado,\u202f con el fin de proceder a su inmediata cancelaci\u00f3n. En consecuencia, mientras no\u202f efect\u00fae la notificaci\u00f3n anterior, la empresa quedar\u00e1 eximida de cualquier\u202f responsabilidad que pudiera derivarse del uso indebido de su contrase\u00f1a, siendo de\u202f su responsabilidad cualquier utilizaci\u00f3n il\u00edcita de los contenidos y\/o servicios del\u202fEspacio Web por cualquier tercero ileg\u00edtimo. Si de manera negligente o dolosa\u202f incumpliera cualquiera de las obligaciones establecidas en las presentes Condiciones\u202f Generales de Uso, responder\u00e1 por todos los da\u00f1os y perjuicios que de dicho\u202f incumplimiento pudieran derivarse para la empresa.&nbsp;<\/p>\n\n\n\n<ol class=\"wp-block-list\" start=\"6\">\n<li><strong>RESPONSABILIDADES<\/strong>\u00a0<\/li>\n<\/ol>\n\n\n\n<p>No se garantiza el acceso continuado, ni la correcta visualizaci\u00f3n, descarga o utilidad\u202f de los elementos e informaciones contenidas en la web que puedan verse\u202f impedidos, dificultados o interrumpidos por factores o circunstancias que est\u00e1n fuera\u202f de su control. No se hace responsable de las decisiones que pudieran adoptarse\u202f como consecuencia del acceso a los contenidos o informaciones ofrecidas.\u202f&nbsp;<\/p>\n\n\n\n<p>Se podr\u00e1 interrumpir el servicio, o resolver de modo inmediato la relaci\u00f3n con el\u202f Usuario, si se detecta que un uso de su Espacio Web, o de cualquiera de los\u202f servicios ofertados en el mismo, es contrario a las presentes Condiciones Generales\u202f de Uso. No nos hacemos responsables por da\u00f1os, perjuicios, p\u00e9rdidas,\u202f reclamaciones o gastos derivados del uso del Espacio Web.\u202f&nbsp;<\/p>\n\n\n\n<p>\u00danicamente ser\u00e1 responsable de eliminar, lo antes posible, los contenidos que\u202f puedan generar tales perjuicios, siempre que as\u00ed se notifique. En especial no\u202f seremos responsables de los perjuicios que se pudieran derivar, entre otros, de:\u202f&nbsp;<\/p>\n\n\n\n<p>Interferencias, interrupciones, fallos, omisiones, aver\u00edas telef\u00f3nicas, retrasos,\u202f bloqueos o desconexiones en el funcionamiento del sistema electr\u00f3nico, motivadas\u202f por deficiencias, sobrecargas y errores en las l\u00edneas y redes de telecomunicaciones,\u202f o por cualquier otra causa ajena al control de la empresa.\u202f\u202f&nbsp;<\/p>\n\n\n\n<p>Intromisiones ileg\u00edtimas mediante el uso de programas malignos de cualquier tipo y\u202f a trav\u00e9s de cualquier medio de comunicaci\u00f3n, tales como virus inform\u00e1ticos o\u202f cualesquiera otros.\u202f&nbsp;<\/p>\n\n\n\n<p>Abuso indebido o inadecuado del Espacio Web.&nbsp;<\/p>\n\n\n\n<p>Errores de seguridad o navegaci\u00f3n producidos por un mal funcionamiento del\u202f navegador o por el uso de versiones no actualizadas del mismo. El administrador del\u202f espacio web se reservan el derecho de retirar, total o parcialmente, cualquier\u202f contenido o informaci\u00f3n presente en el Espacio Web.\u202f&nbsp;<\/p>\n\n\n\n<p>La empresa excluye cualquier responsabilidad por los da\u00f1os y perjuicios de toda\u202f naturaleza que pudieran deberse a la mala utilizaci\u00f3n de los servicios de libre\u202f disposici\u00f3n y uso por parte de los Usuarios de Espacio Web. Asimismo, queda\u202f exonerado de cualquier responsabilidad por el contenido e informaciones que\u202f puedan ser recibidas como consecuencia de los formularios de recogida de datos,\u202f estando los mismos \u00fanicamente para la prestaci\u00f3n de los servicios de consultas y\u202f dudas. Por otro lado, en caso de causar da\u00f1os y perjuicios por un uso il\u00edcito o\u202f incorrecto de dichos servicios, podr\u00e1 ser el Usuario reclamado por los da\u00f1os o\u202f perjuicios causados.\u202f&nbsp;<\/p>\n\n\n\n<p>Usted mantendr\u00e1 a la empresa indemne frente a cualesquiera da\u00f1os y perjuicios que\u202f se deriven de reclamaciones, acciones o demandas de terceros como consecuencia\u202f de su acceso o uso del Espacio Web. Asimismo, usted se obliga a indemnizar frente\u202f a cualesquiera da\u00f1os y perjuicios, que se deriven del uso por su parte de \u201crobots\u201d,\u202f \u201cspiders\u201d, \u201ccrawlers\u201d o herramientas similares empleadas con el fin de recabar o\u202f extraer datos o de cualquier otra actuaci\u00f3n por su parte que imponga una carga\u202f irrazonable sobre el funcionamiento del Espacio Web.&nbsp;<\/p>\n\n\n\n<ol class=\"wp-block-list\" start=\"7\">\n<li><strong>HIPERV\u00cdNCULOS<\/strong>\u00a0<\/li>\n<\/ol>\n\n\n\n<p>El Usuario se obliga a no reproducir de ning\u00fan modo, ni siquiera mediante un\u202f hiperenlace o hiperv\u00ednculo, el Espacio Web, as\u00ed como ninguno de sus contenidos,\u202f salvo autorizaci\u00f3n expresa y por escrito del responsable del fichero.&nbsp;<\/p>\n\n\n\n<p>El Espacio Web puede incluir enlaces a otros espacios web, gestionados por\u202f terceros, con objeto de facilitar el acceso del Usuario a la informaci\u00f3n de empresas\u202f colaboradoras y\/o patrocinadoras. Conforme con ello, la sociedad no se\u202f responsabiliza del contenido de dichos Espacios web, ni se sit\u00faa en una posici\u00f3n de\u202f garante ni\/o de parte ofertante de los servicios y\/o informaci\u00f3n que se puedan\u202f ofrecer a terceros a trav\u00e9s de los enlaces de terceros.\u202f&nbsp;<\/p>\n\n\n\n<p>Se concede al Usuario un derecho limitado, revocable y no exclusivo a crear enlaces\u202f a la p\u00e1gina principal del Espacio Web exclusivamente para uso privado y no\u202f comercial. Los Espacios web que incluyan enlace a nuestro Espacio Web (i) no\u202f podr\u00e1n falsear su relaci\u00f3n ni afirmar que se ha autorizado tal enlace, ni incluir\u202f marcas, denominaciones, nombres comerciales, logotipos u otros signos distintivos\u202f de nuestra sociedad; (ii) no podr\u00e1n incluir contenidos que puedan considerarse de\u202f mal gusto, obscenos, ofensivos, controvertidos, que inciten a la violencia o la\u202f discriminaci\u00f3n por raz\u00f3n de sexo, raza o religi\u00f3n, contrarios al orden p\u00fablico o\u202f il\u00edcitos; (iii) no podr\u00e1n enlazar a ninguna p\u00e1gina del Espacio Web distinta de la\u202f p\u00e1gina principal; (iv) deber\u00e1 enlazar con la propia direcci\u00f3n del Espacio Web, sin\u202f permitir que el Espacio web que realice el enlace reproduzca el Espacio Web como\u202f parte de su web o dentro de uno de sus \u201cframes\u201d o crear un \u201cbrowser\u201d sobre\u202f cualquiera de las p\u00e1ginas del Espacio Web. La empresa podr\u00e1 solicitar, en cualquier\u202f momento, que elimine cualquier enlace al Espacio Web, despu\u00e9s de lo cual deber\u00e1\u202f proceder de inmediato a su eliminaci\u00f3n.\u202f&nbsp;<\/p>\n\n\n\n<p>La empresa no puede controlar la informaci\u00f3n, contenidos, productos o servicios\u202f facilitados por otros Espacios web que tengan establecidos enlaces con destino al\u202f Espacio Web.&nbsp;<\/p>\n\n\n\n<ol class=\"wp-block-list\" start=\"8\">\n<li><strong>PROTECCI\u00d3N DE DATOS\u202f<\/strong>\u00a0<\/li>\n<\/ol>\n\n\n\n<p>Para utilizar algunos de los Servicios, el Usuario debe proporcionar previamente\u202f ciertos datos de car\u00e1cter personal. La empresa tratar\u00e1 automatizadamente estos datos y aplicar\u00e1 las correspondientes medidas de seguridad, todo ello en\u202f cumplimiento del RGPD, LOPDGDD y LSSI. El Usuario puede acceder a la pol\u00edtica\u202f seguida en el tratamiento de los datos personales, as\u00ed como el establecimiento de\u202f las finalidades previamente establecidas, en las condiciones definidas en la Pol\u00edtica\u202f de Privacidad.&nbsp;<\/p>\n\n\n\n<ol class=\"wp-block-list\" start=\"9\">\n<li><strong>COOKIES<\/strong>\u00a0<\/li>\n<\/ol>\n\n\n\n<p>La empresa se reserva el derecho de utilizar la tecnolog\u00eda \u201ccookie\u201d en el Espacio\u202f Web, a fin de reconocerlo como Usuario frecuente y personalizar el uso que realice\u202f del Espacio Web mediante la preselecci\u00f3n de su idioma, o contenidos m\u00e1s deseados\u202f o espec\u00edficos.\u202f&nbsp;<\/p>\n\n\n\n<p>Las cookies recopilan la direcci\u00f3n IP del usuario siendo Google el responsable del\u202f tratamiento de esta informaci\u00f3n.\u202f&nbsp;<\/p>\n\n\n\n<p>Las cookies son ficheros enviados a un navegador, por medio de un servidor Web,\u202f para registrar la navegaci\u00f3n del Usuario en el Espacio Web, cuando el Usuario\u202f permita su recepci\u00f3n. Si usted lo desea puede configurar su navegador para ser\u202f avisado en pantalla de la recepci\u00f3n de cookies y para impedir la instalaci\u00f3n de\u202f cookies en su disco duro. Por favor consulte las instrucciones y manuales de su\u202f navegador para ampliar esta informaci\u00f3n.\u202f&nbsp;<\/p>\n\n\n\n<p>Gracias a las cookies, resulta posible que se pueda reconocer el navegador del\u202f ordenador utilizado por el Usuario con la finalidad de facilitar contenidos y ofrecer\u202f las preferencias de navegaci\u00f3n u publicitarias que el Usuario, a los perfiles\u202f demogr\u00e1ficos de los Usuarios as\u00ed como para medir las visitas y par\u00e1metros del\u202f tr\u00e1fico, controlar el progreso y n\u00famero de entradas.&nbsp;<\/p>\n\n\n\n<ol class=\"wp-block-list\" start=\"10\">\n<li><strong>DECLARACIONES Y GARANT\u00cdAS<\/strong>\u00a0<\/li>\n<\/ol>\n\n\n\n<p>En general, los contenidos y servicios ofrecidos en el Espacio Web tienen car\u00e1cter\u202f meramente informativo. Por consiguiente, al ofrecerlos, no se otorga garant\u00eda ni\u202f declaraci\u00f3n alguna en relaci\u00f3n con los contenidos y servicios ofrecidos en el Espacio\u202f web, incluyendo, a t\u00edtulo enunciativo, garant\u00edas de licitud, fiabilidad, utilidad,\u202f veracidad, exactitud, o comerciabilidad, salvo en la medida en que por ley no\u202f puedan excluirse tales declaraciones y garant\u00edas.&nbsp;<\/p>\n\n\n\n<ol class=\"wp-block-list\" start=\"11\">\n<li><strong>FUERZA MAYOR\u202f<\/strong>\u00a0<\/li>\n<\/ol>\n\n\n\n<p>La empresa no ser\u00e1 responsable en todo en caso de imposibilidad de prestar\u202f servicio, si \u00e9sta se debe a interrupciones prolongadas del suministro el\u00e9ctrico, l\u00edneas\u202f de telecomunicaciones, conflictos sociales, huelgas, rebeli\u00f3n, explosiones,\u202f inundaciones, actos y omisiones del Gobierno, y en general todos los supuestos de\u202f fuerza mayor o de caso fortuito.&nbsp;<\/p>\n\n\n\n<ol class=\"wp-block-list\" start=\"12\">\n<li><strong>RESOLUCI\u00d3N DE CONTROVERSIAS. LEY APLICABLE Y JURISDICCI\u00d3N\u202f<\/strong>\u00a0<\/li>\n<\/ol>\n\n\n\n<p>Las presentes Condiciones Generales de Uso, as\u00ed como el uso del Espacio Web, se\u202f regir\u00e1n por la legislaci\u00f3n espa\u00f1ola. Para la resoluci\u00f3n de cualquier controversia las\u202f partes se someter\u00e1n a los Juzgados y Tribunales del domicilio social del Responsable\u202f del sitio web.\u202f&nbsp;<\/p>\n\n\n\n<p>En el supuesto de que cualquier estipulaci\u00f3n de las presentes Condiciones Generales\u202f de Uso resultara inexigible o nula en virtud de la legislaci\u00f3n aplicable o como\u202f consecuencia de una resoluci\u00f3n judicial o administrativa, dicha inexigibilidad o\u202f nulidad no har\u00e1 que las presentes Condiciones Generales de Uso resulten inexigibles\u202f o nulas en su conjunto. En dichos casos, la empresa proceder\u00e1 a la modificaci\u00f3n o\u202fsustituci\u00f3n de dicha estipulaci\u00f3n por otra que sea v\u00e1lida y exigible y que, en la\u202f medida de lo posible, consiga el objetivo y pretensi\u00f3n reflejados en la estipulaci\u00f3n\u202foriginal.\u00a0<\/p>\n","protected":false},"excerpt":{"rendered":"<p>LEY DE LOS SERVICIOS DE LA SOCIEDAD DE LA INFORMACI\u00d3N (LSSI)\u202f&nbsp; UTE Regeneraci\u00f3n Castell\u00f3, responsable del sitio web, pone a disposici\u00f3n de los usuarios el presente documento, con el que pretende dar cumplimiento a las obligaciones dispuestas en la Ley 34\/2002, de 11 de julio, de Servicios de la Sociedad de la Informaci\u00f3n y del [&hellip;]<\/p>\n","protected":false},"author":1,"featured_media":0,"parent":0,"menu_order":0,"comment_status":"closed","ping_status":"closed","template":"","meta":{"_et_pb_use_builder":"off","_et_pb_old_content":"<!-- wp:paragraph -->\n<p><strong>LEY DE LOS SERVICIOS DE LA SOCIEDAD DE LA INFORMACI\u00d3N (LSSI)&nbsp;<\/strong><\/p>\n<!-- \/wp:paragraph -->\n\n<!-- wp:paragraph -->\n<p>UTE Regeneraci\u00f3n Castell\u00f3, responsable del sitio web, pone a disposici\u00f3n de los usuarios el presente documento, con el que pretende dar cumplimiento a las obligaciones dispuestas en la Ley 34\/2002, de 11 de julio, de Servicios de la Sociedad de la Informaci\u00f3n y del Comercio Electr\u00f3nico (LSSICE), as\u00ed como informar a todos los usuarios del sitio web respecto a cu\u00e1les son las condiciones de uso.&nbsp;<\/p>\n<!-- \/wp:paragraph -->\n\n<!-- wp:paragraph -->\n<p>Toda persona que acceda a este sitio web asume el papel de usuario, comprometi\u00e9ndose a la observancia y cumplimiento riguroso de las disposiciones aqu\u00ed dispuestas, as\u00ed como a cualquier otra disposici\u00f3n legal que fuera de aplicaci\u00f3n.&nbsp;&nbsp;<\/p>\n<!-- \/wp:paragraph -->\n\n<!-- wp:paragraph -->\n<p>UTE Regeneraci\u00f3n Castell\u00f3 se reserva el derecho de modificar cualquier tipo de informaci\u00f3n que pudiera aparecer en el sitio web, sin que exista obligaci\u00f3n de preavisar o poner en conocimiento de los usuarios dichas obligaciones, entendi\u00e9ndose como suficiente con la publicaci\u00f3n en el sitio web de UTE Regeneraci\u00f3n Castell\u00f3<\/p>\n<!-- \/wp:paragraph -->\n\n<!-- wp:list {\"ordered\":true} -->\n<ol><!-- wp:list-item -->\n<li><strong>DATOS IDENTIFICATIVOS\u00a0<\/strong><\/li>\n<!-- \/wp:list-item --><\/ol>\n<!-- \/wp:list -->\n\n<!-- wp:paragraph -->\n<p>Denominaci\u00f3n social: UTE Regeneraci\u00f3n Castell\u00f3<\/p>\n<!-- \/wp:paragraph -->\n\n<!-- wp:paragraph -->\n<p>Nombre comercial: UTE Regeneraci\u00f3n Castell\u00f3<\/p>\n<!-- \/wp:paragraph -->\n\n<!-- wp:paragraph -->\n<p>CIF: U70896816<\/p>\n<!-- \/wp:paragraph -->\n\n<!-- wp:paragraph -->\n<p>Domicilio: plaza Sierra Espadan,3 \u2013 12006, Castell\u00f3n de la Plana (Castell\u00f3n, Comunidad Valenciana)<\/p>\n<!-- \/wp:paragraph -->\n\n<!-- wp:paragraph -->\n<p>e-mail: <a href=\"mailto:hola@rehabilitemoscastellon.es\">hola@rehabilitemoscastellon.es<\/a><\/p>\n<!-- \/wp:paragraph -->\n\n<!-- wp:list -->\n<ul><!-- wp:list-item -->\n<li><strong>OBJETO<\/strong><\/li>\n<!-- \/wp:list-item --><\/ul>\n<!-- \/wp:list -->\n\n<!-- wp:paragraph -->\n<p>A trav\u00e9s del Sitio Web, les ofrecemos a los Usuarios la posibilidad de acceder a la informaci\u00f3n sobre nuestros servicios.<\/p>\n<!-- \/wp:paragraph -->\n\n<!-- wp:list -->\n<ul><!-- wp:list-item -->\n<li><strong>PRIVACIDAD Y TRATAMIENTO DE DATOS\u00a0<\/strong><\/li>\n<!-- \/wp:list-item --><\/ul>\n<!-- \/wp:list -->\n\n<!-- wp:paragraph -->\n<p>Cuando para el acceso a determinados contenidos o servicio sea necesario facilitar datos de car\u00e1cter personal, los Usuarios garantizar\u00e1n su veracidad, exactitud, autenticidad y vigencia. La empresa dar\u00e1 a dichos datos el tratamiento automatizado que corresponda en funci\u00f3n de su naturaleza o finalidad, en los t\u00e9rminos indicados en la secci\u00f3n de Pol\u00edtica de Privacidad.<\/p>\n<!-- \/wp:paragraph -->\n\n<!-- wp:list -->\n<ul><!-- wp:list-item -->\n<li><strong>PROPIEDAD INDUSTRIAL E INTELECTUAL\u00a0<\/strong><\/li>\n<!-- \/wp:list-item --><\/ul>\n<!-- \/wp:list -->\n\n<!-- wp:paragraph -->\n<p>El Usuario reconoce y acepta que todos los contenidos que se muestran en el&nbsp; Espacio Web y en especial, dise\u00f1os, textos, im\u00e1genes, logos, iconos, botones,&nbsp; software, nombres comerciales, marcas, o cualesquiera otros signos susceptibles de&nbsp; utilizaci\u00f3n industrial y\/o comercial est\u00e1n sujetos a derechos de Propiedad Intelectual&nbsp; y todas las marcas, nombres comerciales o signos distintivos, todos los derechos de&nbsp; propiedad industrial e intelectual, sobre los contenidos y\/o cualesquiera otros&nbsp; elementos insertados en el p\u00e1gina, que son propiedad exclusiva de la empresa y\/o&nbsp; de terceros, quienes tienen el derecho exclusivo de utilizarlos en el tr\u00e1fico&nbsp; econ\u00f3mico. Por todo ello el Usuario se compromete a no reproducir, copiar, distribuir, poner a disposici\u00f3n o de cualquier otra forma comunicar p\u00fablicamente, transformar o modificar tales contenidos manteniendo indemne a la empresa de cualquier reclamaci\u00f3n que se derive del incumplimiento de tales obligaciones. En ning\u00fan caso el acceso al Espacio Web implica ning\u00fan tipo de renuncia, transmisi\u00f3n, licencia o cesi\u00f3n total ni parcial de dichos derechos, salvo que se establezca expresamente lo contrario. Las presentes Condiciones Generales de Uso del Espacio Web no confieren a los Usuarios ning\u00fan otro derecho de utilizaci\u00f3n, RRHH, alteraci\u00f3n, explotaci\u00f3n, reproducci\u00f3n, distribuci\u00f3n o comunicaci\u00f3n p\u00fablica del Espacio Web y\/o de sus Contenidos distintos de los aqu\u00ed expresamente previstos.&nbsp; Cualquier otro uso o explotaci\u00f3n de cualesquiera derechos estar\u00e1 sujeto a la previa y&nbsp;expresa autorizaci\u00f3n espec\u00edficamente otorgada a tal efecto por la empresa o el tercero titular de los derechos afectados.&nbsp;<\/p>\n<!-- \/wp:paragraph -->\n\n<!-- wp:paragraph -->\n<p>Los contenidos, textos, fotograf\u00edas, dise\u00f1os, logotipos, im\u00e1genes, programas de ordenador, c\u00f3digos fuente y, en general, cualquier creaci\u00f3n intelectual existente en este Espacio, as\u00ed como el propio Espacio en su conjunto, como obra art\u00edstica multimedia, est\u00e1n protegidos como derechos de autor por la legislaci\u00f3n en materia de propiedad intelectual. La empresa es titular de los elementos que integran el dise\u00f1o gr\u00e1fico del Espacio Web, lo men\u00fas, botones de navegaci\u00f3n, el c\u00f3digo HTML, los textos, im\u00e1genes, texturas, gr\u00e1ficos y cualquier otro contenido del Espacio Web o, en cualquier caso, dispone de la correspondiente autorizaci\u00f3n para la utilizaci\u00f3n&nbsp; de dichos elementos. El contenido dispuesto en el Espacio Web no podr\u00e1 ser reproducido ni en todo ni en parte, ni transmitido, ni registrado por ning\u00fan sistema de recuperaci\u00f3n de informaci\u00f3n, en ninguna forma ni en ning\u00fan medio, a menos que se cuente con la autorizaci\u00f3n previa, por escrito, de la citada Entidad.&nbsp;<\/p>\n<!-- \/wp:paragraph -->\n\n<!-- wp:paragraph -->\n<p>Asimismo, queda prohibido suprimir, eludir y\/o manipular el \u00abcopyright\u00bb as\u00ed como los dispositivos t\u00e9cnicos de protecci\u00f3n, o cualesquiera mecanismos de informaci\u00f3n que pudieren contener los contenidos. El Usuario de este Espacio Web se compromete a respetar los derechos enunciados y a evitar cualquier actuaci\u00f3n que pudiera perjudicarlos, reserv\u00e1ndose en todo caso la empresa el ejercicio de cuantos medios o acciones legales le correspondan en defensa de sus leg\u00edtimos derechos de propiedad intelectual e industrial.<\/p>\n<!-- \/wp:paragraph -->\n\n<!-- wp:list -->\n<ul><!-- wp:list-item -->\n<li><strong>OBLIGACIONES Y RESPONSABILIDADES DEL USUARIO DEL ESPACIO WEB El Usuario se compromete a:\u00a0<\/strong><\/li>\n<!-- \/wp:list-item --><\/ul>\n<!-- \/wp:list -->\n\n<!-- wp:paragraph -->\n<p>Hacer un uso adecuado y l\u00edcito del Espacio Web as\u00ed como de los contenidos y servicios, de conformidad con: (i) la legislaci\u00f3n aplicable en cada momento; (ii) las&nbsp;Condiciones Generales de Uso del Espacio Web; (iii) la moral y buenas costumbres&nbsp; generalmente aceptadas y (iv) el orden p\u00fablico.&nbsp;<\/p>\n<!-- \/wp:paragraph -->\n\n<!-- wp:paragraph -->\n<p>Proveerse de todos los medios y requerimientos t\u00e9cnicos que se precisen para&nbsp; acceder al Espacio Web.&nbsp;<\/p>\n<!-- \/wp:paragraph -->\n\n<!-- wp:paragraph -->\n<p>Facilitar informaci\u00f3n veraz al cumplimentar con sus datos de car\u00e1cter personal los&nbsp; formularios contenidos en el Espacio Web y a mantenerlos actualizados en todo&nbsp; momento de forma que responda, en cada momento, a la situaci\u00f3n real del Usuario.&nbsp; El Usuario ser\u00e1 el \u00fanico responsable de las manifestaciones falsas o inexactas que&nbsp; realice y de los perjuicios que cause a la empresa o a terceros por la informaci\u00f3n&nbsp; que facilite.&nbsp;<\/p>\n<!-- \/wp:paragraph -->\n\n<!-- wp:paragraph -->\n<p>No obstante, lo establecido en el apartado anterior el Usuario deber\u00e1 asimismo&nbsp; abstenerse de:&nbsp;<\/p>\n<!-- \/wp:paragraph -->\n\n<!-- wp:paragraph -->\n<p>Hacer un uso no autorizado o fraudulento del Espacio Web y\/o de los contenidos con&nbsp; fines o efectos il\u00edcitos, prohibidos en las presentes Condiciones Generales de Uso,&nbsp; lesivos de los derechos e intereses de terceros, o que de cualquier forma puedan&nbsp; da\u00f1ar, inutilizar, sobrecargar, deteriorar o impedir la normal utilizaci\u00f3n de los&nbsp; servicios o los documentos, archivos y toda clase de contenidos almacenados en&nbsp; cualquier equipo inform\u00e1tico.&nbsp;<\/p>\n<!-- \/wp:paragraph -->\n\n<!-- wp:paragraph -->\n<p>Acceder o intentar acceder a recursos o \u00e1reas restringidas del Espacio Web, sin&nbsp; cumplir las condiciones exigidas para dicho acceso.&nbsp;<\/p>\n<!-- \/wp:paragraph -->\n\n<!-- wp:paragraph -->\n<p>Provocar da\u00f1os en los sistemas f\u00edsicos o l\u00f3gicos del Espacio Web, de sus&nbsp; proveedores o de terceros.&nbsp;<\/p>\n<!-- \/wp:paragraph -->\n\n<!-- wp:paragraph -->\n<p>Introducir o difundir en la red virus inform\u00e1ticos o cualesquiera otros sistemas f\u00edsicos&nbsp; o l\u00f3gicos que sean susceptibles de provocar da\u00f1os en los sistemas f\u00edsicos o l\u00f3gicos&nbsp; de la empresa, proveedores o de terceros.&nbsp;<\/p>\n<!-- \/wp:paragraph -->\n\n<!-- wp:paragraph -->\n<p>Intentar acceder, utilizar y\/o manipular los datos de la empresa, terceros&nbsp; proveedores y otros Usuarios.&nbsp;<\/p>\n<!-- \/wp:paragraph -->\n\n<!-- wp:paragraph -->\n<p>Reproducir o copiar, distribuir, permitir el acceso del p\u00fablico a trav\u00e9s de cualquier&nbsp; modalidad de comunicaci\u00f3n p\u00fablica, transformar o modificar los contenidos, a&nbsp; menos que se cuente con la autorizaci\u00f3n del titular de los correspondientes derechos&nbsp; o ello resulte legalmente permitido.&nbsp;<\/p>\n<!-- \/wp:paragraph -->\n\n<!-- wp:paragraph -->\n<p>Suprimir, ocultar o manipular las notas sobre derechos de propiedad intelectual o&nbsp; industrial y dem\u00e1s datos identificativos de los derechos de la empresa o de terceros&nbsp; incorporados a los contenidos, as\u00ed como los dispositivos t\u00e9cnicos de protecci\u00f3n o&nbsp; cualesquiera mecanismos de informaci\u00f3n que puedan insertarse en los contenidos.&nbsp;<\/p>\n<!-- \/wp:paragraph -->\n\n<!-- wp:paragraph -->\n<p>Obtener e intentar obtener los contenidos empleando para ello medios o&nbsp; procedimientos distintos de los que, seg\u00fan los casos, se hayan puesto a su&nbsp; disposici\u00f3n a este efecto o se hayan indicado expresamente en las p\u00e1ginas web&nbsp; donde se encuentren los contenidos o, en general, de los que se empleen&nbsp; habitualmente en Internet por no entra\u00f1ar un riesgo de da\u00f1o o inutilizaci\u00f3n del&nbsp; Espacio web y\/o de los contenidos.&nbsp;<\/p>\n<!-- \/wp:paragraph -->\n\n<!-- wp:paragraph -->\n<p>En particular, y a t\u00edtulo meramente indicativo y no exhaustivo, el Usuario se&nbsp; compromete a no transmitir, difundir o poner a disposici\u00f3n de terceros&nbsp; informaciones, datos, contenidos, mensajes, gr\u00e1ficos, dibujos, archivos de sonido&nbsp; y\/o imagen, fotograf\u00edas, grabaciones, software y, en general, cualquier clase de&nbsp; material que:<\/p>\n<!-- \/wp:paragraph -->\n\n<!-- wp:list -->\n<ul><!-- wp:list-item -->\n<li>De cualquier forma sea contrario, menosprecie o atente contra los derechos\u00a0 fundamentales y las libertades p\u00fablicas reconocidas constitucionalmente, en los\u00a0 Tratados Internacionales y en el resto de la legislaci\u00f3n vigente.<\/li>\n<!-- \/wp:list-item -->\n\n<!-- wp:list-item -->\n<li>Induzca, incite o promueva actuaciones delictivas, denigratorias, difamatorias,\u00a0 violentas o, en general, contrarias a la ley, a la moral, a las buenas costumbres\u00a0 generalmente aceptadas o al orden p\u00fablico.<\/li>\n<!-- \/wp:list-item -->\n\n<!-- wp:list-item -->\n<li>Induzca, incite o promueva actuaciones, actitudes o pensamientos discriminatorios\u00a0 por raz\u00f3n de sexo, raza, religi\u00f3n, creencias, edad o condici\u00f3n.<\/li>\n<!-- \/wp:list-item -->\n\n<!-- wp:list-item -->\n<li>Incorpore, ponga a disposici\u00f3n o permita acceder a productos, elementos,\u00a0 mensajes y\/o servicios delictivos, violentos, ofensivos, nocivos, degradantes o, en\u00a0 general, contrarios a la ley, a la moral y a las buenas costumbres generalmente\u00a0 aceptadas o al orden p\u00fablico. Induzca o pueda inducir a un estado inaceptable de\u00a0 ansiedad o temor.<\/li>\n<!-- \/wp:list-item -->\n\n<!-- wp:list-item -->\n<li>Induzca o incite a involucrarse en pr\u00e1cticas peligrosas, de riesgo o nocivas para la\u00a0 salud y el equilibrio ps\u00edquico.<\/li>\n<!-- \/wp:list-item -->\n\n<!-- wp:list-item -->\n<li>Se encuentra protegido por la legislaci\u00f3n en materia de protecci\u00f3n intelectual o\u00a0 industrial perteneciente a la sociedad o a terceros sin que haya sido autorizado el\u00a0 uso que se pretenda realizar.<\/li>\n<!-- \/wp:list-item -->\n\n<!-- wp:list-item -->\n<li>Sea contrario al honor, a la intimidad personal y familiar o a la propia imagen de\u00a0 las personas.<\/li>\n<!-- \/wp:list-item -->\n\n<!-- wp:list-item -->\n<li>Constituya cualquier tipo de publicidad.<\/li>\n<!-- \/wp:list-item -->\n\n<!-- wp:list-item -->\n<li>Incluya cualquier tipo de virus o programa que impida el normal funcionamiento\u00a0 del Espacio Web.<\/li>\n<!-- \/wp:list-item --><\/ul>\n<!-- \/wp:list -->\n\n<!-- wp:paragraph -->\n<p>Si para acceder a algunos de los servicios y\/o contenidos del Espacio Web, se le&nbsp; proporcionara una contrase\u00f1a, se obliga a usarla de manera diligente,&nbsp; manteni\u00e9ndola en todo momento en secreto. En consecuencia, ser\u00e1 responsable de&nbsp; su adecuada custodia y confidencialidad, comprometi\u00e9ndose a no cederla a terceros,&nbsp; de manera temporal o permanente, ni a permitir el acceso a los mencionados&nbsp; servicios y\/o contenidos por parte de personas ajenas. Igualmente, se obliga a&nbsp; notificar a la sociedad cualquier hecho que pueda suponer un uso indebido de su&nbsp; contrase\u00f1a, como, a t\u00edtulo enunciativo, su robo, extrav\u00edo o el acceso no autorizado,&nbsp; con el fin de proceder a su inmediata cancelaci\u00f3n. En consecuencia, mientras no&nbsp; efect\u00fae la notificaci\u00f3n anterior, la empresa quedar\u00e1 eximida de cualquier&nbsp; responsabilidad que pudiera derivarse del uso indebido de su contrase\u00f1a, siendo de&nbsp; su responsabilidad cualquier utilizaci\u00f3n il\u00edcita de los contenidos y\/o servicios del&nbsp;Espacio Web por cualquier tercero ileg\u00edtimo. Si de manera negligente o dolosa&nbsp; incumpliera cualquiera de las obligaciones establecidas en las presentes Condiciones&nbsp; Generales de Uso, responder\u00e1 por todos los da\u00f1os y perjuicios que de dicho&nbsp; incumplimiento pudieran derivarse para la empresa.<\/p>\n<!-- \/wp:paragraph -->\n\n<!-- wp:list -->\n<ul><!-- wp:list-item -->\n<li><strong>RESPONSABILIDADES<\/strong><\/li>\n<!-- \/wp:list-item --><\/ul>\n<!-- \/wp:list -->\n\n<!-- wp:paragraph -->\n<p>No se garantiza el acceso continuado, ni la correcta visualizaci\u00f3n, descarga o utilidad&nbsp; de los elementos e informaciones contenidas en la web que puedan verse&nbsp; impedidos, dificultados o interrumpidos por factores o circunstancias que est\u00e1n fuera&nbsp; de su control. No se hace responsable de las decisiones que pudieran adoptarse&nbsp; como consecuencia del acceso a los contenidos o informaciones ofrecidas.&nbsp;<\/p>\n<!-- \/wp:paragraph -->\n\n<!-- wp:paragraph -->\n<p>Se podr\u00e1 interrumpir el servicio, o resolver de modo inmediato la relaci\u00f3n con el&nbsp; Usuario, si se detecta que un uso de su Espacio Web, o de cualquiera de los&nbsp; servicios ofertados en el mismo, es contrario a las presentes Condiciones Generales&nbsp; de Uso. No nos hacemos responsables por da\u00f1os, perjuicios, p\u00e9rdidas,&nbsp; reclamaciones o gastos derivados del uso del Espacio Web.&nbsp;<\/p>\n<!-- \/wp:paragraph -->\n\n<!-- wp:paragraph -->\n<p>\u00danicamente ser\u00e1 responsable de eliminar, lo antes posible, los contenidos que&nbsp; puedan generar tales perjuicios, siempre que as\u00ed se notifique. En especial no&nbsp; seremos responsables de los perjuicios que se pudieran derivar, entre otros, de:&nbsp;<\/p>\n<!-- \/wp:paragraph -->\n\n<!-- wp:paragraph -->\n<p>Interferencias, interrupciones, fallos, omisiones, aver\u00edas telef\u00f3nicas, retrasos,&nbsp; bloqueos o desconexiones en el funcionamiento del sistema electr\u00f3nico, motivadas&nbsp; por deficiencias, sobrecargas y errores en las l\u00edneas y redes de telecomunicaciones,&nbsp; o por cualquier otra causa ajena al control de la empresa.&nbsp;&nbsp;<\/p>\n<!-- \/wp:paragraph -->\n\n<!-- wp:paragraph -->\n<p>Intromisiones ileg\u00edtimas mediante el uso de programas malignos de cualquier tipo y&nbsp; a trav\u00e9s de cualquier medio de comunicaci\u00f3n, tales como virus inform\u00e1ticos o&nbsp; cualesquiera otros.&nbsp;<\/p>\n<!-- \/wp:paragraph -->\n\n<!-- wp:paragraph -->\n<p>Abuso indebido o inadecuado del Espacio Web.<\/p>\n<!-- \/wp:paragraph -->\n\n<!-- wp:paragraph -->\n<p>Errores de seguridad o navegaci\u00f3n producidos por un mal funcionamiento del&nbsp; navegador o por el uso de versiones no actualizadas del mismo. El administrador del&nbsp; espacio web se reservan el derecho de retirar, total o parcialmente, cualquier&nbsp; contenido o informaci\u00f3n presente en el Espacio Web.&nbsp;<\/p>\n<!-- \/wp:paragraph -->\n\n<!-- wp:paragraph -->\n<p>La empresa excluye cualquier responsabilidad por los da\u00f1os y perjuicios de toda&nbsp; naturaleza que pudieran deberse a la mala utilizaci\u00f3n de los servicios de libre&nbsp; disposici\u00f3n y uso por parte de los Usuarios de Espacio Web. Asimismo, queda&nbsp; exonerado de cualquier responsabilidad por el contenido e informaciones que&nbsp; puedan ser recibidas como consecuencia de los formularios de recogida de datos,&nbsp; estando los mismos \u00fanicamente para la prestaci\u00f3n de los servicios de consultas y&nbsp; dudas. Por otro lado, en caso de causar da\u00f1os y perjuicios por un uso il\u00edcito o&nbsp; incorrecto de dichos servicios, podr\u00e1 ser el Usuario reclamado por los da\u00f1os o&nbsp; perjuicios causados.&nbsp;<\/p>\n<!-- \/wp:paragraph -->\n\n<!-- wp:paragraph -->\n<p>Usted mantendr\u00e1 a la empresa indemne frente a cualesquiera da\u00f1os y perjuicios que&nbsp; se deriven de reclamaciones, acciones o demandas de terceros como consecuencia&nbsp; de su acceso o uso del Espacio Web. Asimismo, usted se obliga a indemnizar frente&nbsp; a cualesquiera da\u00f1os y perjuicios, que se deriven del uso por su parte de \u201crobots\u201d,&nbsp; \u201cspiders\u201d, \u201ccrawlers\u201d o herramientas similares empleadas con el fin de recabar o&nbsp; extraer datos o de cualquier otra actuaci\u00f3n por su parte que imponga una carga&nbsp; irrazonable sobre el funcionamiento del Espacio Web.<\/p>\n<!-- \/wp:paragraph -->\n\n<!-- wp:list -->\n<ul><!-- wp:list-item -->\n<li><strong>HIPERV\u00cdNCULOS<\/strong><\/li>\n<!-- \/wp:list-item --><\/ul>\n<!-- \/wp:list -->\n\n<!-- wp:paragraph -->\n<p>El Usuario se obliga a no reproducir de ning\u00fan modo, ni siquiera mediante un&nbsp; hiperenlace o hiperv\u00ednculo, el Espacio Web, as\u00ed como ninguno de sus contenidos,&nbsp; salvo autorizaci\u00f3n expresa y por escrito del responsable del fichero.<\/p>\n<!-- \/wp:paragraph -->\n\n<!-- wp:paragraph -->\n<p>El Espacio Web puede incluir enlaces a otros espacios web, gestionados por&nbsp; terceros, con objeto de facilitar el acceso del Usuario a la informaci\u00f3n de empresas&nbsp; colaboradoras y\/o patrocinadoras. Conforme con ello, la sociedad no se&nbsp; responsabiliza del contenido de dichos Espacios web, ni se sit\u00faa en una posici\u00f3n de&nbsp; garante ni\/o de parte ofertante de los servicios y\/o informaci\u00f3n que se puedan&nbsp; ofrecer a terceros a trav\u00e9s de los enlaces de terceros.&nbsp;<\/p>\n<!-- \/wp:paragraph -->\n\n<!-- wp:paragraph -->\n<p>Se concede al Usuario un derecho limitado, revocable y no exclusivo a crear enlaces&nbsp; a la p\u00e1gina principal del Espacio Web exclusivamente para uso privado y no&nbsp; comercial. Los Espacios web que incluyan enlace a nuestro Espacio Web (i) no&nbsp; podr\u00e1n falsear su relaci\u00f3n ni afirmar que se ha autorizado tal enlace, ni incluir&nbsp; marcas, denominaciones, nombres comerciales, logotipos u otros signos distintivos&nbsp; de nuestra sociedad; (ii) no podr\u00e1n incluir contenidos que puedan considerarse de&nbsp; mal gusto, obscenos, ofensivos, controvertidos, que inciten a la violencia o la&nbsp; discriminaci\u00f3n por raz\u00f3n de sexo, raza o religi\u00f3n, contrarios al orden p\u00fablico o&nbsp; il\u00edcitos; (iii) no podr\u00e1n enlazar a ninguna p\u00e1gina del Espacio Web distinta de la&nbsp; p\u00e1gina principal; (iv) deber\u00e1 enlazar con la propia direcci\u00f3n del Espacio Web, sin&nbsp; permitir que el Espacio web que realice el enlace reproduzca el Espacio Web como&nbsp; parte de su web o dentro de uno de sus \u201cframes\u201d o crear un \u201cbrowser\u201d sobre&nbsp; cualquiera de las p\u00e1ginas del Espacio Web. La empresa podr\u00e1 solicitar, en cualquier&nbsp; momento, que elimine cualquier enlace al Espacio Web, despu\u00e9s de lo cual deber\u00e1&nbsp; proceder de inmediato a su eliminaci\u00f3n.&nbsp;<\/p>\n<!-- \/wp:paragraph -->\n\n<!-- wp:paragraph -->\n<p>La empresa no puede controlar la informaci\u00f3n, contenidos, productos o servicios&nbsp; facilitados por otros Espacios web que tengan establecidos enlaces con destino al&nbsp; Espacio Web.<\/p>\n<!-- \/wp:paragraph -->\n\n<!-- wp:list -->\n<ul><!-- wp:list-item -->\n<li><strong>PROTECCI\u00d3N DE DATOS\u00a0<\/strong><\/li>\n<!-- \/wp:list-item --><\/ul>\n<!-- \/wp:list -->\n\n<!-- wp:paragraph -->\n<p>Para utilizar algunos de los Servicios, el Usuario debe proporcionar previamente&nbsp; ciertos datos de car\u00e1cter personal. La empresa tratar\u00e1 automatizadamente estos datos y aplicar\u00e1 las correspondientes medidas de seguridad, todo ello en&nbsp; cumplimiento del RGPD, LOPDGDD y LSSI. El Usuario puede acceder a la pol\u00edtica&nbsp; seguida en el tratamiento de los datos personales, as\u00ed como el establecimiento de&nbsp; las finalidades previamente establecidas, en las condiciones definidas en la Pol\u00edtica&nbsp; de Privacidad.<\/p>\n<!-- \/wp:paragraph -->\n\n<!-- wp:list -->\n<ul><!-- wp:list-item -->\n<li><strong>COOKIES<\/strong><\/li>\n<!-- \/wp:list-item --><\/ul>\n<!-- \/wp:list -->\n\n<!-- wp:paragraph -->\n<p>La empresa se reserva el derecho de utilizar la tecnolog\u00eda \u201ccookie\u201d en el Espacio&nbsp; Web, a fin de reconocerlo como Usuario frecuente y personalizar el uso que realice&nbsp; del Espacio Web mediante la preselecci\u00f3n de su idioma, o contenidos m\u00e1s deseados&nbsp; o espec\u00edficos.&nbsp;<\/p>\n<!-- \/wp:paragraph -->\n\n<!-- wp:paragraph -->\n<p>Las cookies recopilan la direcci\u00f3n IP del usuario siendo Google el responsable del&nbsp; tratamiento de esta informaci\u00f3n.&nbsp;<\/p>\n<!-- \/wp:paragraph -->\n\n<!-- wp:paragraph -->\n<p>Las cookies son ficheros enviados a un navegador, por medio de un servidor Web,&nbsp; para registrar la navegaci\u00f3n del Usuario en el Espacio Web, cuando el Usuario&nbsp; permita su recepci\u00f3n. Si usted lo desea puede configurar su navegador para ser&nbsp; avisado en pantalla de la recepci\u00f3n de cookies y para impedir la instalaci\u00f3n de&nbsp; cookies en su disco duro. Por favor consulte las instrucciones y manuales de su&nbsp; navegador para ampliar esta informaci\u00f3n.&nbsp;<\/p>\n<!-- \/wp:paragraph -->\n\n<!-- wp:paragraph -->\n<p>Gracias a las cookies, resulta posible que se pueda reconocer el navegador del&nbsp; ordenador utilizado por el Usuario con la finalidad de facilitar contenidos y ofrecer&nbsp; las preferencias de navegaci\u00f3n u publicitarias que el Usuario, a los perfiles&nbsp; demogr\u00e1ficos de los Usuarios as\u00ed como para medir las visitas y par\u00e1metros del&nbsp; tr\u00e1fico, controlar el progreso y n\u00famero de entradas.<\/p>\n<!-- \/wp:paragraph -->\n\n<!-- wp:list {\"ordered\":true} -->\n<ol><!-- wp:list-item -->\n<li><strong>DECLARACIONES Y GARANT\u00cdAS<\/strong><\/li>\n<!-- \/wp:list-item --><\/ol>\n<!-- \/wp:list -->\n\n<!-- wp:paragraph -->\n<p>En general, los contenidos y servicios ofrecidos en el Espacio Web tienen car\u00e1cter&nbsp; meramente informativo. Por consiguiente, al ofrecerlos, no se otorga garant\u00eda ni&nbsp; declaraci\u00f3n alguna en relaci\u00f3n con los contenidos y servicios ofrecidos en el Espacio&nbsp; web, incluyendo, a t\u00edtulo enunciativo, garant\u00edas de licitud, fiabilidad, utilidad,&nbsp; veracidad, exactitud, o comerciabilidad, salvo en la medida en que por ley no&nbsp; puedan excluirse tales declaraciones y garant\u00edas.<\/p>\n<!-- \/wp:paragraph -->\n\n<!-- wp:list {\"ordered\":true} -->\n<ol><!-- wp:list-item -->\n<li><strong>FUERZA MAYOR\u00a0<\/strong><\/li>\n<!-- \/wp:list-item --><\/ol>\n<!-- \/wp:list -->\n\n<!-- wp:paragraph -->\n<p>La empresa no ser\u00e1 responsable en todo en caso de imposibilidad de prestar&nbsp; servicio, si \u00e9sta se debe a interrupciones prolongadas del suministro el\u00e9ctrico, l\u00edneas&nbsp; de telecomunicaciones, conflictos sociales, huelgas, rebeli\u00f3n, explosiones,&nbsp; inundaciones, actos y omisiones del Gobierno, y en general todos los supuestos de&nbsp; fuerza mayor o de caso fortuito.<\/p>\n<!-- \/wp:paragraph -->\n\n<!-- wp:list {\"ordered\":true} -->\n<ol><!-- wp:list-item -->\n<li><strong>RESOLUCI\u00d3N DE CONTROVERSIAS. LEY APLICABLE Y JURISDICCI\u00d3N\u00a0<\/strong><\/li>\n<!-- \/wp:list-item --><\/ol>\n<!-- \/wp:list -->\n\n<!-- wp:paragraph -->\n<p>Las presentes Condiciones Generales de Uso, as\u00ed como el uso del Espacio Web, se&nbsp; regir\u00e1n por la legislaci\u00f3n espa\u00f1ola. Para la resoluci\u00f3n de cualquier controversia las&nbsp; partes se someter\u00e1n a los Juzgados y Tribunales del domicilio social del Responsable&nbsp; del sitio web.&nbsp;<\/p>\n<!-- \/wp:paragraph -->\n\n<!-- wp:paragraph -->\n<p>En el supuesto de que cualquier estipulaci\u00f3n de las presentes Condiciones Generales&nbsp; de Uso resultara inexigible o nula en virtud de la legislaci\u00f3n aplicable o como&nbsp; consecuencia de una resoluci\u00f3n judicial o administrativa, dicha inexigibilidad o&nbsp; nulidad no har\u00e1 que las presentes Condiciones Generales de Uso resulten inexigibles&nbsp; o nulas en su conjunto. En dichos casos, la empresa proceder\u00e1 a la modificaci\u00f3n o&nbsp;sustituci\u00f3n de dicha estipulaci\u00f3n por otra que sea v\u00e1lida y exigible y que, en la&nbsp; medida de lo posible, consiga el objetivo y pretensi\u00f3n reflejados en la estipulaci\u00f3n&nbsp; original.<\/p>\n<!-- \/wp:paragraph -->","_et_gb_content_width":"1080","footnotes":""},"class_list":["post-260","page","type-page","status-publish","hentry"],"yoast_head":"<!-- This site is optimized with the Yoast SEO plugin v22.7 - https:\/\/yoast.com\/wordpress\/plugins\/seo\/ -->\n<title>Aviso legal - Rehabilitemos Castell&oacute;n<\/title>\n<meta name=\"robots\" content=\"index, follow, max-snippet:-1, max-image-preview:large, max-video-preview:-1\" \/>\n<link rel=\"canonical\" href=\"https:\/\/rehabilitemoscastellon.es\/index.php\/aviso-legal\/\" \/>\n<meta property=\"og:locale\" content=\"es_ES\" \/>\n<meta property=\"og:type\" content=\"article\" \/>\n<meta property=\"og:title\" content=\"Aviso legal - Rehabilitemos Castell&oacute;n\" \/>\n<meta property=\"og:description\" content=\"LEY DE LOS SERVICIOS DE LA SOCIEDAD DE LA INFORMACI\u00d3N (LSSI)\u202f&nbsp; UTE Regeneraci\u00f3n Castell\u00f3, responsable del sitio web, pone a disposici\u00f3n de los usuarios el presente documento, con el que pretende dar cumplimiento a las obligaciones dispuestas en la Ley 34\/2002, de 11 de julio, de Servicios de la Sociedad de la Informaci\u00f3n y del [&hellip;]\" \/>\n<meta property=\"og:url\" content=\"https:\/\/rehabilitemoscastellon.es\/index.php\/aviso-legal\/\" \/>\n<meta property=\"og:site_name\" content=\"Rehabilitemos Castell&oacute;n\" \/>\n<meta property=\"article:modified_time\" content=\"2024-07-03T12:38:11+00:00\" \/>\n<meta name=\"twitter:card\" content=\"summary_large_image\" \/>\n<meta name=\"twitter:label1\" content=\"Tiempo de lectura\" \/>\n\t<meta name=\"twitter:data1\" content=\"14 minutos\" \/>\n<script type=\"application\/ld+json\" class=\"yoast-schema-graph\">{\"@context\":\"https:\/\/schema.org\",\"@graph\":[{\"@type\":\"WebPage\",\"@id\":\"https:\/\/rehabilitemoscastellon.es\/index.php\/aviso-legal\/\",\"url\":\"https:\/\/rehabilitemoscastellon.es\/index.php\/aviso-legal\/\",\"name\":\"Aviso legal - Rehabilitemos Castell&oacute;n\",\"isPartOf\":{\"@id\":\"https:\/\/rehabilitemoscastellon.es\/#website\"},\"datePublished\":\"2024-06-21T16:02:22+00:00\",\"dateModified\":\"2024-07-03T12:38:11+00:00\",\"breadcrumb\":{\"@id\":\"https:\/\/rehabilitemoscastellon.es\/index.php\/aviso-legal\/#breadcrumb\"},\"inLanguage\":\"es\",\"potentialAction\":[{\"@type\":\"ReadAction\",\"target\":[\"https:\/\/rehabilitemoscastellon.es\/index.php\/aviso-legal\/\"]}]},{\"@type\":\"BreadcrumbList\",\"@id\":\"https:\/\/rehabilitemoscastellon.es\/index.php\/aviso-legal\/#breadcrumb\",\"itemListElement\":[{\"@type\":\"ListItem\",\"position\":1,\"name\":\"Portada\",\"item\":\"https:\/\/rehabilitemoscastellon.es\/\"},{\"@type\":\"ListItem\",\"position\":2,\"name\":\"Aviso legal\"}]},{\"@type\":\"WebSite\",\"@id\":\"https:\/\/rehabilitemoscastellon.es\/#website\",\"url\":\"https:\/\/rehabilitemoscastellon.es\/\",\"name\":\"Rehabilitemos Castell\u00f3n\",\"description\":\"Mejoramos vivienda, edificios y barrios\",\"publisher\":{\"@id\":\"https:\/\/rehabilitemoscastellon.es\/#organization\"},\"potentialAction\":[{\"@type\":\"SearchAction\",\"target\":{\"@type\":\"EntryPoint\",\"urlTemplate\":\"https:\/\/rehabilitemoscastellon.es\/?s={search_term_string}\"},\"query-input\":\"required name=search_term_string\"}],\"inLanguage\":\"es\"},{\"@type\":\"Organization\",\"@id\":\"https:\/\/rehabilitemoscastellon.es\/#organization\",\"name\":\"Rehabilitemos Castell\u00f3n\",\"url\":\"https:\/\/rehabilitemoscastellon.es\/\",\"logo\":{\"@type\":\"ImageObject\",\"inLanguage\":\"es\",\"@id\":\"https:\/\/rehabilitemoscastellon.es\/#\/schema\/logo\/image\/\",\"url\":\"http:\/\/rehabilitemoscastellon.es\/wp-content\/uploads\/2024\/05\/logotipo_color.png\",\"contentUrl\":\"http:\/\/rehabilitemoscastellon.es\/wp-content\/uploads\/2024\/05\/logotipo_color.png\",\"width\":2730,\"height\":1174,\"caption\":\"Rehabilitemos Castell\u00f3n\"},\"image\":{\"@id\":\"https:\/\/rehabilitemoscastellon.es\/#\/schema\/logo\/image\/\"}}]}<\/script>\n<!-- \/ Yoast SEO plugin. -->","yoast_head_json":{"title":"Aviso legal - Rehabilitemos Castell&oacute;n","robots":{"index":"index","follow":"follow","max-snippet":"max-snippet:-1","max-image-preview":"max-image-preview:large","max-video-preview":"max-video-preview:-1"},"canonical":"https:\/\/rehabilitemoscastellon.es\/index.php\/aviso-legal\/","og_locale":"es_ES","og_type":"article","og_title":"Aviso legal - Rehabilitemos Castell&oacute;n","og_description":"LEY DE LOS SERVICIOS DE LA SOCIEDAD DE LA INFORMACI\u00d3N (LSSI)\u202f&nbsp; UTE Regeneraci\u00f3n Castell\u00f3, responsable del sitio web, pone a disposici\u00f3n de los usuarios el presente documento, con el que pretende dar cumplimiento a las obligaciones dispuestas en la Ley 34\/2002, de 11 de julio, de Servicios de la Sociedad de la Informaci\u00f3n y del [&hellip;]","og_url":"https:\/\/rehabilitemoscastellon.es\/index.php\/aviso-legal\/","og_site_name":"Rehabilitemos Castell&oacute;n","article_modified_time":"2024-07-03T12:38:11+00:00","twitter_card":"summary_large_image","twitter_misc":{"Tiempo de lectura":"14 minutos"},"schema":{"@context":"https:\/\/schema.org","@graph":[{"@type":"WebPage","@id":"https:\/\/rehabilitemoscastellon.es\/index.php\/aviso-legal\/","url":"https:\/\/rehabilitemoscastellon.es\/index.php\/aviso-legal\/","name":"Aviso legal - Rehabilitemos Castell&oacute;n","isPartOf":{"@id":"https:\/\/rehabilitemoscastellon.es\/#website"},"datePublished":"2024-06-21T16:02:22+00:00","dateModified":"2024-07-03T12:38:11+00:00","breadcrumb":{"@id":"https:\/\/rehabilitemoscastellon.es\/index.php\/aviso-legal\/#breadcrumb"},"inLanguage":"es","potentialAction":[{"@type":"ReadAction","target":["https:\/\/rehabilitemoscastellon.es\/index.php\/aviso-legal\/"]}]},{"@type":"BreadcrumbList","@id":"https:\/\/rehabilitemoscastellon.es\/index.php\/aviso-legal\/#breadcrumb","itemListElement":[{"@type":"ListItem","position":1,"name":"Portada","item":"https:\/\/rehabilitemoscastellon.es\/"},{"@type":"ListItem","position":2,"name":"Aviso legal"}]},{"@type":"WebSite","@id":"https:\/\/rehabilitemoscastellon.es\/#website","url":"https:\/\/rehabilitemoscastellon.es\/","name":"Rehabilitemos Castell\u00f3n","description":"Mejoramos vivienda, edificios y barrios","publisher":{"@id":"https:\/\/rehabilitemoscastellon.es\/#organization"},"potentialAction":[{"@type":"SearchAction","target":{"@type":"EntryPoint","urlTemplate":"https:\/\/rehabilitemoscastellon.es\/?s={search_term_string}"},"query-input":"required name=search_term_string"}],"inLanguage":"es"},{"@type":"Organization","@id":"https:\/\/rehabilitemoscastellon.es\/#organization","name":"Rehabilitemos Castell\u00f3n","url":"https:\/\/rehabilitemoscastellon.es\/","logo":{"@type":"ImageObject","inLanguage":"es","@id":"https:\/\/rehabilitemoscastellon.es\/#\/schema\/logo\/image\/","url":"http:\/\/rehabilitemoscastellon.es\/wp-content\/uploads\/2024\/05\/logotipo_color.png","contentUrl":"http:\/\/rehabilitemoscastellon.es\/wp-content\/uploads\/2024\/05\/logotipo_color.png","width":2730,"height":1174,"caption":"Rehabilitemos Castell\u00f3n"},"image":{"@id":"https:\/\/rehabilitemoscastellon.es\/#\/schema\/logo\/image\/"}}]}},"_links":{"self":[{"href":"https:\/\/rehabilitemoscastellon.es\/index.php\/wp-json\/wp\/v2\/pages\/260","targetHints":{"allow":["GET"]}}],"collection":[{"href":"https:\/\/rehabilitemoscastellon.es\/index.php\/wp-json\/wp\/v2\/pages"}],"about":[{"href":"https:\/\/rehabilitemoscastellon.es\/index.php\/wp-json\/wp\/v2\/types\/page"}],"author":[{"embeddable":true,"href":"https:\/\/rehabilitemoscastellon.es\/index.php\/wp-json\/wp\/v2\/users\/1"}],"replies":[{"embeddable":true,"href":"https:\/\/rehabilitemoscastellon.es\/index.php\/wp-json\/wp\/v2\/comments?post=260"}],"version-history":[{"count":4,"href":"https:\/\/rehabilitemoscastellon.es\/index.php\/wp-json\/wp\/v2\/pages\/260\/revisions"}],"predecessor-version":[{"id":313,"href":"https:\/\/rehabilitemoscastellon.es\/index.php\/wp-json\/wp\/v2\/pages\/260\/revisions\/313"}],"wp:attachment":[{"href":"https:\/\/rehabilitemoscastellon.es\/index.php\/wp-json\/wp\/v2\/media?parent=260"}],"curies":[{"name":"wp","href":"https:\/\/api.w.org\/{rel}","templated":true}]}}