{"id":152,"date":"2024-05-23T09:23:27","date_gmt":"2024-05-23T09:23:27","guid":{"rendered":"http:\/\/rehabilitemoscastellon.es\/index.php\/rehabilitemos-castellon-catala\/"},"modified":"2025-09-30T11:20:53","modified_gmt":"2025-09-30T11:20:53","slug":"rehabilitem-castello-valencia","status":"publish","type":"page","link":"https:\/\/rehabilitemoscastellon.es\/index.php\/ca\/rehabilitem-castello-valencia\/","title":{"rendered":"Rehabilitem Castell\u00f3 &#8211; Valenci\u00e0"},"content":{"rendered":"<p>[et_pb_section fb_built=\u00bb1&#8243; fullwidth=\u00bbon\u00bb disabled_on=\u00bbon|on|off\u00bb _builder_version=\u00bb4.25.1&#8243; _module_preset=\u00bbdefault\u00bb background_last_edited=\u00bboff|desktop\u00bb global_colors_info=\u00bb{}\u00bb][et_pb_fullwidth_header header_fullscreen=\u00bbon\u00bb header_scroll_down=\u00bbon\u00bb scroll_down_icon=\u00bb%%8%%\u00bb scroll_down_icon_color=\u00bb#FFFFFF\u00bb _builder_version=\u00bb4.25.1&#8243; _module_preset=\u00bbdefault\u00bb title_text_color=\u00bb#053A4B\u00bb title_font_size=\u00bb60px\u00bb content_font=\u00bbNunito||||||||\u00bb content_text_color=\u00bb#053A4B\u00bb content_font_size=\u00bb36px\u00bb content_line_height=\u00bb1.2em\u00bb subhead_font=\u00bbNunito||||||||\u00bb subhead_text_color=\u00bb#053A4B\u00bb background_enable_color=\u00bboff\u00bb background_image=\u00bbhttps:\/\/rehabilitemoscastellon.es\/wp-content\/uploads\/2024\/05\/Header.svg\u00bb content_font_size_last_edited=\u00bboff|phone\u00bb background_last_edited=\u00bboff|desktop\u00bb background_image_tablet=\u00bbhttps:\/\/rehabilitemoscastellon.es\/wp-content\/uploads\/2024\/05\/Header-movil.svg\u00bb background_enable_image_tablet=\u00bbon\u00bb background_size_phone=\u00bbcover\u00bb background_position_phone=\u00bbtop_center\u00bb custom_css_free_form=\u00bb.selector h1 {||  font-family: bely-display, sans-serif;||\tfont-weight: 400;||\tfont-style: normal;||}||||\u00bb global_colors_info=\u00bb{}\u00bb]<\/p>\n<h1>Al barri,<br \/>rehabilitem!<\/h1>\n<p>Millorem vivendes,<br \/>edificis i barris<\/p>\n<p>[\/et_pb_fullwidth_header][\/et_pb_section][et_pb_section fb_built=\u00bb1&#8243; disabled_on=\u00bboff|off|on\u00bb _builder_version=\u00bb4.25.1&#8243; _module_preset=\u00bbdefault\u00bb background_image=\u00bbhttps:\/\/rehabilitemoscastellon.es\/wp-content\/uploads\/2024\/05\/Header-movil.svg\u00bb background_position=\u00bbtop_center\u00bb height=\u00bb70vh\u00bb height_tablet=\u00bb70vh\u00bb height_phone=\u00bb70vh\u00bb height_last_edited=\u00bbon|tablet\u00bb background_last_edited=\u00bbon|phone\u00bb background_position_tablet=\u00bbcenter\u00bb background_position_phone=\u00bbtop_center\u00bb global_colors_info=\u00bb{}\u00bb][et_pb_row _builder_version=\u00bb4.25.1&#8243; _module_preset=\u00bbdefault\u00bb global_colors_info=\u00bb{}\u00bb][et_pb_column type=\u00bb4_4&#8243; _builder_version=\u00bb4.25.1&#8243; _module_preset=\u00bbdefault\u00bb global_colors_info=\u00bb{}\u00bb][et_pb_text _builder_version=\u00bb4.25.1&#8243; _module_preset=\u00bbdefault\u00bb text_font=\u00bbNunito||||||||\u00bb text_text_color=\u00bb#053A4B\u00bb text_font_size=\u00bb28px\u00bb text_line_height=\u00bb1.1em\u00bb header_text_color=\u00bb#053A4B\u00bb header_font_size=\u00bb42px\u00bb custom_css_free_form=\u00bb.selector h1 {||  font-family: bely-display, sans-serif;||\tfont-weight: 400;||\tfont-style: normal;||}||\u00bb global_colors_info=\u00bb{}\u00bb]<\/p>\n<h1>Al barri,<br \/>rehabilitem!<\/h1>\n<p>Millorem vivendes,<br \/>edificis i barris<\/p>\n<p>[\/et_pb_text][\/et_pb_column][\/et_pb_row][\/et_pb_section][et_pb_section fb_built=\u00bb1&#8243; _builder_version=\u00bb4.25.1&#8243; _module_preset=\u00bbdefault\u00bb custom_margin=\u00bb||32px||false|false\u00bb custom_margin_tablet=\u00bb||0px||false|false\u00bb custom_margin_phone=\u00bb||0px||false|false\u00bb custom_margin_last_edited=\u00bbon|tablet\u00bb custom_padding=\u00bb||0px||false|false\u00bb global_colors_info=\u00bb{}\u00bb][et_pb_row _builder_version=\u00bb4.25.1&#8243; _module_preset=\u00bbdefault\u00bb global_colors_info=\u00bb{}\u00bb][et_pb_column type=\u00bb4_4&#8243; _builder_version=\u00bb4.25.1&#8243; _module_preset=\u00bbdefault\u00bb global_colors_info=\u00bb{}\u00bb][et_pb_text _builder_version=\u00bb4.25.1&#8243; _module_preset=\u00bbdefault\u00bb header_2_font=\u00bbNunito||||||||\u00bb header_2_text_color=\u00bb#1189B1&#8243; header_2_font_size=\u00bb30px\u00bb header_2_line_height=\u00bb1.5em\u00bb global_colors_info=\u00bb{}\u00bb]<\/p>\n<h2><strong>\u00bfQu\u00e8 \u00e9s Rehabilitem Castell\u00f3?<\/strong><\/h2>\n<p>[\/et_pb_text][\/et_pb_column][\/et_pb_row][et_pb_row column_structure=\u00bb1_2,1_2&#8243; make_equal=\u00bbon\u00bb _builder_version=\u00bb4.25.1&#8243; _module_preset=\u00bbdefault\u00bb custom_padding=\u00bb0px||32px||false|false\u00bb custom_css_main_element=\u00bbalign-items: flex-end;\u00bb global_colors_info=\u00bb{}\u00bb][et_pb_column type=\u00bb1_2&#8243; _builder_version=\u00bb4.25.1&#8243; _module_preset=\u00bbdefault\u00bb global_colors_info=\u00bb{}\u00bb][et_pb_image src=\u00bbhttps:\/\/rehabilitemoscastellon.es\/wp-content\/uploads\/2024\/05\/logotipo_color_va.svg\u00bb title_text=\u00bblogotipo_color_va\u00bb show_bottom_space=\u00bboff\u00bb _builder_version=\u00bb4.25.1&#8243; _module_preset=\u00bbdefault\u00bb custom_padding=\u00bb||||false|false\u00bb global_colors_info=\u00bb{}\u00bb][\/et_pb_image][\/et_pb_column][et_pb_column type=\u00bb1_2&#8243; _builder_version=\u00bb4.25.1&#8243; _module_preset=\u00bbdefault\u00bb custom_padding=\u00bb||||false|false\u00bb custom_css_main_element=\u00bbflex-align: ;\u00bb global_colors_info=\u00bb{}\u00bb][et_pb_text _builder_version=\u00bb4.25.1&#8243; _module_preset=\u00bbdefault\u00bb text_font=\u00bbNunito||||||||\u00bb text_text_color=\u00bb#053A4B\u00bb text_line_height=\u00bb1.8em\u00bb custom_margin=\u00bb||||false|false\u00bb custom_margin_tablet=\u00bb||||false|false\u00bb custom_margin_phone=\u00bb||||false|false\u00bb custom_margin_last_edited=\u00bbon|phone\u00bb custom_padding=\u00bb||0px||false|false\u00bb global_colors_info=\u00bb{}\u00bb]<\/p>\n<p>\u00abRehabilitem Castell\u00f3\u00bb \u00e9s un projecte de l&#8217;Ajuntament de Castell\u00f3, que busca transformar la nostra ciutat i millorar la qualitat de vida de la ciutadania mitjan\u00e7ant la rehabilitaci\u00f3 d&#8217;edificis, la millora de l&#8217;efici\u00e8ncia energ\u00e8tica i la participaci\u00f3 ve\u00efnal. Finan\u00e7at pels Fons Next Generation en el marc del Pla de Recuperaci\u00f3, Transformaci\u00f3 i Resili\u00e8ncia (PRTR), i l&#8217;aportaci\u00f3 de l&#8217;Ajuntament de Castell\u00f3, subvencionant el projecte al 100% a propietaris i propiet\u00e0ries.<\/p>\n<p>[\/et_pb_text][\/et_pb_column][\/et_pb_row][\/et_pb_section][et_pb_section fb_built=\u00bb1&#8243; _builder_version=\u00bb4.25.1&#8243; _module_preset=\u00bbdefault\u00bb global_colors_info=\u00bb{}\u00bb][et_pb_row _builder_version=\u00bb4.25.1&#8243; _module_preset=\u00bbdefault\u00bb global_colors_info=\u00bb{}\u00bb][et_pb_column type=\u00bb4_4&#8243; _builder_version=\u00bb4.25.1&#8243; _module_preset=\u00bbdefault\u00bb global_colors_info=\u00bb{}\u00bb][et_pb_text _builder_version=\u00bb4.25.1&#8243; _module_preset=\u00bbdefault\u00bb header_2_font=\u00bbNunito||||||||\u00bb header_2_text_color=\u00bb#1189B1&#8243; header_2_font_size=\u00bb30px\u00bb header_2_line_height=\u00bb1.5em\u00bb global_colors_info=\u00bb{}\u00bb]<\/p>\n<h2><strong>Objectius<\/strong><\/h2>\n<p>[\/et_pb_text][\/et_pb_column][\/et_pb_row][et_pb_row column_structure=\u00bb1_2,1_2&#8243; _builder_version=\u00bb4.25.1&#8243; _module_preset=\u00bbdefault\u00bb global_colors_info=\u00bb{}\u00bb][et_pb_column type=\u00bb1_2&#8243; _builder_version=\u00bb4.25.1&#8243; _module_preset=\u00bbdefault\u00bb global_colors_info=\u00bb{}\u00bb][et_pb_blurb title=\u00bbMillorar en un 60% l&#8217;efici\u00e8ncia energ\u00e8tica\u00bb image=\u00bbhttps:\/\/rehabilitemoscastellon.es\/wp-content\/uploads\/2024\/05\/arbol.svg\u00bb icon_placement=\u00bbleft\u00bb image_icon_width=\u00bb60%\u00bb module_id=\u00bbthis\u00bb _builder_version=\u00bb4.25.1&#8243; _module_preset=\u00bbdefault\u00bb header_level=\u00bbh3&#8243; header_text_color=\u00bb#053A4B\u00bb header_font_size=\u00bb18px\u00bb image_icon_custom_margin=\u00bb||||false|false\u00bb image_icon_custom_padding=\u00bb||||false|false\u00bb custom_margin=\u00bb||||false|false\u00bb custom_css_blurb_title=\u00bbpadding-top: 16px;\u00bb global_colors_info=\u00bb{}\u00bb][\/et_pb_blurb][et_pb_blurb title=\u00bbDesenvolupar actuacions urgents de rehabilitaci\u00f3\u00bb image=\u00bbhttps:\/\/rehabilitemoscastellon.es\/wp-content\/uploads\/2024\/05\/arbol.svg\u00bb icon_placement=\u00bbleft\u00bb image_icon_width=\u00bb60%\u00bb module_id=\u00bbthis\u00bb _builder_version=\u00bb4.25.1&#8243; _module_preset=\u00bbdefault\u00bb header_level=\u00bbh3&#8243; header_text_color=\u00bb#053A4B\u00bb header_font_size=\u00bb18px\u00bb image_icon_custom_margin=\u00bb||||false|false\u00bb image_icon_custom_padding=\u00bb||||false|false\u00bb custom_margin=\u00bb||||false|false\u00bb custom_css_blurb_title=\u00bbpadding-top: 16px;\u00bb global_colors_info=\u00bb{}\u00bb][\/et_pb_blurb][et_pb_blurb title=\u00bbImplementar accions de control de l&#8217;amiant\u00bb image=\u00bbhttps:\/\/rehabilitemoscastellon.es\/wp-content\/uploads\/2024\/05\/arbol.svg\u00bb icon_placement=\u00bbleft\u00bb image_icon_width=\u00bb60%\u00bb module_id=\u00bbthis\u00bb _builder_version=\u00bb4.25.1&#8243; _module_preset=\u00bbdefault\u00bb header_level=\u00bbh3&#8243; header_text_color=\u00bb#053A4B\u00bb header_font_size=\u00bb18px\u00bb image_icon_custom_margin=\u00bb||||false|false\u00bb image_icon_custom_padding=\u00bb||||false|false\u00bb custom_margin=\u00bb||||false|false\u00bb custom_css_blurb_title=\u00bbpadding-top: 16px;\u00bb global_colors_info=\u00bb{}\u00bb][\/et_pb_blurb][\/et_pb_column][et_pb_column type=\u00bb1_2&#8243; _builder_version=\u00bb4.25.1&#8243; _module_preset=\u00bbdefault\u00bb global_colors_info=\u00bb{}\u00bb][et_pb_blurb title=\u00bbPromocionar l&#8217;accessibilitat\u00bb image=\u00bbhttps:\/\/rehabilitemoscastellon.es\/wp-content\/uploads\/2024\/05\/arbol.svg\u00bb icon_placement=\u00bbleft\u00bb image_icon_width=\u00bb60%\u00bb module_id=\u00bbthis\u00bb _builder_version=\u00bb4.25.1&#8243; _module_preset=\u00bbdefault\u00bb header_level=\u00bbh3&#8243; header_text_color=\u00bb#053A4B\u00bb header_font_size=\u00bb18px\u00bb image_icon_custom_margin=\u00bb||||false|false\u00bb image_icon_custom_padding=\u00bb||||false|false\u00bb custom_margin=\u00bb||||false|false\u00bb custom_css_blurb_title=\u00bbpadding-top: 16px;\u00bb global_colors_info=\u00bb{}\u00bb][\/et_pb_blurb][et_pb_blurb title=\u00bbEstablir accions d&#8217;urbanitzaci\u00f3 en l&#8217;espai urb\u00e0\u00bb image=\u00bbhttps:\/\/rehabilitemoscastellon.es\/wp-content\/uploads\/2024\/05\/arbol.svg\u00bb icon_placement=\u00bbleft\u00bb image_icon_width=\u00bb60%\u00bb module_id=\u00bbthis\u00bb _builder_version=\u00bb4.25.1&#8243; _module_preset=\u00bbdefault\u00bb header_level=\u00bbh3&#8243; header_text_color=\u00bb#053A4B\u00bb header_font_size=\u00bb18px\u00bb image_icon_custom_margin=\u00bb||||false|false\u00bb image_icon_custom_padding=\u00bb||||false|false\u00bb custom_margin=\u00bb||||false|false\u00bb custom_css_blurb_title=\u00bbpadding-top: 16px;\u00bb global_colors_info=\u00bb{}\u00bb]<\/p>\n<p>*<span>en alguns grups<\/span><\/p>\n<p>[\/et_pb_blurb][\/et_pb_column][\/et_pb_row][\/et_pb_section][et_pb_section fb_built=\u00bb1&#8243; _builder_version=\u00bb4.25.1&#8243; _module_preset=\u00bbdefault\u00bb background_color=\u00bb#1189B1&#8243; global_colors_info=\u00bb{}\u00bb][et_pb_row _builder_version=\u00bb4.25.1&#8243; _module_preset=\u00bbdefault\u00bb global_colors_info=\u00bb{}\u00bb][et_pb_column type=\u00bb4_4&#8243; _builder_version=\u00bb4.25.1&#8243; _module_preset=\u00bbdefault\u00bb global_colors_info=\u00bb{}\u00bb][et_pb_text _builder_version=\u00bb4.25.1&#8243; _module_preset=\u00bbdefault\u00bb header_2_font=\u00bbNunito||||||||\u00bb header_2_text_color=\u00bb#FFFFFF\u00bb header_2_font_size=\u00bb30px\u00bb header_2_line_height=\u00bb1.5em\u00bb global_colors_info=\u00bb{}\u00bb]<\/p>\n<h2>La rehabilitaci\u00f3 en n\u00fameros<\/h2>\n<p>[\/et_pb_text][\/et_pb_column][\/et_pb_row][et_pb_row column_structure=\u00bb1_3,1_3,1_3&#8243; _builder_version=\u00bb4.25.1&#8243; _module_preset=\u00bbdefault\u00bb global_colors_info=\u00bb{}\u00bb][et_pb_column type=\u00bb1_3&#8243; _builder_version=\u00bb4.25.1&#8243; _module_preset=\u00bbdefault\u00bb global_colors_info=\u00bb{}\u00bb][et_pb_number_counter title=\u00bbHabitatges\u00bb number=\u00bb594&#8243; percent_sign=\u00bboff\u00bb _builder_version=\u00bb4.25.1&#8243; _module_preset=\u00bbdefault\u00bb title_font=\u00bbNunito||||||||\u00bb title_text_color=\u00bb#FFD066&#8243; number_text_color=\u00bb#FFD066&#8243; global_colors_info=\u00bb{}\u00bb][\/et_pb_number_counter][\/et_pb_column][et_pb_column type=\u00bb1_3&#8243; _builder_version=\u00bb4.25.1&#8243; _module_preset=\u00bbdefault\u00bb global_colors_info=\u00bb{}\u00bb][et_pb_number_counter title=\u00bbComunitats de ve\u00efns\/es\u00bb number=\u00bb73&#8243; percent_sign=\u00bboff\u00bb _builder_version=\u00bb4.25.1&#8243; _module_preset=\u00bbdefault\u00bb title_font=\u00bbNunito||||||||\u00bb title_text_color=\u00bb#FFD066&#8243; number_text_color=\u00bb#FFD066&#8243; global_colors_info=\u00bb{}\u00bb][\/et_pb_number_counter][\/et_pb_column][et_pb_column type=\u00bb1_3&#8243; _builder_version=\u00bb4.25.1&#8243; _module_preset=\u00bbdefault\u00bb global_colors_info=\u00bb{}\u00bb][et_pb_number_counter title=\u00bbGrups \u00bb number=\u00bb5&#8243; percent_sign=\u00bboff\u00bb _builder_version=\u00bb4.25.1&#8243; _module_preset=\u00bbdefault\u00bb title_font=\u00bbNunito||||||||\u00bb title_text_color=\u00bb#FFD066&#8243; number_text_color=\u00bb#FFD066&#8243; global_colors_info=\u00bb{}\u00bb][\/et_pb_number_counter][\/et_pb_column][\/et_pb_row][\/et_pb_section][et_pb_section fb_built=\u00bb1&#8243; _builder_version=\u00bb4.25.1&#8243; _module_preset=\u00bbdefault\u00bb global_colors_info=\u00bb{}\u00bb][et_pb_row _builder_version=\u00bb4.25.1&#8243; _module_preset=\u00bbdefault\u00bb global_colors_info=\u00bb{}\u00bb][et_pb_column type=\u00bb4_4&#8243; _builder_version=\u00bb4.25.1&#8243; _module_preset=\u00bbdefault\u00bb global_colors_info=\u00bb{}\u00bb][et_pb_text _builder_version=\u00bb4.25.1&#8243; _module_preset=\u00bbdefault\u00bb header_2_font=\u00bbNunito||||||||\u00bb header_2_text_color=\u00bb#1189B1&#8243; header_2_font_size=\u00bb30px\u00bb header_2_line_height=\u00bb1.5em\u00bb global_colors_info=\u00bb{}\u00bb]<\/p>\n<h2><strong>Calendari<\/strong><\/h2>\n<p>[\/et_pb_text][\/et_pb_column][\/et_pb_row][et_pb_row _builder_version=\u00bb4.25.1&#8243; _module_preset=\u00bbdefault\u00bb global_colors_info=\u00bb{}\u00bb][et_pb_column type=\u00bb4_4&#8243; _builder_version=\u00bb4.25.1&#8243; _module_preset=\u00bbdefault\u00bb global_colors_info=\u00bb{}\u00bb][et_pb_image src=\u00bbhttps:\/\/rehabilitemoscastellon.es\/wp-content\/uploads\/2024\/11\/Programa-_horizontal-_va.svg\u00bb title_text=\u00bbPrograma _vertical _va\u00bb show_bottom_space=\u00bboff\u00bb align=\u00bbcenter\u00bb src_tablet=\u00bbhttps:\/\/rehabilitemoscastellon.es\/wp-content\/uploads\/2024\/11\/Programa-_horizontal-_va.svg\u00bb src_phone=\u00bbhttps:\/\/rehabilitemoscastellon.es\/wp-content\/uploads\/2024\/11\/Programa-_vertical-_va.svg\u00bb src_last_edited=\u00bbon|phone\u00bb _builder_version=\u00bb4.25.1&#8243; _module_preset=\u00bbdefault\u00bb global_colors_info=\u00bb{}\u00bb][\/et_pb_image][\/et_pb_column][\/et_pb_row][\/et_pb_section][et_pb_section fb_built=\u00bb1&#8243; module_id=\u00bbdonde\u00bb _builder_version=\u00bb4.25.1&#8243; _module_preset=\u00bbdefault\u00bb global_colors_info=\u00bb{}\u00bb][et_pb_row _builder_version=\u00bb4.25.1&#8243; _module_preset=\u00bbdefault\u00bb global_colors_info=\u00bb{}\u00bb][et_pb_column type=\u00bb4_4&#8243; _builder_version=\u00bb4.25.1&#8243; _module_preset=\u00bbdefault\u00bb global_colors_info=\u00bb{}\u00bb][et_pb_text _builder_version=\u00bb4.25.1&#8243; _module_preset=\u00bbdefault\u00bb header_2_font=\u00bbNunito||||||||\u00bb header_2_text_color=\u00bb#1189B1&#8243; header_2_font_size=\u00bb30px\u00bb header_2_line_height=\u00bb1.5em\u00bb global_colors_info=\u00bb{}\u00bb]<\/p>\n<h2><strong>On estem?<\/strong><\/h2>\n<p>[\/et_pb_text][\/et_pb_column][\/et_pb_row][et_pb_row column_structure=\u00bb1_2,1_2&#8243; _builder_version=\u00bb4.25.1&#8243; _module_preset=\u00bbdefault\u00bb global_colors_info=\u00bb{}\u00bb][et_pb_column type=\u00bb1_2&#8243; _builder_version=\u00bb4.25.1&#8243; _module_preset=\u00bbdefault\u00bb global_colors_info=\u00bb{}\u00bb][et_pb_blurb title=\u00bbSequiol\u00bb image=\u00bbhttps:\/\/rehabilitemoscastellon.es\/wp-content\/uploads\/2024\/05\/Sequiol.svg\u00bb icon_placement=\u00bbleft\u00bb image_icon_width_last_edited=\u00bboff|desktop\u00bb module_id=\u00bbthis\u00bb _builder_version=\u00bb4.25.1&#8243; _module_preset=\u00bbdefault\u00bb header_level=\u00bbh3&#8243; header_font=\u00bb|700|||||||\u00bb header_text_color=\u00bb#EE476F\u00bb header_font_size=\u00bb22px\u00bb custom_css_free_form=\u00bb#this.et_pb_blurb_position_left .et_pb_main_blurb_image{ width: 100px !important;||||}\u00bb custom_css_blurb_image=\u00bbpadding-right: 16px;\u00bb global_colors_info=\u00bb{}\u00bb]<\/p>\n<p><span>Constru\u00efda l&#8217;any 1962, consta de sis blocs lineals separats per vials.<\/span><\/p>\n<p><strong><span style=\"color: #e94870;\">120<\/span> <span>habitatges<\/span><\/strong><\/p>\n<p><strong><span style=\"color: #e94870;\">12<\/span> <span>comunitats de ve\u00efns\/es<\/span><\/strong><\/p>\n<p>[\/et_pb_blurb][\/et_pb_column][et_pb_column type=\u00bb1_2&#8243; _builder_version=\u00bb4.25.1&#8243; _module_preset=\u00bbdefault\u00bb global_colors_info=\u00bb{}\u00bb][et_pb_blurb title=\u00bbMar Mediterr\u00e0nia\u00bb image=\u00bbhttps:\/\/rehabilitemoscastellon.es\/wp-content\/uploads\/2024\/05\/Mar-Mediterraneo.svg\u00bb icon_placement=\u00bbleft\u00bb image_icon_width_last_edited=\u00bboff|desktop\u00bb module_id=\u00bbthis\u00bb _builder_version=\u00bb4.25.1&#8243; _module_preset=\u00bbdefault\u00bb header_level=\u00bbh3&#8243; header_font=\u00bb|700|||||||\u00bb header_text_color=\u00bb#FFD066&#8243; header_font_size=\u00bb22px\u00bb custom_css_blurb_image=\u00bbpadding-right: 16px;\u00bb global_colors_info=\u00bb{}\u00bb]<\/p>\n<p><span data-contrast=\"none\" xml:lang=\"CA-ES\" lang=\"CA-ES\" class=\"TextRun SCXW137406058 BCX4\"><span class=\"NormalTextRun SCXW137406058 BCX4\">Constru\u00eft durant la d\u00e8cada dels 70, consta de sis petits blocs oberts amb urbanitzaci\u00f3 interior.\u00a0<\/span><\/span><span class=\"EOP SCXW137406058 BCX4\" data-ccp-props=\"{&quot;201341983&quot;:0,&quot;335559739&quot;:160,&quot;335559740&quot;:360}\"> <span>Dels sis blocs, en la present actuaci\u00f3 es planteja la intervenci\u00f3 \u00fanicament en dos d&#8217;ells.<\/span><\/span><\/p>\n<p><strong><span style=\"color: #ffd066;\">12<\/span> <span>habitatges<\/span><\/strong><\/p>\n<p><strong><span style=\"color: #ffd066;\">2<\/span> <span class=\"NormalTextRun SCXW53402342 BCX4\">comunitats de ve\u00efns\/<\/span><span class=\"NormalTextRun SCXW53402342 BCX4\">e<\/span><span class=\"NormalTextRun SCXW53402342 BCX4\">s<\/span><\/strong><\/p>\n<p>[\/et_pb_blurb][\/et_pb_column][\/et_pb_row][et_pb_row column_structure=\u00bb1_2,1_2&#8243; _builder_version=\u00bb4.25.1&#8243; _module_preset=\u00bbdefault\u00bb global_colors_info=\u00bb{}\u00bb][et_pb_column type=\u00bb1_2&#8243; _builder_version=\u00bb4.25.1&#8243; _module_preset=\u00bbdefault\u00bb global_colors_info=\u00bb{}\u00bb][et_pb_blurb title=\u00bbJose Antonio\u00bb image=\u00bbhttps:\/\/rehabilitemoscastellon.es\/wp-content\/uploads\/2024\/05\/Jose-Antonio.svg\u00bb icon_placement=\u00bbleft\u00bb image_icon_width_last_edited=\u00bboff|desktop\u00bb module_id=\u00bbthis\u00bb _builder_version=\u00bb4.25.1&#8243; _module_preset=\u00bbdefault\u00bb header_level=\u00bbh3&#8243; header_font=\u00bb|700|||||||\u00bb header_text_color=\u00bb#06D59F\u00bb header_font_size=\u00bb22px\u00bb custom_css_blurb_image=\u00bbpadding-right: 16px;\u00bb global_colors_info=\u00bb{}\u00bb]<\/p>\n<p><span>Constru\u00eft simult\u00e0niament als grups del projecte est\u00e0 format per quatre blocs lineals, es tracta d&#8217;un complex que ocupa una poma amb tipologia de parc verd annexat al parc del port. Dels quatre blocs, en la present actuaci\u00f3 es planteja la intervenci\u00f3 \u00fanicament en tres d&#8217;ells.<\/span><\/p>\n<p><strong><span style=\"color: #06d59f;\">18<\/span> <span>habitatges<\/span><\/strong><\/p>\n<p><strong><span style=\"color: #06d59f;\">3<\/span> <span class=\"NormalTextRun SCXW20585438 BCX4\">comunitats de ve\u00efns\/<\/span><span class=\"NormalTextRun SCXW20585438 BCX4\">e<\/span><span class=\"NormalTextRun SCXW20585438 BCX4\">s<\/span><\/strong><\/p>\n<p>[\/et_pb_blurb][\/et_pb_column][et_pb_column type=\u00bb1_2&#8243; _builder_version=\u00bb4.25.1&#8243; _module_preset=\u00bbdefault\u00bb global_colors_info=\u00bb{}\u00bb][et_pb_blurb title=\u00bbRamiro Ledesma\u00bb image=\u00bbhttps:\/\/rehabilitemoscastellon.es\/wp-content\/uploads\/2024\/05\/Ramiro-Ledesma.svg\u00bb icon_placement=\u00bbleft\u00bb image_icon_width_last_edited=\u00bboff|desktop\u00bb module_id=\u00bbthis\u00bb _builder_version=\u00bb4.25.1&#8243; _module_preset=\u00bbdefault\u00bb header_level=\u00bbh3&#8243; header_font=\u00bb|700|||||||\u00bb header_text_color=\u00bb#1189B1&#8243; header_font_size=\u00bb22px\u00bb custom_css_blurb_image=\u00bbpadding-right: 16px;\u00bb global_colors_info=\u00bb{}\u00bb]<\/p>\n<p><span data-contrast=\"none\" xml:lang=\"CA-ES\" lang=\"CA-ES\" class=\"TextRun SCXW77030101 BCX4\"><span class=\"NormalTextRun SCXW77030101 BCX4\">Aquest grup edificat durant la d\u00e8cada dels anys 60 \u00e9s confrontant al grup 25 de novembre. Consisteix en una edificaci\u00f3 de tipologia de poma tancada, amb un jard\u00ed interior de grans dimensions.<\/span><\/span><\/p>\n<p><strong><span style=\"color: #1189b1;\">128<\/span> <span>habitatges<\/span><\/strong><\/p>\n<p><strong><span style=\"color: #1189b1;\">16<\/span> <span class=\"NormalTextRun SCXW222850475 BCX4\"> comunitats de ve\u00efns\/<\/span><span class=\"NormalTextRun SCXW222850475 BCX4\">e<\/span><span class=\"NormalTextRun SCXW222850475 BCX4\">s<\/span><\/strong><\/p>\n<p>[\/et_pb_blurb][\/et_pb_column][\/et_pb_row][et_pb_row column_structure=\u00bb1_2,1_2&#8243; _builder_version=\u00bb4.25.1&#8243; _module_preset=\u00bbdefault\u00bb global_colors_info=\u00bb{}\u00bb][et_pb_column type=\u00bb1_2&#8243; _builder_version=\u00bb4.25.1&#8243; _module_preset=\u00bbdefault\u00bb global_colors_info=\u00bb{}\u00bb][et_pb_blurb title=\u00bb25 de noviembre\u00bb image=\u00bbhttps:\/\/rehabilitemoscastellon.es\/wp-content\/uploads\/2024\/05\/25-de-noviembre.svg\u00bb icon_placement=\u00bbleft\u00bb image_icon_width_last_edited=\u00bboff|desktop\u00bb module_id=\u00bbthis\u00bb _builder_version=\u00bb4.25.1&#8243; _module_preset=\u00bbdefault\u00bb header_level=\u00bbh3&#8243; header_font=\u00bb|700|||||||\u00bb header_text_color=\u00bb#053A4B\u00bb header_font_size=\u00bb22px\u00bb custom_css_blurb_image=\u00bbpadding-right: 16px;\u00bb global_colors_info=\u00bb{}\u00bb]<\/p>\n<p><span class=\"NormalTextRun SCXW256719452 BCX4\">Conegut com a grup <\/span><span class=\"NormalTextRun SpellingErrorV2Themed SCXW256719452 BCX4\">Rafalafena<\/span><span class=\"NormalTextRun SCXW256719452 BCX4\">, es compon d&#8217;edificacions de l&#8217;any 1976; T\u00e9 una tipologia d&#8217;edificaci\u00f3 oberta de petites dimensions, amb una ordenaci\u00f3 urbana tipus ciutat jard\u00ed amb espais lliures entre blocs.<\/span><\/p>\n<p><strong><span style=\"color: #053a4b;\">312<\/span> <span>habitatges<\/span><\/strong><\/p>\n<p><strong><span style=\"color: #053a4b;\">40<\/span> <span class=\"NormalTextRun SCXW77392543 BCX4\">comunitats de ve\u00efns\/<\/span><span class=\"NormalTextRun SCXW77392543 BCX4\">e<\/span><span class=\"NormalTextRun SCXW77392543 BCX4\">s<\/span><\/strong><\/p>\n<p>[\/et_pb_blurb][\/et_pb_column][et_pb_column type=\u00bb1_2&#8243; _builder_version=\u00bb4.25.1&#8243; _module_preset=\u00bbdefault\u00bb global_colors_info=\u00bb{}\u00bb][\/et_pb_column][\/et_pb_row][\/et_pb_section][et_pb_section fb_built=\u00bb1&#8243; fullwidth=\u00bbon\u00bb _builder_version=\u00bb4.25.1&#8243; _module_preset=\u00bbdefault\u00bb global_colors_info=\u00bb{}\u00bb][et_pb_fullwidth_code _builder_version=\u00bb4.25.1&#8243; _module_preset=\u00bbdefault\u00bb global_colors_info=\u00bb{}\u00bb]<iframe loading=\"lazy\" src=\"https:\/\/www.google.com\/maps\/d\/embed?mid=1_nuZJWXDV65KtCmH0SL4JIaiFhRjLpg&#038;hl=es&#038;ehbc=2E312F\" width=\"100%\" height=\"520\"><\/iframe>[\/et_pb_fullwidth_code][\/et_pb_section][et_pb_section fb_built=\u00bb1&#8243; module_id=\u00bbformacio\u00bb _builder_version=\u00bb4.25.1&#8243; _module_preset=\u00bbdefault\u00bb global_colors_info=\u00bb{}\u00bb][et_pb_row _builder_version=\u00bb4.25.1&#8243; _module_preset=\u00bbdefault\u00bb global_colors_info=\u00bb{}\u00bb][et_pb_column type=\u00bb4_4&#8243; _builder_version=\u00bb4.25.1&#8243; _module_preset=\u00bbdefault\u00bb global_colors_info=\u00bb{}\u00bb][et_pb_text _builder_version=\u00bb4.25.1&#8243; _module_preset=\u00bbdefault\u00bb header_2_font=\u00bbNunito||||||||\u00bb header_2_text_color=\u00bb#1189B1&#8243; header_2_font_size=\u00bb30px\u00bb header_2_line_height=\u00bb1.5em\u00bb global_colors_info=\u00bb{}\u00bb]<\/p>\n<h2><strong>Participaci\u00f3\u00a0i sensibilitzaci\u00f3 <\/strong><\/h2>\n<p>[\/et_pb_text][\/et_pb_column][\/et_pb_row][et_pb_row _builder_version=\u00bb4.25.1&#8243; _module_preset=\u00bbdefault\u00bb global_colors_info=\u00bb{}\u00bb][et_pb_column type=\u00bb4_4&#8243; _builder_version=\u00bb4.25.1&#8243; _module_preset=\u00bbdefault\u00bb global_colors_info=\u00bb{}\u00bb][et_pb_image src=\u00bbhttps:\/\/rehabilitemoscastellon.es\/wp-content\/uploads\/2024\/06\/Participacion_val.png\u00bb title_text=\u00bbParticipacio\u0301n_val\u00bb url=\u00bb@ET-DC@eyJkeW5hbWljIjp0cnVlLCJjb250ZW50IjoicG9zdF9saW5rX3VybF9hdHRhY2htZW50Iiwic2V0dGluZ3MiOnsicG9zdF9pZCI6IjIzNSJ9fQ==@\u00bb url_new_window=\u00bbon\u00bb _builder_version=\u00bb4.25.1&#8243; _dynamic_attributes=\u00bburl\u00bb _module_preset=\u00bbdefault\u00bb max_width=\u00bb50%\u00bb module_alignment=\u00bbcenter\u00bb global_colors_info=\u00bb{}\u00bb][\/et_pb_image][\/et_pb_column][\/et_pb_row][\/et_pb_section][et_pb_section fb_built=\u00bb1&#8243; module_id=\u00bbnoticies\u00bb _builder_version=\u00bb4.25.1&#8243; _module_preset=\u00bbdefault\u00bb global_colors_info=\u00bb{}\u00bb][et_pb_row _builder_version=\u00bb4.25.1&#8243; _module_preset=\u00bbdefault\u00bb global_colors_info=\u00bb{}\u00bb][et_pb_column type=\u00bb4_4&#8243; _builder_version=\u00bb4.25.1&#8243; _module_preset=\u00bbdefault\u00bb global_colors_info=\u00bb{}\u00bb][et_pb_text _builder_version=\u00bb4.25.1&#8243; _module_preset=\u00bbdefault\u00bb header_2_font=\u00bbNunito||||||||\u00bb header_2_text_color=\u00bb#1189B1&#8243; header_2_font_size=\u00bb30px\u00bb header_2_line_height=\u00bb1.5em\u00bb global_colors_info=\u00bb{}\u00bb]<\/p>\n<h2><strong>Not\u00edcies<\/strong><\/h2>\n<p>[\/et_pb_text][\/et_pb_column][\/et_pb_row][et_pb_row _builder_version=\u00bb4.25.1&#8243; _module_preset=\u00bbdefault\u00bb global_colors_info=\u00bb{}\u00bb][et_pb_column type=\u00bb4_4&#8243; _builder_version=\u00bb4.25.1&#8243; _module_preset=\u00bbdefault\u00bb global_colors_info=\u00bb{}\u00bb][et_pb_blog fullwidth=\u00bboff\u00bb include_categories=\u00bb21&#8243; show_author=\u00bboff\u00bb show_categories=\u00bboff\u00bb show_excerpt=\u00bboff\u00bb show_pagination=\u00bboff\u00bb use_overlay=\u00bbon\u00bb overlay_icon_color=\u00bb#1189B1&#8243; hover_overlay_color=\u00bbrgba(255,208,102,0.75)\u00bb masonry_tile_background_color=\u00bb#1189B1&#8243; _builder_version=\u00bb4.25.1&#8243; _module_preset=\u00bbdefault\u00bb header_level=\u00bbh3&#8243; header_font=\u00bb|&#8211;et_global_heading_font_weight|||||||\u00bb header_text_color=\u00bb#FFD066&#8243; meta_text_color=\u00bb#FFD066&#8243; border_width_all=\u00bb0px\u00bb global_colors_info=\u00bb{}\u00bb][\/et_pb_blog][\/et_pb_column][\/et_pb_row][\/et_pb_section]<\/p>\n","protected":false},"excerpt":{"rendered":"<p>Al barri,rehabilitem! Millorem vivendes,edificis i barrisAl barri,rehabilitem! Millorem vivendes,edificis i barris\u00bfQu\u00e8 \u00e9s Rehabilitem Castell\u00f3?\u00bbRehabilitem Castell\u00f3\u00bb \u00e9s un projecte de l&#8217;Ajuntament de Castell\u00f3, que busca transformar la nostra ciutat i millorar la qualitat de vida de la ciutadania mitjan\u00e7ant la rehabilitaci\u00f3 d&#8217;edificis, la millora de l&#8217;efici\u00e8ncia energ\u00e8tica i la participaci\u00f3 ve\u00efnal. Finan\u00e7at pels Fons Next Generation [&hellip;]<\/p>\n","protected":false},"author":1,"featured_media":0,"parent":0,"menu_order":0,"comment_status":"closed","ping_status":"closed","template":"","meta":{"_et_pb_use_builder":"on","_et_pb_old_content":"","_et_gb_content_width":"","footnotes":""},"class_list":["post-152","page","type-page","status-publish","hentry"],"yoast_head":"<!-- This site is optimized with the Yoast SEO plugin v22.7 - https:\/\/yoast.com\/wordpress\/plugins\/seo\/ -->\n<title>Rehabilitem Castell\u00f3 - Valenci\u00e0 - Rehabilitemos Castell&oacute;n<\/title>\n<meta name=\"robots\" content=\"index, follow, max-snippet:-1, max-image-preview:large, max-video-preview:-1\" \/>\n<link rel=\"canonical\" href=\"https:\/\/rehabilitemoscastellon.es\/index.php\/ca\/rehabilitem-castello-valencia\/\" \/>\n<meta property=\"og:locale\" content=\"es_ES\" \/>\n<meta property=\"og:type\" content=\"article\" \/>\n<meta property=\"og:title\" content=\"Rehabilitem Castell\u00f3 - Valenci\u00e0 - Rehabilitemos Castell&oacute;n\" \/>\n<meta property=\"og:description\" content=\"Al barri,rehabilitem! Millorem vivendes,edificis i barrisAl barri,rehabilitem! Millorem vivendes,edificis i barris\u00bfQu\u00e8 \u00e9s Rehabilitem Castell\u00f3?&quot;Rehabilitem Castell\u00f3&quot; \u00e9s un projecte de l&#039;Ajuntament de Castell\u00f3, que busca transformar la nostra ciutat i millorar la qualitat de vida de la ciutadania mitjan\u00e7ant la rehabilitaci\u00f3 d&#039;edificis, la millora de l&#039;efici\u00e8ncia energ\u00e8tica i la participaci\u00f3 ve\u00efnal. Finan\u00e7at pels Fons Next Generation [&hellip;]\" \/>\n<meta property=\"og:url\" content=\"https:\/\/rehabilitemoscastellon.es\/index.php\/ca\/rehabilitem-castello-valencia\/\" \/>\n<meta property=\"og:site_name\" content=\"Rehabilitemos Castell&oacute;n\" \/>\n<meta property=\"article:modified_time\" content=\"2025-09-30T11:20:53+00:00\" \/>\n<meta name=\"twitter:card\" content=\"summary_large_image\" \/>\n<meta name=\"twitter:label1\" content=\"Tiempo de lectura\" \/>\n\t<meta name=\"twitter:data1\" content=\"13 minutos\" \/>\n<script type=\"application\/ld+json\" class=\"yoast-schema-graph\">{\"@context\":\"https:\/\/schema.org\",\"@graph\":[{\"@type\":\"WebPage\",\"@id\":\"https:\/\/rehabilitemoscastellon.es\/index.php\/ca\/rehabilitem-castello-valencia\/\",\"url\":\"https:\/\/rehabilitemoscastellon.es\/index.php\/ca\/rehabilitem-castello-valencia\/\",\"name\":\"Rehabilitem Castell\u00f3 - Valenci\u00e0 - Rehabilitemos Castell&oacute;n\",\"isPartOf\":{\"@id\":\"https:\/\/rehabilitemoscastellon.es\/#website\"},\"datePublished\":\"2024-05-23T09:23:27+00:00\",\"dateModified\":\"2025-09-30T11:20:53+00:00\",\"breadcrumb\":{\"@id\":\"https:\/\/rehabilitemoscastellon.es\/index.php\/ca\/rehabilitem-castello-valencia\/#breadcrumb\"},\"inLanguage\":\"es\",\"potentialAction\":[{\"@type\":\"ReadAction\",\"target\":[\"https:\/\/rehabilitemoscastellon.es\/index.php\/ca\/rehabilitem-castello-valencia\/\"]}]},{\"@type\":\"BreadcrumbList\",\"@id\":\"https:\/\/rehabilitemoscastellon.es\/index.php\/ca\/rehabilitem-castello-valencia\/#breadcrumb\",\"itemListElement\":[{\"@type\":\"ListItem\",\"position\":1,\"name\":\"Portada\",\"item\":\"https:\/\/rehabilitemoscastellon.es\/\"},{\"@type\":\"ListItem\",\"position\":2,\"name\":\"Rehabilitem Castell\u00f3 &#8211; Valenci\u00e0\"}]},{\"@type\":\"WebSite\",\"@id\":\"https:\/\/rehabilitemoscastellon.es\/#website\",\"url\":\"https:\/\/rehabilitemoscastellon.es\/\",\"name\":\"Rehabilitemos Castell\u00f3n\",\"description\":\"Mejoramos vivienda, edificios y barrios\",\"publisher\":{\"@id\":\"https:\/\/rehabilitemoscastellon.es\/#organization\"},\"potentialAction\":[{\"@type\":\"SearchAction\",\"target\":{\"@type\":\"EntryPoint\",\"urlTemplate\":\"https:\/\/rehabilitemoscastellon.es\/?s={search_term_string}\"},\"query-input\":\"required name=search_term_string\"}],\"inLanguage\":\"es\"},{\"@type\":\"Organization\",\"@id\":\"https:\/\/rehabilitemoscastellon.es\/#organization\",\"name\":\"Rehabilitemos Castell\u00f3n\",\"url\":\"https:\/\/rehabilitemoscastellon.es\/\",\"logo\":{\"@type\":\"ImageObject\",\"inLanguage\":\"es\",\"@id\":\"https:\/\/rehabilitemoscastellon.es\/#\/schema\/logo\/image\/\",\"url\":\"http:\/\/rehabilitemoscastellon.es\/wp-content\/uploads\/2024\/05\/logotipo_color.png\",\"contentUrl\":\"http:\/\/rehabilitemoscastellon.es\/wp-content\/uploads\/2024\/05\/logotipo_color.png\",\"width\":2730,\"height\":1174,\"caption\":\"Rehabilitemos Castell\u00f3n\"},\"image\":{\"@id\":\"https:\/\/rehabilitemoscastellon.es\/#\/schema\/logo\/image\/\"}}]}<\/script>\n<!-- \/ Yoast SEO plugin. -->","yoast_head_json":{"title":"Rehabilitem Castell\u00f3 - Valenci\u00e0 - Rehabilitemos Castell&oacute;n","robots":{"index":"index","follow":"follow","max-snippet":"max-snippet:-1","max-image-preview":"max-image-preview:large","max-video-preview":"max-video-preview:-1"},"canonical":"https:\/\/rehabilitemoscastellon.es\/index.php\/ca\/rehabilitem-castello-valencia\/","og_locale":"es_ES","og_type":"article","og_title":"Rehabilitem Castell\u00f3 - Valenci\u00e0 - Rehabilitemos Castell&oacute;n","og_description":"Al barri,rehabilitem! Millorem vivendes,edificis i barrisAl barri,rehabilitem! Millorem vivendes,edificis i barris\u00bfQu\u00e8 \u00e9s Rehabilitem Castell\u00f3?\"Rehabilitem Castell\u00f3\" \u00e9s un projecte de l'Ajuntament de Castell\u00f3, que busca transformar la nostra ciutat i millorar la qualitat de vida de la ciutadania mitjan\u00e7ant la rehabilitaci\u00f3 d'edificis, la millora de l'efici\u00e8ncia energ\u00e8tica i la participaci\u00f3 ve\u00efnal. Finan\u00e7at pels Fons Next Generation [&hellip;]","og_url":"https:\/\/rehabilitemoscastellon.es\/index.php\/ca\/rehabilitem-castello-valencia\/","og_site_name":"Rehabilitemos Castell&oacute;n","article_modified_time":"2025-09-30T11:20:53+00:00","twitter_card":"summary_large_image","twitter_misc":{"Tiempo de lectura":"13 minutos"},"schema":{"@context":"https:\/\/schema.org","@graph":[{"@type":"WebPage","@id":"https:\/\/rehabilitemoscastellon.es\/index.php\/ca\/rehabilitem-castello-valencia\/","url":"https:\/\/rehabilitemoscastellon.es\/index.php\/ca\/rehabilitem-castello-valencia\/","name":"Rehabilitem Castell\u00f3 - Valenci\u00e0 - Rehabilitemos Castell&oacute;n","isPartOf":{"@id":"https:\/\/rehabilitemoscastellon.es\/#website"},"datePublished":"2024-05-23T09:23:27+00:00","dateModified":"2025-09-30T11:20:53+00:00","breadcrumb":{"@id":"https:\/\/rehabilitemoscastellon.es\/index.php\/ca\/rehabilitem-castello-valencia\/#breadcrumb"},"inLanguage":"es","potentialAction":[{"@type":"ReadAction","target":["https:\/\/rehabilitemoscastellon.es\/index.php\/ca\/rehabilitem-castello-valencia\/"]}]},{"@type":"BreadcrumbList","@id":"https:\/\/rehabilitemoscastellon.es\/index.php\/ca\/rehabilitem-castello-valencia\/#breadcrumb","itemListElement":[{"@type":"ListItem","position":1,"name":"Portada","item":"https:\/\/rehabilitemoscastellon.es\/"},{"@type":"ListItem","position":2,"name":"Rehabilitem Castell\u00f3 &#8211; Valenci\u00e0"}]},{"@type":"WebSite","@id":"https:\/\/rehabilitemoscastellon.es\/#website","url":"https:\/\/rehabilitemoscastellon.es\/","name":"Rehabilitemos Castell\u00f3n","description":"Mejoramos vivienda, edificios y barrios","publisher":{"@id":"https:\/\/rehabilitemoscastellon.es\/#organization"},"potentialAction":[{"@type":"SearchAction","target":{"@type":"EntryPoint","urlTemplate":"https:\/\/rehabilitemoscastellon.es\/?s={search_term_string}"},"query-input":"required name=search_term_string"}],"inLanguage":"es"},{"@type":"Organization","@id":"https:\/\/rehabilitemoscastellon.es\/#organization","name":"Rehabilitemos Castell\u00f3n","url":"https:\/\/rehabilitemoscastellon.es\/","logo":{"@type":"ImageObject","inLanguage":"es","@id":"https:\/\/rehabilitemoscastellon.es\/#\/schema\/logo\/image\/","url":"http:\/\/rehabilitemoscastellon.es\/wp-content\/uploads\/2024\/05\/logotipo_color.png","contentUrl":"http:\/\/rehabilitemoscastellon.es\/wp-content\/uploads\/2024\/05\/logotipo_color.png","width":2730,"height":1174,"caption":"Rehabilitemos Castell\u00f3n"},"image":{"@id":"https:\/\/rehabilitemoscastellon.es\/#\/schema\/logo\/image\/"}}]}},"_links":{"self":[{"href":"https:\/\/rehabilitemoscastellon.es\/index.php\/wp-json\/wp\/v2\/pages\/152","targetHints":{"allow":["GET"]}}],"collection":[{"href":"https:\/\/rehabilitemoscastellon.es\/index.php\/wp-json\/wp\/v2\/pages"}],"about":[{"href":"https:\/\/rehabilitemoscastellon.es\/index.php\/wp-json\/wp\/v2\/types\/page"}],"author":[{"embeddable":true,"href":"https:\/\/rehabilitemoscastellon.es\/index.php\/wp-json\/wp\/v2\/users\/1"}],"replies":[{"embeddable":true,"href":"https:\/\/rehabilitemoscastellon.es\/index.php\/wp-json\/wp\/v2\/comments?post=152"}],"version-history":[{"count":17,"href":"https:\/\/rehabilitemoscastellon.es\/index.php\/wp-json\/wp\/v2\/pages\/152\/revisions"}],"predecessor-version":[{"id":478,"href":"https:\/\/rehabilitemoscastellon.es\/index.php\/wp-json\/wp\/v2\/pages\/152\/revisions\/478"}],"wp:attachment":[{"href":"https:\/\/rehabilitemoscastellon.es\/index.php\/wp-json\/wp\/v2\/media?parent=152"}],"curies":[{"name":"wp","href":"https:\/\/api.w.org\/{rel}","templated":true}]}}