{"version":"1.0","provider_name":"Rehabilitemos Castell&oacute;n","provider_url":"https:\/\/rehabilitemoscastellon.es","author_name":"Teresa","author_url":"https:\/\/rehabilitemoscastellon.es\/index.php\/author\/teresa\/","title":"\ud83e\udd1d Podem ajudar-te? Estem ac\u00ed per a tu - Rehabilitemos Castell&oacute;n","type":"rich","width":600,"height":338,"html":"<blockquote class=\"wp-embedded-content\" data-secret=\"1lzC5nj5dT\"><a href=\"https:\/\/rehabilitemoscastellon.es\/index.php\/ca\/2025\/09\/29\/podem-ajudar-te-estem-aci-per-a-tu\/\">\ud83e\udd1d Podem ajudar-te? Estem ac\u00ed per a tu<\/a><\/blockquote><iframe sandbox=\"allow-scripts\" security=\"restricted\" src=\"https:\/\/rehabilitemoscastellon.es\/index.php\/ca\/2025\/09\/29\/podem-ajudar-te-estem-aci-per-a-tu\/embed\/#?secret=1lzC5nj5dT\" width=\"600\" height=\"338\" title=\"\u00ab\ud83e\udd1d Podem ajudar-te? Estem ac\u00ed per a tu\u00bb \u2014 Rehabilitemos Castell&oacute;n\" data-secret=\"1lzC5nj5dT\" frameborder=\"0\" marginwidth=\"0\" marginheight=\"0\" scrolling=\"no\" class=\"wp-embedded-content\"><\/iframe><script type=\"text\/javascript\">\n\/* <![CDATA[ *\/\n\/*! This file is auto-generated *\/\n!function(d,l){\"use strict\";l.querySelector&&d.addEventListener&&\"undefined\"!=typeof URL&&(d.wp=d.wp||{},d.wp.receiveEmbedMessage||(d.wp.receiveEmbedMessage=function(e){var t=e.data;if((t||t.secret||t.message||t.value)&&!\/[^a-zA-Z0-9]\/.test(t.secret)){for(var s,r,n,a=l.querySelectorAll('iframe[data-secret=\"'+t.secret+'\"]'),o=l.querySelectorAll('blockquote[data-secret=\"'+t.secret+'\"]'),c=new RegExp(\"^https?:$\",\"i\"),i=0;i<o.length;i++)o[i].style.display=\"none\";for(i=0;i<a.length;i++)s=a[i],e.source===s.contentWindow&&(s.removeAttribute(\"style\"),\"height\"===t.message?(1e3<(r=parseInt(t.value,10))?r=1e3:~~r<200&&(r=200),s.height=r):\"link\"===t.message&&(r=new URL(s.getAttribute(\"src\")),n=new URL(t.value),c.test(n.protocol))&&n.host===r.host&&l.activeElement===s&&(d.top.location.href=t.value))}},d.addEventListener(\"message\",d.wp.receiveEmbedMessage,!1),l.addEventListener(\"DOMContentLoaded\",function(){for(var e,t,s=l.querySelectorAll(\"iframe.wp-embedded-content\"),r=0;r<s.length;r++)(t=(e=s[r]).getAttribute(\"data-secret\"))||(t=Math.random().toString(36).substring(2,12),e.src+=\"#?secret=\"+t,e.setAttribute(\"data-secret\",t)),e.contentWindow.postMessage({message:\"ready\",secret:t},\"*\")},!1)))}(window,document);\n\/\/# sourceURL=https:\/\/rehabilitemoscastellon.es\/wp-includes\/js\/wp-embed.min.js\n\/* ]]> *\/\n<\/script>\n","thumbnail_url":"https:\/\/rehabilitemoscastellon.es\/wp-content\/uploads\/2025\/09\/ChatGPT-Image-29-sept-2025-09_35_36.png","thumbnail_width":1024,"thumbnail_height":1024,"description":"Volem que els ve\u00efns tinguen tota la informaci\u00f3 a l\u2019alcan\u00e7. Per aix\u00f2, la nostra Oficina T\u00e8cnica est\u00e0 oberta per orientar-te, resoldre dubtes i acompanyar-te en este proc\u00e9s de rehabilitaci\u00f3. \ud83d\udccd Castell\u00f3 \u2013 c\/ Teneries, 4 Dilluns i dimarts: 10:00-14:00 i 15:00-17:00Dimecres i divendres: 10:00-14:00\ud83d\udccd El Grau de Castell\u00f3 \u2013 c\/ Trafalgar, 13 baix Dijous: 10:00-14:00 [&hellip;]"}