{"version":"1.0","provider_name":"Rehabilitemos Castell&oacute;n","provider_url":"https:\/\/rehabilitemoscastellon.es","author_name":"Mireia","author_url":"https:\/\/rehabilitemoscastellon.es\/index.php\/author\/mireia\/","title":"Inauguramem l\u2019Oficina T\u00e8cnica! - Rehabilitemos Castell&oacute;n","type":"rich","width":600,"height":338,"html":"<blockquote class=\"wp-embedded-content\" data-secret=\"4OMjdkJVHQ\"><a href=\"https:\/\/rehabilitemoscastellon.es\/index.php\/ca\/2024\/06\/24\/inauguramem-loficina-tecnica\/\">Inauguramem l\u2019Oficina T\u00e8cnica!<\/a><\/blockquote><iframe sandbox=\"allow-scripts\" security=\"restricted\" src=\"https:\/\/rehabilitemoscastellon.es\/index.php\/ca\/2024\/06\/24\/inauguramem-loficina-tecnica\/embed\/#?secret=4OMjdkJVHQ\" width=\"600\" height=\"338\" title=\"\u00abInauguramem l\u2019Oficina T\u00e8cnica!\u00bb \u2014 Rehabilitemos Castell&oacute;n\" data-secret=\"4OMjdkJVHQ\" frameborder=\"0\" marginwidth=\"0\" marginheight=\"0\" scrolling=\"no\" class=\"wp-embedded-content\"><\/iframe><script type=\"text\/javascript\">\n\/* <![CDATA[ *\/\n\/*! This file is auto-generated *\/\n!function(d,l){\"use strict\";l.querySelector&&d.addEventListener&&\"undefined\"!=typeof URL&&(d.wp=d.wp||{},d.wp.receiveEmbedMessage||(d.wp.receiveEmbedMessage=function(e){var t=e.data;if((t||t.secret||t.message||t.value)&&!\/[^a-zA-Z0-9]\/.test(t.secret)){for(var s,r,n,a=l.querySelectorAll('iframe[data-secret=\"'+t.secret+'\"]'),o=l.querySelectorAll('blockquote[data-secret=\"'+t.secret+'\"]'),c=new RegExp(\"^https?:$\",\"i\"),i=0;i<o.length;i++)o[i].style.display=\"none\";for(i=0;i<a.length;i++)s=a[i],e.source===s.contentWindow&&(s.removeAttribute(\"style\"),\"height\"===t.message?(1e3<(r=parseInt(t.value,10))?r=1e3:~~r<200&&(r=200),s.height=r):\"link\"===t.message&&(r=new URL(s.getAttribute(\"src\")),n=new URL(t.value),c.test(n.protocol))&&n.host===r.host&&l.activeElement===s&&(d.top.location.href=t.value))}},d.addEventListener(\"message\",d.wp.receiveEmbedMessage,!1),l.addEventListener(\"DOMContentLoaded\",function(){for(var e,t,s=l.querySelectorAll(\"iframe.wp-embedded-content\"),r=0;r<s.length;r++)(t=(e=s[r]).getAttribute(\"data-secret\"))||(t=Math.random().toString(36).substring(2,12),e.src+=\"#?secret=\"+t,e.setAttribute(\"data-secret\",t)),e.contentWindow.postMessage({message:\"ready\",secret:t},\"*\")},!1)))}(window,document);\n\/\/# sourceURL=https:\/\/rehabilitemoscastellon.es\/wp-includes\/js\/wp-embed.min.js\n\/* ]]> *\/\n<\/script>\n","thumbnail_url":"https:\/\/rehabilitemoscastellon.es\/wp-content\/uploads\/2024\/06\/IMAGEN4.jpg","thumbnail_width":2000,"thumbnail_height":1500,"description":"Des de l&#8217;Ajuntament de Castell\u00f3 de la Plana, posem en marxa la nostra Oficina T\u00e8cnica de Gesti\u00f3 de Rehabilitaci\u00f3 de Barris, localitzada al carrer de les Adoberies, 4 de la nostra ciutat. En ella, exercirem un paper fonamental en atendre directament la ciutadania implicada en el projecte de rehabilitaci\u00f3 de barris dels grups 25 de [&hellip;]"}